{"id":15289,"date":"2021-05-06T14:18:25","date_gmt":"2021-05-06T13:18:25","guid":{"rendered":"https:\/\/www.fld-lille.fr\/?page_id=15289"},"modified":"2022-10-04T15:03:27","modified_gmt":"2022-10-04T14:03:27","slug":"events","status":"publish","type":"page","link":"https:\/\/www.fld-lille.fr\/en\/events\/","title":{"rendered":"News &#038; Events"},"content":{"rendered":"<div class=\"wpb-content-wrapper\"><p>[vc_row][vc_column][vc_column_text]<\/p>\n<h2>Latest news &amp; Events<\/h2>\n<p>[\/vc_column_text][\/vc_column][\/vc_row][vc_row][vc_column]  <div class=\"vc_row events-list\">\n  \t  <\/div>\n[\/vc_column][\/vc_row][vc_row][vc_column]<div class=\"inouit-posts-list vc_row\">\n\t\t\t<div class=\"vc_col-sm-4\">\n\t\t\t<div class=\"inouit-posts-list-post\">\n\t\t\t\t\t\t\t\t\t<a class=\"inouit-posts-list-img-link\" href=\"https:\/\/www.fld-lille.fr\/en\/our-students-in-international-immersion-in-athens\/\" title=\"Our students in international immersion in Athens\"><img decoding=\"async\" src=\"https:\/\/www.fld-lille.fr\/wp-content\/uploads\/2026\/04\/ACTUS-SITE-FLD-2026-04-27T112354.614-375x198-c-1.png\" alt=\"\"><\/a>\n\t\t\t\t\t\t\t\t<p class=\"inouit-posts-list-categories\">\n\t\t\t\t\t\t\t\t\t\t\t\t\t\t\t\t\t\t<span class=\"inouit-posts-list-category-link\" href=\"https:\/\/www.fld-lille.fr\/en\/category\/international-en\/\">International<\/span>\n\t\t\t\t\t\t\t\t\t\t\t\t\t\t\t\t\t\t\t\t\t\t<\/p>\n\t\t\t\t<h3 class=\"inouit-posts-list-title\">\n\t\t\t\t\t<a class=\"inouit-posts-list-title-link\" href=\"https:\/\/www.fld-lille.fr\/en\/our-students-in-international-immersion-in-athens\/\" title=\"Our students in international immersion in Athens\">Our students in international immersion in Athens<\/a>\n\t\t\t\t<\/h3>\n\t\t\t\t<p class=\"inouit-posts-list-excerpt\">On 23 and 24 April 2026, several students from the Master\u2019s 2 programme in&hellip;<\/p>\n\t\t\t<\/div>\n\t\t<\/div>\n\t\t\t\t\t<div class=\"vc_col-sm-4\">\n\t\t\t<div class=\"inouit-posts-list-post\">\n\t\t\t\t\t\t\t\t\t<a class=\"inouit-posts-list-img-link\" href=\"https:\/\/www.fld-lille.fr\/en\/at-the-heart-of-our-masters-programmes-5\/\" title=\"At the heart of our Master\u2019s programmes\"><img decoding=\"async\" src=\"https:\/\/www.fld-lille.fr\/wp-content\/uploads\/2026\/04\/ACTUS-SITE-FLD-2026-04-21T154238.414-375x198-c-1.png\" alt=\"\"><\/a>\n\t\t\t\t\t\t\t\t<p class=\"inouit-posts-list-categories\">\n\t\t\t\t\t\t\t\t\t\t\t\t\t\t\t\t\t\t<span class=\"inouit-posts-list-category-link\" href=\"https:\/\/www.fld-lille.fr\/en\/category\/lille-en\/\">Lille<\/span>\n\t\t\t\t\t\t\t\t\t\t\t\t\t\t\t\t\t\t\t\t\t\t<\/p>\n\t\t\t\t<h3 class=\"inouit-posts-list-title\">\n\t\t\t\t\t<a class=\"inouit-posts-list-title-link\" href=\"https:\/\/www.fld-lille.fr\/en\/at-the-heart-of-our-masters-programmes-5\/\" title=\"At the heart of our Master\u2019s programmes\">At the heart of our Master\u2019s programmes<\/a>\n\t\t\t\t<\/h3>\n\t\t\t\t<p class=\"inouit-posts-list-excerpt\">Master in Childhood and Family Law Conference: &#8220;Women and Violence&#8221; On&hellip;<\/p>\n\t\t\t<\/div>\n\t\t<\/div>\n\t\t\t\t\t<div class=\"vc_col-sm-4\">\n\t\t\t<div class=\"inouit-posts-list-post\">\n\t\t\t\t\t\t\t\t\t<a class=\"inouit-posts-list-img-link\" href=\"https:\/\/www.fld-lille.fr\/en\/the-cellule-fiscale-is-back\/\" title=\"The &#8220;Cellule Fiscale&#8221; is back\"><img decoding=\"async\" src=\"https:\/\/www.fld-lille.fr\/wp-content\/uploads\/2026\/04\/ACTUS-SITE-FLD-2026-04-21T165326.044-375x198-c-1.png\" alt=\"\"><\/a>\n\t\t\t\t\t\t\t\t<p class=\"inouit-posts-list-categories\">\n\t\t\t\t\t\t\t\t\t\t\t\t\t\t\t\t\t\t<span class=\"inouit-posts-list-category-link\" href=\"https:\/\/www.fld-lille.fr\/en\/category\/lille-en\/\">Lille<\/span>\n\t\t\t\t\t\t\t\t\t\t\t\t\t\t\t\/\n\t\t\t\t\t\t\t\t\t\t\t\t\t\t\t\t\t\t\t\t\t\t\t\t\t\t\t\t\t\t\t<span class=\"inouit-posts-list-category-link\" href=\"https:\/\/www.fld-lille.fr\/en\/category\/students\/\">Students<\/span>\n\t\t\t\t\t\t\t\t\t\t\t\t\t\t\t\t\t\t\t\t\t\t<\/p>\n\t\t\t\t<h3 class=\"inouit-posts-list-title\">\n\t\t\t\t\t<a class=\"inouit-posts-list-title-link\" href=\"https:\/\/www.fld-lille.fr\/en\/the-cellule-fiscale-is-back\/\" title=\"The &#8220;Cellule Fiscale&#8221; is back\">The &#8220;Cellule Fiscale&#8221; is back<\/a>\n\t\t\t\t<\/h3>\n\t\t\t\t<p class=\"inouit-posts-list-excerpt\">A free service available to everyone (French speaking) From 20 to 22 May&hellip;<\/p>\n\t\t\t<\/div>\n\t\t<\/div>\n\t\t\t\t\t\t\t\t<div class=\"vc_clearfix\"><\/div>\n\t\t\t\t\t<div class=\"vc_col-sm-4\">\n\t\t\t<div class=\"inouit-posts-list-post\">\n\t\t\t\t\t\t\t\t\t<a class=\"inouit-posts-list-img-link\" href=\"https:\/\/www.fld-lille.fr\/en\/at-the-heart-of-our-masters-programmes-3\/\" title=\"At the heart of our Master\u2019s programmes\"><img decoding=\"async\" src=\"https:\/\/www.fld-lille.fr\/wp-content\/uploads\/2026\/04\/ACTUS-SITE-FLD-2026-04-10T170654.706-375x198-c-1.png\" alt=\"\"><\/a>\n\t\t\t\t\t\t\t\t<p class=\"inouit-posts-list-categories\">\n\t\t\t\t\t\t\t\t\t\t\t\t\t\t\t\t\t\t<span class=\"inouit-posts-list-category-link\" href=\"https:\/\/www.fld-lille.fr\/en\/category\/lille-en\/\">Lille<\/span>\n\t\t\t\t\t\t\t\t\t\t\t\t\t\t\t\t\t\t\t\t\t\t<\/p>\n\t\t\t\t<h3 class=\"inouit-posts-list-title\">\n\t\t\t\t\t<a class=\"inouit-posts-list-title-link\" href=\"https:\/\/www.fld-lille.fr\/en\/at-the-heart-of-our-masters-programmes-3\/\" title=\"At the heart of our Master\u2019s programmes\">At the heart of our Master\u2019s programmes<\/a>\n\t\t\t\t<\/h3>\n\t\t\t\t<p class=\"inouit-posts-list-excerpt\">Master in Health Law and Medical Liability Conference: &#8220;Health put to&hellip;<\/p>\n\t\t\t<\/div>\n\t\t<\/div>\n\t\t\t\t\t<div class=\"vc_col-sm-4\">\n\t\t\t<div class=\"inouit-posts-list-post\">\n\t\t\t\t\t\t\t\t\t<a class=\"inouit-posts-list-img-link\" href=\"https:\/\/www.fld-lille.fr\/en\/a-day-at-the-crossroads-of-law-and-design\/\" title=\"A day at the crossroads of law and design\"><img decoding=\"async\" src=\"https:\/\/www.fld-lille.fr\/wp-content\/uploads\/2026\/04\/ACTUS-SITE-FLD-2026-04-10T160024.011-375x198-c-1.png\" alt=\"\"><\/a>\n\t\t\t\t\t\t\t\t<p class=\"inouit-posts-list-categories\">\n\t\t\t\t\t\t\t\t\t\t\t\t\t\t\t\t\t\t<span class=\"inouit-posts-list-category-link\" href=\"https:\/\/www.fld-lille.fr\/en\/category\/lille-en\/\">Lille<\/span>\n\t\t\t\t\t\t\t\t\t\t\t\t\t\t\t\/\n\t\t\t\t\t\t\t\t\t\t\t\t\t\t\t\t\t\t\t\t\t\t\t\t\t\t\t\t\t\t\t<span class=\"inouit-posts-list-category-link\" href=\"https:\/\/www.fld-lille.fr\/en\/category\/students\/\">Students<\/span>\n\t\t\t\t\t\t\t\t\t\t\t\t\t\t\t\t\t\t\t\t\t\t<\/p>\n\t\t\t\t<h3 class=\"inouit-posts-list-title\">\n\t\t\t\t\t<a class=\"inouit-posts-list-title-link\" href=\"https:\/\/www.fld-lille.fr\/en\/a-day-at-the-crossroads-of-law-and-design\/\" title=\"A day at the crossroads of law and design\">A day at the crossroads of law and design<\/a>\n\t\t\t\t<\/h3>\n\t\t\t\t<p class=\"inouit-posts-list-excerpt\">On Friday 3 April 2026, students from the Master&#8217;s in Practice of Business Law of&hellip;<\/p>\n\t\t\t<\/div>\n\t\t<\/div>\n\t\t\t\t\t<div class=\"vc_col-sm-4\">\n\t\t\t<div class=\"inouit-posts-list-post\">\n\t\t\t\t\t\t\t\t\t<a class=\"inouit-posts-list-img-link\" href=\"https:\/\/www.fld-lille.fr\/en\/at-the-heart-of-our-masters-programmes-4\/\" title=\"At the heart of our Master&#8217;s programmes\"><img decoding=\"async\" src=\"https:\/\/www.fld-lille.fr\/wp-content\/uploads\/2026\/04\/IMG_6611-scaled-375x198-c-1.jpg\" alt=\"\"><\/a>\n\t\t\t\t\t\t\t\t<p class=\"inouit-posts-list-categories\">\n\t\t\t\t\t\t\t\t\t\t\t\t\t\t\t\t\t\t<span class=\"inouit-posts-list-category-link\" href=\"https:\/\/www.fld-lille.fr\/en\/category\/issy-les-moulineaux\/\">Issy-les-Moulineaux<\/span>\n\t\t\t\t\t\t\t\t\t\t\t\t\t\t\t\t\t\t\t\t\t\t<\/p>\n\t\t\t\t<h3 class=\"inouit-posts-list-title\">\n\t\t\t\t\t<a class=\"inouit-posts-list-title-link\" href=\"https:\/\/www.fld-lille.fr\/en\/at-the-heart-of-our-masters-programmes-4\/\" title=\"At the heart of our Master&#8217;s programmes\">At the heart of our Master&#8217;s programmes<\/a>\n\t\t\t\t<\/h3>\n\t\t\t\t<p class=\"inouit-posts-list-excerpt\">Master in Law, Governance &amp; Technology Meeting the key figures in&hellip;<\/p>\n\t\t\t<\/div>\n\t\t<\/div>\n\t\t\t\t\t\t\t\t<div class=\"vc_clearfix\"><\/div>\n\t\t\t\t\t<div class=\"vc_col-sm-4\">\n\t\t\t<div class=\"inouit-posts-list-post\">\n\t\t\t\t\t\t\t\t\t<a class=\"inouit-posts-list-img-link\" href=\"https:\/\/www.fld-lille.fr\/en\/when-law-takes-to-the-stage\/\" title=\"When law takes to the stage\"><img decoding=\"async\" src=\"https:\/\/www.fld-lille.fr\/wp-content\/uploads\/2026\/04\/ACTUS-SITE-FLD-2026-04-08T153407.590-375x198-c-1.png\" alt=\"\"><\/a>\n\t\t\t\t\t\t\t\t<p class=\"inouit-posts-list-categories\">\n\t\t\t\t\t\t\t\t\t\t\t\t\t\t\t\t\t\t<span class=\"inouit-posts-list-category-link\" href=\"https:\/\/www.fld-lille.fr\/en\/category\/issy-les-moulineaux\/\">Issy-les-Moulineaux<\/span>\n\t\t\t\t\t\t\t\t\t\t\t\t\t\t\t\/\n\t\t\t\t\t\t\t\t\t\t\t\t\t\t\t\t\t\t\t\t\t\t\t\t\t\t\t\t\t\t\t<span class=\"inouit-posts-list-category-link\" href=\"https:\/\/www.fld-lille.fr\/en\/category\/students\/\">Students<\/span>\n\t\t\t\t\t\t\t\t\t\t\t\t\t\t\t\t\t\t\t\t\t\t<\/p>\n\t\t\t\t<h3 class=\"inouit-posts-list-title\">\n\t\t\t\t\t<a class=\"inouit-posts-list-title-link\" href=\"https:\/\/www.fld-lille.fr\/en\/when-law-takes-to-the-stage\/\" title=\"When law takes to the stage\">When law takes to the stage<\/a>\n\t\t\t\t<\/h3>\n\t\t\t\t<p class=\"inouit-posts-list-excerpt\">At the Faculty of Law of the Universit\u00e9 Catholique de Lille, learning also involves experimentation&hellip;<\/p>\n\t\t\t<\/div>\n\t\t<\/div>\n\t\t\t\t\t<div class=\"vc_col-sm-4\">\n\t\t\t<div class=\"inouit-posts-list-post\">\n\t\t\t\t\t\t\t\t\t<a class=\"inouit-posts-list-img-link\" href=\"https:\/\/www.fld-lille.fr\/en\/anjb-x-fld-a-partnership-that-brings-students-and-professionals-together\/\" title=\"ANJB x FLD: a partnership that brings students and professionals together\"><img decoding=\"async\" src=\"https:\/\/www.fld-lille.fr\/wp-content\/uploads\/2026\/03\/ACTUS-SITE-FLD-2026-03-25T171351.926-375x198-c-1.png\" alt=\"\"><\/a>\n\t\t\t\t\t\t\t\t<p class=\"inouit-posts-list-categories\">\n\t\t\t\t\t\t\t\t\t\t\t\t\t\t\t\t\t\t<span class=\"inouit-posts-list-category-link\" href=\"https:\/\/www.fld-lille.fr\/en\/category\/lille-en\/\">Lille<\/span>\n\t\t\t\t\t\t\t\t\t\t\t\t\t\t\t\t\t\t\t\t\t\t<\/p>\n\t\t\t\t<h3 class=\"inouit-posts-list-title\">\n\t\t\t\t\t<a class=\"inouit-posts-list-title-link\" href=\"https:\/\/www.fld-lille.fr\/en\/anjb-x-fld-a-partnership-that-brings-students-and-professionals-together\/\" title=\"ANJB x FLD: a partnership that brings students and professionals together\">ANJB x FLD: a partnership that brings students and professionals together<\/a>\n\t\t\t\t<\/h3>\n\t\t\t\t<p class=\"inouit-posts-list-excerpt\">The partnership established between the Faculty of Law of the Universit\u00e9 Catholique de Lille and&hellip;<\/p>\n\t\t\t<\/div>\n\t\t<\/div>\n\t\t\t\t\t<div class=\"vc_col-sm-4\">\n\t\t\t<div class=\"inouit-posts-list-post\">\n\t\t\t\t\t\t\t\t\t<a class=\"inouit-posts-list-img-link\" href=\"https:\/\/www.fld-lille.fr\/en\/at-the-heart-of-our-masters-programmes-2\/\" title=\"At the heart of our Master\u2019s programmes\"><img decoding=\"async\" src=\"https:\/\/www.fld-lille.fr\/wp-content\/uploads\/2026\/04\/ACTUS-SITE-FLD-2026-04-02T163312.754-375x198-c-1.png\" alt=\"\"><\/a>\n\t\t\t\t\t\t\t\t<p class=\"inouit-posts-list-categories\">\n\t\t\t\t\t\t\t\t\t\t\t\t\t\t\t\t\t\t<span class=\"inouit-posts-list-category-link\" href=\"https:\/\/www.fld-lille.fr\/en\/category\/international-en\/\">International<\/span>\n\t\t\t\t\t\t\t\t\t\t\t\t\t\t\t\/\n\t\t\t\t\t\t\t\t\t\t\t\t\t\t\t\t\t\t\t\t\t\t\t\t\t\t\t\t\t\t\t<span class=\"inouit-posts-list-category-link\" href=\"https:\/\/www.fld-lille.fr\/en\/category\/lille-en\/\">Lille<\/span>\n\t\t\t\t\t\t\t\t\t\t\t\t\t\t\t\t\t\t\t\t\t\t<\/p>\n\t\t\t\t<h3 class=\"inouit-posts-list-title\">\n\t\t\t\t\t<a class=\"inouit-posts-list-title-link\" href=\"https:\/\/www.fld-lille.fr\/en\/at-the-heart-of-our-masters-programmes-2\/\" title=\"At the heart of our Master\u2019s programmes\">At the heart of our Master\u2019s programmes<\/a>\n\t\t\t\t<\/h3>\n\t\t\t\t<p class=\"inouit-posts-list-excerpt\">Master in Business and Competition Law &amp; Human Rights, Security and Development \u2013&hellip;<\/p>\n\t\t\t<\/div>\n\t\t<\/div>\n\t\t\t\t\t\t\t\t<div class=\"vc_clearfix\"><\/div>\n\t\t\t\t\t<div class=\"vc_col-sm-4\">\n\t\t\t<div class=\"inouit-posts-list-post\">\n\t\t\t\t\t\t\t\t\t<a class=\"inouit-posts-list-img-link\" href=\"https:\/\/www.fld-lille.fr\/en\/700-spectators-for-a-mock-trial\/\" title=\"700 spectators for a mock trial\"><img decoding=\"async\" src=\"https:\/\/www.fld-lille.fr\/wp-content\/uploads\/2026\/03\/ACTUS-SITE-FLD-2026-03-25T153319.804-375x198-c-1.png\" alt=\"\"><\/a>\n\t\t\t\t\t\t\t\t<p class=\"inouit-posts-list-categories\">\n\t\t\t\t\t\t\t\t\t\t\t\t\t\t\t\t\t\t<span class=\"inouit-posts-list-category-link\" href=\"https:\/\/www.fld-lille.fr\/en\/category\/lille-en\/\">Lille<\/span>\n\t\t\t\t\t\t\t\t\t\t\t\t\t\t\t\/\n\t\t\t\t\t\t\t\t\t\t\t\t\t\t\t\t\t\t\t\t\t\t\t\t\t\t\t\t\t\t\t<span class=\"inouit-posts-list-category-link\" href=\"https:\/\/www.fld-lille.fr\/en\/category\/students\/\">Students<\/span>\n\t\t\t\t\t\t\t\t\t\t\t\t\t\t\t\t\t\t\t\t\t\t<\/p>\n\t\t\t\t<h3 class=\"inouit-posts-list-title\">\n\t\t\t\t\t<a class=\"inouit-posts-list-title-link\" href=\"https:\/\/www.fld-lille.fr\/en\/700-spectators-for-a-mock-trial\/\" title=\"700 spectators for a mock trial\">700 spectators for a mock trial<\/a>\n\t\t\t\t<\/h3>\n\t\t\t\t<p class=\"inouit-posts-list-excerpt\">On 18 March, the Teilhard de Chardin amphitheatre was turned into a courtroom for the&hellip;<\/p>\n\t\t\t<\/div>\n\t\t<\/div>\n\t\t\t\t\t<div class=\"vc_col-sm-4\">\n\t\t\t<div class=\"inouit-posts-list-post\">\n\t\t\t\t\t\t\t\t\t<a class=\"inouit-posts-list-img-link\" href=\"https:\/\/www.fld-lille.fr\/en\/at-the-heart-of-our-masters-programmes\/\" title=\"At the heart of our Master&#8217;s programmes\"><img decoding=\"async\" src=\"https:\/\/www.fld-lille.fr\/wp-content\/uploads\/2026\/03\/ACTUS-SITE-FLD-2026-03-25T104954.495-375x198-c-1.png\" alt=\"\"><\/a>\n\t\t\t\t\t\t\t\t<p class=\"inouit-posts-list-categories\">\n\t\t\t\t\t\t\t\t\t\t\t\t\t\t\t\t\t\t<span class=\"inouit-posts-list-category-link\" href=\"https:\/\/www.fld-lille.fr\/en\/category\/international-en\/\">International<\/span>\n\t\t\t\t\t\t\t\t\t\t\t\t\t\t\t\/\n\t\t\t\t\t\t\t\t\t\t\t\t\t\t\t\t\t\t\t\t\t\t\t\t\t\t\t\t\t\t\t<span class=\"inouit-posts-list-category-link\" href=\"https:\/\/www.fld-lille.fr\/en\/category\/issy-les-moulineaux\/\">Issy-les-Moulineaux<\/span>\n\t\t\t\t\t\t\t\t\t\t\t\t\t\t\t\t\t\t\t\t\t\t<\/p>\n\t\t\t\t<h3 class=\"inouit-posts-list-title\">\n\t\t\t\t\t<a class=\"inouit-posts-list-title-link\" href=\"https:\/\/www.fld-lille.fr\/en\/at-the-heart-of-our-masters-programmes\/\" title=\"At the heart of our Master&#8217;s programmes\">At the heart of our Master&#8217;s programmes<\/a>\n\t\t\t\t<\/h3>\n\t\t\t\t<p class=\"inouit-posts-list-excerpt\">Master in European and Franco-German Business Law &#8211; Issy-les-Moulineaux campus A&hellip;<\/p>\n\t\t\t<\/div>\n\t\t<\/div>\n\t\t\t\t\t<div class=\"vc_col-sm-4\">\n\t\t\t<div class=\"inouit-posts-list-post\">\n\t\t\t\t\t\t\t\t\t<a class=\"inouit-posts-list-img-link\" href=\"https:\/\/www.fld-lille.fr\/en\/a-week-dedicated-to-international-engagement\/\" title=\"A week dedicated to international engagement\"><img decoding=\"async\" src=\"https:\/\/www.fld-lille.fr\/wp-content\/uploads\/2026\/03\/ACTUS-SITE-FLD-2026-03-24T102659.438-375x198-c-1.png\" alt=\"\"><\/a>\n\t\t\t\t\t\t\t\t<p class=\"inouit-posts-list-categories\">\n\t\t\t\t\t\t\t\t\t\t\t\t\t\t\t\t\t\t<span class=\"inouit-posts-list-category-link\" href=\"https:\/\/www.fld-lille.fr\/en\/category\/international-en\/\">International<\/span>\n\t\t\t\t\t\t\t\t\t\t\t\t\t\t\t\t\t\t\t\t\t\t<\/p>\n\t\t\t\t<h3 class=\"inouit-posts-list-title\">\n\t\t\t\t\t<a class=\"inouit-posts-list-title-link\" href=\"https:\/\/www.fld-lille.fr\/en\/a-week-dedicated-to-international-engagement\/\" title=\"A week dedicated to international engagement\">A week dedicated to international engagement<\/a>\n\t\t\t\t<\/h3>\n\t\t\t\t<p class=\"inouit-posts-list-excerpt\">From 23 to 27 March 2026, the Universit\u00e9 Catholique de Lille is hosting a new&hellip;<\/p>\n\t\t\t<\/div>\n\t\t<\/div>\n\t\t\t\t\t\t\t\t<div class=\"vc_clearfix\"><\/div>\n\t\t\t\t\t<div class=\"vc_col-sm-4\">\n\t\t\t<div class=\"inouit-posts-list-post\">\n\t\t\t\t\t\t\t\t\t<a class=\"inouit-posts-list-img-link\" href=\"https:\/\/www.fld-lille.fr\/en\/congratulations-to-our-graduates\/\" title=\"Congratulations to our graduates from the Mireille Delmas-Marty cohort!\"><img decoding=\"async\" src=\"https:\/\/www.fld-lille.fr\/wp-content\/uploads\/2026\/03\/ACTUS-SITE-FLD-2026-03-16T100206.091-375x198-c-1.png\" alt=\"\"><\/a>\n\t\t\t\t\t\t\t\t<p class=\"inouit-posts-list-categories\">\n\t\t\t\t\t\t\t\t\t\t\t\t\t\t\t\t\t\t<span class=\"inouit-posts-list-category-link\" href=\"https:\/\/www.fld-lille.fr\/en\/category\/lille-en\/\">Lille<\/span>\n\t\t\t\t\t\t\t\t\t\t\t\t\t\t\t\t\t\t\t\t\t\t<\/p>\n\t\t\t\t<h3 class=\"inouit-posts-list-title\">\n\t\t\t\t\t<a class=\"inouit-posts-list-title-link\" href=\"https:\/\/www.fld-lille.fr\/en\/congratulations-to-our-graduates\/\" title=\"Congratulations to our graduates from the Mireille Delmas-Marty cohort!\">Congratulations to our graduates from the Mireille Delmas-Marty cohort!<\/a>\n\t\t\t\t<\/h3>\n\t\t\t\t<p class=\"inouit-posts-list-excerpt\">On Friday 13 March 2026, the Faculty of Law of the Universit\u00e9 Catholique de Lille&hellip;<\/p>\n\t\t\t<\/div>\n\t\t<\/div>\n\t\t\t\t\t<div class=\"vc_col-sm-4\">\n\t\t\t<div class=\"inouit-posts-list-post\">\n\t\t\t\t\t\t\t\t\t<a class=\"inouit-posts-list-img-link\" href=\"https:\/\/www.fld-lille.fr\/en\/international-womens-day-three-iconic-figures-in-law\/\" title=\"International Women\u2019s Day: three iconic figures in law\"><img decoding=\"async\" src=\"https:\/\/www.fld-lille.fr\/wp-content\/uploads\/2025\/03\/2024-SEPT_SHOOTING-PHOTO-LILLE-177-scaled-375x198-c-1.jpg\" alt=\"\"><\/a>\n\t\t\t\t\t\t\t\t<p class=\"inouit-posts-list-categories\">\n\t\t\t\t\t\t\t\t\t\t\t\t\t\t\t\t\t\t<span class=\"inouit-posts-list-category-link\" href=\"https:\/\/www.fld-lille.fr\/en\/category\/international-en\/\">International<\/span>\n\t\t\t\t\t\t\t\t\t\t\t\t\t\t\t\t\t\t\t\t\t\t<\/p>\n\t\t\t\t<h3 class=\"inouit-posts-list-title\">\n\t\t\t\t\t<a class=\"inouit-posts-list-title-link\" href=\"https:\/\/www.fld-lille.fr\/en\/international-womens-day-three-iconic-figures-in-law\/\" title=\"International Women\u2019s Day: three iconic figures in law\">International Women\u2019s Day: three iconic figures in law<\/a>\n\t\t\t\t<\/h3>\n\t\t\t\t<p class=\"inouit-posts-list-excerpt\">Each year on 8 March, International Women\u2019s Day provides an opportunity to highlight women who&hellip;<\/p>\n\t\t\t<\/div>\n\t\t<\/div>\n\t\t\t\t\t<div class=\"vc_col-sm-4\">\n\t\t\t<div class=\"inouit-posts-list-post\">\n\t\t\t\t\t\t\t\t\t<a class=\"inouit-posts-list-img-link\" href=\"https:\/\/www.fld-lille.fr\/en\/two-fld-student-associations-honoured-at-the-student-engagement-awards\/\" title=\"Two FLD student associations honoured at the Student Engagement Awards\"><img decoding=\"async\" src=\"https:\/\/www.fld-lille.fr\/wp-content\/uploads\/2025\/03\/ACTUS-SITE-FLD-2026-03-05T163940.070-375x198-c-1.png\" alt=\"\"><\/a>\n\t\t\t\t\t\t\t\t<p class=\"inouit-posts-list-categories\">\n\t\t\t\t\t\t\t\t\t\t\t\t\t\t\t\t\t\t<span class=\"inouit-posts-list-category-link\" href=\"https:\/\/www.fld-lille.fr\/en\/category\/students\/\">Students<\/span>\n\t\t\t\t\t\t\t\t\t\t\t\t\t\t\t\t\t\t\t\t\t\t<\/p>\n\t\t\t\t<h3 class=\"inouit-posts-list-title\">\n\t\t\t\t\t<a class=\"inouit-posts-list-title-link\" href=\"https:\/\/www.fld-lille.fr\/en\/two-fld-student-associations-honoured-at-the-student-engagement-awards\/\" title=\"Two FLD student associations honoured at the Student Engagement Awards\">Two FLD student associations honoured at the Student Engagement Awards<\/a>\n\t\t\t\t<\/h3>\n\t\t\t\t<p class=\"inouit-posts-list-excerpt\">The Faculty of Law of the Universit\u00e9 Catholique de Lille is proud to&hellip;<\/p>\n\t\t\t<\/div>\n\t\t<\/div>\n\t\t\t\t\t\t\t\t<div class=\"vc_clearfix\"><\/div>\n\t\t\t\t\t<div class=\"vc_col-sm-4\">\n\t\t\t<div class=\"inouit-posts-list-post\">\n\t\t\t\t\t\t\t\t\t<a class=\"inouit-posts-list-img-link\" href=\"https:\/\/www.fld-lille.fr\/en\/the-fld-hosted-the-regional-final-of-the-european-law-moot-court\/\" title=\"The FLD hosted the regional final of the European Law Moot Court\"><img decoding=\"async\" src=\"https:\/\/www.fld-lille.fr\/wp-content\/uploads\/2026\/02\/ACTUS-SITE-FLD-2026-02-12T160516.539-375x198-c-1.png\" alt=\"\"><\/a>\n\t\t\t\t\t\t\t\t<p class=\"inouit-posts-list-categories\">\n\t\t\t\t\t\t\t\t\t\t\t\t\t\t\t\t\t\t<span class=\"inouit-posts-list-category-link\" href=\"https:\/\/www.fld-lille.fr\/en\/category\/international-en\/\">International<\/span>\n\t\t\t\t\t\t\t\t\t\t\t\t\t\t\t\t\t\t\t\t\t\t<\/p>\n\t\t\t\t<h3 class=\"inouit-posts-list-title\">\n\t\t\t\t\t<a class=\"inouit-posts-list-title-link\" href=\"https:\/\/www.fld-lille.fr\/en\/the-fld-hosted-the-regional-final-of-the-european-law-moot-court\/\" title=\"The FLD hosted the regional final of the European Law Moot Court\">The FLD hosted the regional final of the European Law Moot Court<\/a>\n\t\t\t\t<\/h3>\n\t\t\t\t<p class=\"inouit-posts-list-excerpt\">From 5 to 7 February 2026, the Faculty of Law of the Universit\u00e9 Catholique de&hellip;<\/p>\n\t\t\t<\/div>\n\t\t<\/div>\n\t\t\t\t\t<div class=\"vc_col-sm-4\">\n\t\t\t<div class=\"inouit-posts-list-post\">\n\t\t\t\t\t\t\t\t\t<a class=\"inouit-posts-list-img-link\" href=\"https:\/\/www.fld-lille.fr\/en\/opening-evening-ladies-are-just-amazing-photo-exhibition\/\" title=\"Opening evening &#8211; &#8220;Ladies are just amazing&#8221; photo exhibition\"><img decoding=\"async\" src=\"https:\/\/www.fld-lille.fr\/wp-content\/uploads\/2026\/01\/ACTUS-SITE-FLD-2026-01-27T110352.345-375x198-c-1.png\" alt=\"\"><\/a>\n\t\t\t\t\t\t\t\t<p class=\"inouit-posts-list-categories\">\n\t\t\t\t\t\t\t\t\t\t\t\t\t\t\t\t\t\t<span class=\"inouit-posts-list-category-link\" href=\"https:\/\/www.fld-lille.fr\/en\/category\/issy-les-moulineaux\/\">Issy-les-Moulineaux<\/span>\n\t\t\t\t\t\t\t\t\t\t\t\t\t\t\t\t\t\t\t\t\t\t<\/p>\n\t\t\t\t<h3 class=\"inouit-posts-list-title\">\n\t\t\t\t\t<a class=\"inouit-posts-list-title-link\" href=\"https:\/\/www.fld-lille.fr\/en\/opening-evening-ladies-are-just-amazing-photo-exhibition\/\" title=\"Opening evening &#8211; &#8220;Ladies are just amazing&#8221; photo exhibition\">Opening evening &#8211; &#8220;Ladies are just amazing&#8221; photo exhibition<\/a>\n\t\t\t\t<\/h3>\n\t\t\t\t<p class=\"inouit-posts-list-excerpt\">The Faculty of Law of the Universit\u00e9 Catholique de Lille is pleased to host the&hellip;<\/p>\n\t\t\t<\/div>\n\t\t<\/div>\n\t\t\t\t\t<div class=\"vc_col-sm-4\">\n\t\t\t<div class=\"inouit-posts-list-post\">\n\t\t\t\t\t\t\t\t\t<a class=\"inouit-posts-list-img-link\" href=\"https:\/\/www.fld-lille.fr\/en\/talent-day-a-day-dedicated-to-unlocking-the-potential-of-law-students\/\" title=\"Talent Day: a day dedicated to unlocking the potential of law students\"><img decoding=\"async\" src=\"https:\/\/www.fld-lille.fr\/wp-content\/uploads\/2026\/02\/ACTUS-SITE-FLD-2026-02-04T170958.099-375x198-c-1.png\" alt=\"\"><\/a>\n\t\t\t\t\t\t\t\t<p class=\"inouit-posts-list-categories\">\n\t\t\t\t\t\t\t\t\t\t\t\t\t\t\t\t\t\t<span class=\"inouit-posts-list-category-link\" href=\"https:\/\/www.fld-lille.fr\/en\/category\/issy-les-moulineaux\/\">Issy-les-Moulineaux<\/span>\n\t\t\t\t\t\t\t\t\t\t\t\t\t\t\t\t\t\t\t\t\t\t<\/p>\n\t\t\t\t<h3 class=\"inouit-posts-list-title\">\n\t\t\t\t\t<a class=\"inouit-posts-list-title-link\" href=\"https:\/\/www.fld-lille.fr\/en\/talent-day-a-day-dedicated-to-unlocking-the-potential-of-law-students\/\" title=\"Talent Day: a day dedicated to unlocking the potential of law students\">Talent Day: a day dedicated to unlocking the potential of law students<\/a>\n\t\t\t\t<\/h3>\n\t\t\t\t<p class=\"inouit-posts-list-excerpt\">On Thursday 29 January, the Faculty of Law of the Universit\u00e9 Catholique de Lille organised&hellip;<\/p>\n\t\t\t<\/div>\n\t\t<\/div>\n\t\t\t\t\t\t\t\t<div class=\"vc_clearfix\"><\/div>\n\t\t\t\t\t<div class=\"vc_col-sm-4\">\n\t\t\t<div class=\"inouit-posts-list-post\">\n\t\t\t\t\t\t\t\t\t<a class=\"inouit-posts-list-img-link\" href=\"https:\/\/www.fld-lille.fr\/en\/concert-an-evening-with-debussy\/\" title=\"Concert: an evening with Debussy\"><img decoding=\"async\" src=\"https:\/\/www.fld-lille.fr\/wp-content\/uploads\/2026\/01\/ACTUS-SITE-FLD-2026-01-13T142341.698-1-375x198-c-1.png\" alt=\"\"><\/a>\n\t\t\t\t\t\t\t\t<p class=\"inouit-posts-list-categories\">\n\t\t\t\t\t\t\t\t\t\t\t\t\t\t\t\t\t\t<span class=\"inouit-posts-list-category-link\" href=\"https:\/\/www.fld-lille.fr\/en\/category\/lille-en\/\">Lille<\/span>\n\t\t\t\t\t\t\t\t\t\t\t\t\t\t\t\t\t\t\t\t\t\t<\/p>\n\t\t\t\t<h3 class=\"inouit-posts-list-title\">\n\t\t\t\t\t<a class=\"inouit-posts-list-title-link\" href=\"https:\/\/www.fld-lille.fr\/en\/concert-an-evening-with-debussy\/\" title=\"Concert: an evening with Debussy\">Concert: an evening with Debussy<\/a>\n\t\t\t\t<\/h3>\n\t\t\t\t<p class=\"inouit-posts-list-excerpt\">The Faculty of Law of the Universit\u00e9 Catholique de Lille continues its commitment to fostering&hellip;<\/p>\n\t\t\t<\/div>\n\t\t<\/div>\n\t\t\t\t\t<div class=\"vc_col-sm-4\">\n\t\t\t<div class=\"inouit-posts-list-post\">\n\t\t\t\t\t\t\t\t\t<a class=\"inouit-posts-list-img-link\" href=\"https:\/\/www.fld-lille.fr\/en\/welcome-to-our-international-students\/\" title=\"Welcome to our international students!\"><img decoding=\"async\" src=\"https:\/\/www.fld-lille.fr\/wp-content\/uploads\/2026\/01\/ACTUS-SITE-FLD-2026-01-07T163515.661-375x198-c-1.png\" alt=\"\"><\/a>\n\t\t\t\t\t\t\t\t<p class=\"inouit-posts-list-categories\">\n\t\t\t\t\t\t\t\t\t\t\t\t\t\t\t\t\t\t<span class=\"inouit-posts-list-category-link\" href=\"https:\/\/www.fld-lille.fr\/en\/category\/international-en\/\">International<\/span>\n\t\t\t\t\t\t\t\t\t\t\t\t\t\t\t\t\t\t\t\t\t\t<\/p>\n\t\t\t\t<h3 class=\"inouit-posts-list-title\">\n\t\t\t\t\t<a class=\"inouit-posts-list-title-link\" href=\"https:\/\/www.fld-lille.fr\/en\/welcome-to-our-international-students\/\" title=\"Welcome to our international students!\">Welcome to our international students!<\/a>\n\t\t\t\t<\/h3>\n\t\t\t\t<p class=\"inouit-posts-list-excerpt\">The Faculty of Law of the Universit\u00e9 Catholique de Lille is delighted to&hellip;<\/p>\n\t\t\t<\/div>\n\t\t<\/div>\n\t\t\t\t\t<div class=\"vc_col-sm-4\">\n\t\t\t<div class=\"inouit-posts-list-post\">\n\t\t\t\t\t\t\t\t\t<a class=\"inouit-posts-list-img-link\" href=\"https:\/\/www.fld-lille.fr\/en\/two-campuses-for-your-success-the-fld-in-lille-and-issy-les-moulineaux\/\" title=\"Two campuses for your success: the FLD in Lille and Issy-les-Moulineaux\"><img decoding=\"async\" src=\"https:\/\/www.fld-lille.fr\/wp-content\/uploads\/2025\/12\/ACTUS-SITE-FLD-2025-12-05T164922.043-375x198-c-1.png\" alt=\"\"><\/a>\n\t\t\t\t\t\t\t\t<p class=\"inouit-posts-list-categories\">\n\t\t\t\t\t\t\t\t\t\t\t\t\t\t\t\t\t\t<span class=\"inouit-posts-list-category-link\" href=\"https:\/\/www.fld-lille.fr\/en\/category\/issy-les-moulineaux\/\">Issy-les-Moulineaux<\/span>\n\t\t\t\t\t\t\t\t\t\t\t\t\t\t\t\/\n\t\t\t\t\t\t\t\t\t\t\t\t\t\t\t\t\t\t\t\t\t\t\t\t\t\t\t\t\t\t\t<span class=\"inouit-posts-list-category-link\" href=\"https:\/\/www.fld-lille.fr\/en\/category\/lille-en\/\">Lille<\/span>\n\t\t\t\t\t\t\t\t\t\t\t\t\t\t\t\t\t\t\t\t\t\t<\/p>\n\t\t\t\t<h3 class=\"inouit-posts-list-title\">\n\t\t\t\t\t<a class=\"inouit-posts-list-title-link\" href=\"https:\/\/www.fld-lille.fr\/en\/two-campuses-for-your-success-the-fld-in-lille-and-issy-les-moulineaux\/\" title=\"Two campuses for your success: the FLD in Lille and Issy-les-Moulineaux\">Two campuses for your success: the FLD in Lille and Issy-les-Moulineaux<\/a>\n\t\t\t\t<\/h3>\n\t\t\t\t<p class=\"inouit-posts-list-excerpt\">Joining the Faculty of Law of the Universit\u00e9 Catholique de Lille means becoming part of&hellip;<\/p>\n\t\t\t<\/div>\n\t\t<\/div>\n\t\t\t\t\t\t\t\t<div class=\"vc_clearfix\"><\/div>\n\t\t\t\t\t<div class=\"vc_col-sm-4\">\n\t\t\t<div class=\"inouit-posts-list-post\">\n\t\t\t\t\t\t\t\t\t<a class=\"inouit-posts-list-img-link\" href=\"https:\/\/www.fld-lille.fr\/en\/happy-holidays\/\" title=\"Happy Holidays!\"><img decoding=\"async\" src=\"https:\/\/www.fld-lille.fr\/wp-content\/uploads\/2025\/12\/ACTUS-SITE-FLD-2025-12-10T110519.423-375x198-c-1.png\" alt=\"\"><\/a>\n\t\t\t\t\t\t\t\t<p class=\"inouit-posts-list-categories\">\n\t\t\t\t\t\t\t\t\t\t\t\t\t\t\t\t\t\t<span class=\"inouit-posts-list-category-link\" href=\"https:\/\/www.fld-lille.fr\/en\/category\/issy-les-moulineaux\/\">Issy-les-Moulineaux<\/span>\n\t\t\t\t\t\t\t\t\t\t\t\t\t\t\t\/\n\t\t\t\t\t\t\t\t\t\t\t\t\t\t\t\t\t\t\t\t\t\t\t\t\t\t\t\t\t\t\t<span class=\"inouit-posts-list-category-link\" href=\"https:\/\/www.fld-lille.fr\/en\/category\/lille-en\/\">Lille<\/span>\n\t\t\t\t\t\t\t\t\t\t\t\t\t\t\t\t\t\t\t\t\t\t<\/p>\n\t\t\t\t<h3 class=\"inouit-posts-list-title\">\n\t\t\t\t\t<a class=\"inouit-posts-list-title-link\" href=\"https:\/\/www.fld-lille.fr\/en\/happy-holidays\/\" title=\"Happy Holidays!\">Happy Holidays!<\/a>\n\t\t\t\t<\/h3>\n\t\t\t\t<p class=\"inouit-posts-list-excerpt\">The Faculty of Law of the Universit\u00e9 Catholique de Lille will be closed for the&hellip;<\/p>\n\t\t\t<\/div>\n\t\t<\/div>\n\t\t\t\t\t<div class=\"vc_col-sm-4\">\n\t\t\t<div class=\"inouit-posts-list-post\">\n\t\t\t\t\t\t\t\t\t<a class=\"inouit-posts-list-img-link\" href=\"https:\/\/www.fld-lille.fr\/en\/an-evening-with-the-circle-of-lost-philosophers\/\" title=\"An evening with &#8220;The Circle of Lost Philosophers&#8221;\"><img decoding=\"async\" src=\"https:\/\/www.fld-lille.fr\/wp-content\/uploads\/2025\/11\/ACTUS-SITE-FLD-2025-11-21T113712.972-375x198-c-1.png\" alt=\"\"><\/a>\n\t\t\t\t\t\t\t\t<p class=\"inouit-posts-list-categories\">\n\t\t\t\t\t\t\t\t\t\t\t\t\t\t\t\t\t\t<span class=\"inouit-posts-list-category-link\" href=\"https:\/\/www.fld-lille.fr\/en\/category\/lille-en\/\">Lille<\/span>\n\t\t\t\t\t\t\t\t\t\t\t\t\t\t\t\t\t\t\t\t\t\t<\/p>\n\t\t\t\t<h3 class=\"inouit-posts-list-title\">\n\t\t\t\t\t<a class=\"inouit-posts-list-title-link\" href=\"https:\/\/www.fld-lille.fr\/en\/an-evening-with-the-circle-of-lost-philosophers\/\" title=\"An evening with &#8220;The Circle of Lost Philosophers&#8221;\">An evening with &#8220;The Circle of Lost Philosophers&#8221;<\/a>\n\t\t\t\t<\/h3>\n\t\t\t\t<p class=\"inouit-posts-list-excerpt\">On Thursday 20 November 2025, the Aula Maxima was filled to capacity for a performance&hellip;<\/p>\n\t\t\t<\/div>\n\t\t<\/div>\n\t\t\t\t\t<div class=\"vc_col-sm-4\">\n\t\t\t<div class=\"inouit-posts-list-post\">\n\t\t\t\t\t\t\t\t\t<a class=\"inouit-posts-list-img-link\" href=\"https:\/\/www.fld-lille.fr\/en\/international-job-fair-2025-a-career-without-borders\/\" title=\"International Job Fair 2025: a career without borders\"><img decoding=\"async\" src=\"https:\/\/www.fld-lille.fr\/wp-content\/uploads\/2025\/11\/ACTUS-SITE-FLD-2025-11-21T103608.186-375x198-c-1.png\" alt=\"\"><\/a>\n\t\t\t\t\t\t\t\t<p class=\"inouit-posts-list-categories\">\n\t\t\t\t\t\t\t\t\t\t\t\t\t\t\t\t\t\t<span class=\"inouit-posts-list-category-link\" href=\"https:\/\/www.fld-lille.fr\/en\/category\/international-en\/\">International<\/span>\n\t\t\t\t\t\t\t\t\t\t\t\t\t\t\t\/\n\t\t\t\t\t\t\t\t\t\t\t\t\t\t\t\t\t\t\t\t\t\t\t\t\t\t\t\t\t\t\t<span class=\"inouit-posts-list-category-link\" href=\"https:\/\/www.fld-lille.fr\/en\/category\/lille-en\/\">Lille<\/span>\n\t\t\t\t\t\t\t\t\t\t\t\t\t\t\t\t\t\t\t\t\t\t<\/p>\n\t\t\t\t<h3 class=\"inouit-posts-list-title\">\n\t\t\t\t\t<a class=\"inouit-posts-list-title-link\" href=\"https:\/\/www.fld-lille.fr\/en\/international-job-fair-2025-a-career-without-borders\/\" title=\"International Job Fair 2025: a career without borders\">International Job Fair 2025: a career without borders<\/a>\n\t\t\t\t<\/h3>\n\t\t\t\t<p class=\"inouit-posts-list-excerpt\">On Thursday 20 November 2025, the Faculty of Law of the Universit\u00e9 Catholique de Lille&hellip;<\/p>\n\t\t\t<\/div>\n\t\t<\/div>\n\t\t\t\t\t\t\t\t<div class=\"vc_clearfix\"><\/div>\n\t\t\t\t\t<div class=\"vc_col-sm-4\">\n\t\t\t<div class=\"inouit-posts-list-post\">\n\t\t\t\t\t\t\t\t\t<a class=\"inouit-posts-list-img-link\" href=\"https:\/\/www.fld-lille.fr\/en\/a-new-erasmus-partnership-with-the-national-and-kapodistrian-university-of-athens\/\" title=\"A new Erasmus partnership with the National and Kapodistrian University of Athens\"><img decoding=\"async\" src=\"https:\/\/www.fld-lille.fr\/wp-content\/uploads\/2025\/11\/ACTUS-SITE-FLD-2025-11-14T111426.157-375x198-c-1.png\" alt=\"\"><\/a>\n\t\t\t\t\t\t\t\t<p class=\"inouit-posts-list-categories\">\n\t\t\t\t\t\t\t\t\t\t\t\t\t\t\t\t\t\t<span class=\"inouit-posts-list-category-link\" href=\"https:\/\/www.fld-lille.fr\/en\/category\/international-en\/\">International<\/span>\n\t\t\t\t\t\t\t\t\t\t\t\t\t\t\t\t\t\t\t\t\t\t<\/p>\n\t\t\t\t<h3 class=\"inouit-posts-list-title\">\n\t\t\t\t\t<a class=\"inouit-posts-list-title-link\" href=\"https:\/\/www.fld-lille.fr\/en\/a-new-erasmus-partnership-with-the-national-and-kapodistrian-university-of-athens\/\" title=\"A new Erasmus partnership with the National and Kapodistrian University of Athens\">A new Erasmus partnership with the National and Kapodistrian University of Athens<\/a>\n\t\t\t\t<\/h3>\n\t\t\t\t<p class=\"inouit-posts-list-excerpt\">The Faculty of Law of the Universit\u00e9 Catholique de Lille is delighted to announce the&hellip;<\/p>\n\t\t\t<\/div>\n\t\t<\/div>\n\t\t\t\t\t<div class=\"vc_col-sm-4\">\n\t\t\t<div class=\"inouit-posts-list-post\">\n\t\t\t\t\t\t\t\t\t<a class=\"inouit-posts-list-img-link\" href=\"https:\/\/www.fld-lille.fr\/en\/play-le-cercle-des-philosophes-disparus\/\" title=\"Play: &#8220;The Circle of Lost Philosophers&#8221;\"><img decoding=\"async\" src=\"https:\/\/www.fld-lille.fr\/wp-content\/uploads\/2025\/10\/ACTUS-SITE-FLD-2025-10-15T121540.420-375x198-c-1.png\" alt=\"\"><\/a>\n\t\t\t\t\t\t\t\t<p class=\"inouit-posts-list-categories\">\n\t\t\t\t\t\t\t\t\t\t\t\t\t\t\t\t\t\t<span class=\"inouit-posts-list-category-link\" href=\"https:\/\/www.fld-lille.fr\/en\/category\/lille-en\/\">Lille<\/span>\n\t\t\t\t\t\t\t\t\t\t\t\t\t\t\t\t\t\t\t\t\t\t<\/p>\n\t\t\t\t<h3 class=\"inouit-posts-list-title\">\n\t\t\t\t\t<a class=\"inouit-posts-list-title-link\" href=\"https:\/\/www.fld-lille.fr\/en\/play-le-cercle-des-philosophes-disparus\/\" title=\"Play: &#8220;The Circle of Lost Philosophers&#8221;\">Play: &#8220;The Circle of Lost Philosophers&#8221;<\/a>\n\t\t\t\t<\/h3>\n\t\t\t\t<p class=\"inouit-posts-list-excerpt\">&#x1f4c5; Thursday, 20 November 2025 &#8211; 6:30 p.m.<\/p>\n\t\t\t<\/div>\n\t\t<\/div>\n\t\t\t\t\t<div class=\"vc_col-sm-4\">\n\t\t\t<div class=\"inouit-posts-list-post\">\n\t\t\t\t\t\t\t\t\t<a class=\"inouit-posts-list-img-link\" href=\"https:\/\/www.fld-lille.fr\/en\/the-polhicult-student-association-welcomes-francois-hollande\/\" title=\"The PolHiCult student association welcomes Fran\u00e7ois Hollande\"><img decoding=\"async\" src=\"https:\/\/www.fld-lille.fr\/wp-content\/uploads\/2025\/11\/ACTUS-SITE-FLD-2025-11-12T110958.121-375x198-c-1.png\" alt=\"\"><\/a>\n\t\t\t\t\t\t\t\t<p class=\"inouit-posts-list-categories\">\n\t\t\t\t\t\t\t\t\t\t\t\t\t\t\t\t\t\t<span class=\"inouit-posts-list-category-link\" href=\"https:\/\/www.fld-lille.fr\/en\/category\/lille-en\/\">Lille<\/span>\n\t\t\t\t\t\t\t\t\t\t\t\t\t\t\t\/\n\t\t\t\t\t\t\t\t\t\t\t\t\t\t\t\t\t\t\t\t\t\t\t\t\t\t\t\t\t\t\t<span class=\"inouit-posts-list-category-link\" href=\"https:\/\/www.fld-lille.fr\/en\/category\/students\/\">Students<\/span>\n\t\t\t\t\t\t\t\t\t\t\t\t\t\t\t\t\t\t\t\t\t\t<\/p>\n\t\t\t\t<h3 class=\"inouit-posts-list-title\">\n\t\t\t\t\t<a class=\"inouit-posts-list-title-link\" href=\"https:\/\/www.fld-lille.fr\/en\/the-polhicult-student-association-welcomes-francois-hollande\/\" title=\"The PolHiCult student association welcomes Fran\u00e7ois Hollande\">The PolHiCult student association welcomes Fran\u00e7ois Hollande<\/a>\n\t\t\t\t<\/h3>\n\t\t\t\t<p class=\"inouit-posts-list-excerpt\">On Thursday, 6 November 2025, the Faculty of Law of the Universit\u00e9 Catholique de Lille&hellip;<\/p>\n\t\t\t<\/div>\n\t\t<\/div>\n\t\t\t\t\t\t\t\t<div class=\"vc_clearfix\"><\/div>\n\t\t\t\t\t<div class=\"vc_col-sm-4\">\n\t\t\t<div class=\"inouit-posts-list-post\">\n\t\t\t\t\t\t\t\t\t<a class=\"inouit-posts-list-img-link\" href=\"https:\/\/www.fld-lille.fr\/en\/the-c3rd-driving-legal-research-forward\/\" title=\"The C3RD: driving legal research forward\"><img decoding=\"async\" src=\"https:\/\/www.fld-lille.fr\/wp-content\/uploads\/2025\/08\/ACTUS-SITE-FLD-2025-08-27T112530.455-375x198-c-1.png\" alt=\"\"><\/a>\n\t\t\t\t\t\t\t\t<p class=\"inouit-posts-list-categories\">\n\t\t\t\t\t\t\t\t\t\t\t\t\t\t\t\t\t\t<span class=\"inouit-posts-list-category-link\" href=\"https:\/\/www.fld-lille.fr\/en\/category\/research\/\">Research<\/span>\n\t\t\t\t\t\t\t\t\t\t\t\t\t\t\t\t\t\t\t\t\t\t<\/p>\n\t\t\t\t<h3 class=\"inouit-posts-list-title\">\n\t\t\t\t\t<a class=\"inouit-posts-list-title-link\" href=\"https:\/\/www.fld-lille.fr\/en\/the-c3rd-driving-legal-research-forward\/\" title=\"The C3RD: driving legal research forward\">The C3RD: driving legal research forward<\/a>\n\t\t\t\t<\/h3>\n\t\t\t\t<p class=\"inouit-posts-list-excerpt\">At the Facult\u00e9 de Droit of the Universit\u00e9 Catholique de Lille, research plays a central&hellip;<\/p>\n\t\t\t<\/div>\n\t\t<\/div>\n\t\t\t\t\t<div class=\"vc_col-sm-4\">\n\t\t\t<div class=\"inouit-posts-list-post\">\n\t\t\t\t\t\t\t\t\t<a class=\"inouit-posts-list-img-link\" href=\"https:\/\/www.fld-lille.fr\/en\/launch-of-the-mediation-clinic\/\" title=\"Launch of the Mediation Clinic\"><img decoding=\"async\" src=\"https:\/\/www.fld-lille.fr\/wp-content\/uploads\/2025\/10\/ACTUS-SITE-FLD-2025-10-14T172455.210-375x198-c-1.png\" alt=\"\"><\/a>\n\t\t\t\t\t\t\t\t<p class=\"inouit-posts-list-categories\">\n\t\t\t\t\t\t\t\t\t\t\t\t\t\t\t\t\t\t<span class=\"inouit-posts-list-category-link\" href=\"https:\/\/www.fld-lille.fr\/en\/category\/issy-les-moulineaux\/\">Issy-les-Moulineaux<\/span>\n\t\t\t\t\t\t\t\t\t\t\t\t\t\t\t\t\t\t\t\t\t\t<\/p>\n\t\t\t\t<h3 class=\"inouit-posts-list-title\">\n\t\t\t\t\t<a class=\"inouit-posts-list-title-link\" href=\"https:\/\/www.fld-lille.fr\/en\/launch-of-the-mediation-clinic\/\" title=\"Launch of the Mediation Clinic\">Launch of the Mediation Clinic<\/a>\n\t\t\t\t<\/h3>\n\t\t\t\t<p class=\"inouit-posts-list-excerpt\">The Facult\u00e9 de Droit of the Universit\u00e9 Catholique de Lille, Issy-les-Moulineaux Campus, offers a free&hellip;<\/p>\n\t\t\t<\/div>\n\t\t<\/div>\n\t\t\t\t\t<div class=\"vc_col-sm-4\">\n\t\t\t<div class=\"inouit-posts-list-post\">\n\t\t\t\t\t\t\t\t\t<a class=\"inouit-posts-list-img-link\" href=\"https:\/\/www.fld-lille.fr\/en\/solemn-opening-of-the-academic-year-2025\/\" title=\"Solemn opening of the academic year 2025\"><img decoding=\"async\" src=\"https:\/\/www.fld-lille.fr\/wp-content\/uploads\/2025\/10\/ACTUS-SITE-FLD-2025-10-10T141847.833-375x198-c-1.png\" alt=\"\"><\/a>\n\t\t\t\t\t\t\t\t<p class=\"inouit-posts-list-categories\">\n\t\t\t\t\t\t\t\t\t\t\t\t\t\t\t\t\t\t<span class=\"inouit-posts-list-category-link\" href=\"https:\/\/www.fld-lille.fr\/en\/category\/lille-en\/\">Lille<\/span>\n\t\t\t\t\t\t\t\t\t\t\t\t\t\t\t\t\t\t\t\t\t\t<\/p>\n\t\t\t\t<h3 class=\"inouit-posts-list-title\">\n\t\t\t\t\t<a class=\"inouit-posts-list-title-link\" href=\"https:\/\/www.fld-lille.fr\/en\/solemn-opening-of-the-academic-year-2025\/\" title=\"Solemn opening of the academic year 2025\">Solemn opening of the academic year 2025<\/a>\n\t\t\t\t<\/h3>\n\t\t\t\t<p class=\"inouit-posts-list-excerpt\">A moment of tradition, tribute and international openness On Thursday 9 October 2025,&hellip;<\/p>\n\t\t\t<\/div>\n\t\t<\/div>\n\t\t\t\t\t\t\t\t<div class=\"vc_clearfix\"><\/div>\n\t\t\t\t\t<div class=\"vc_col-sm-4\">\n\t\t\t<div class=\"inouit-posts-list-post\">\n\t\t\t\t\t\t\t\t\t<a class=\"inouit-posts-list-img-link\" href=\"https:\/\/www.fld-lille.fr\/en\/robert-badinter-enters-the-pantheon\/\" title=\"Robert Badinter enters the Panth\u00e9on\"><img decoding=\"async\" src=\"https:\/\/www.fld-lille.fr\/wp-content\/uploads\/2025\/10\/ACTUS-SITE-FLD-2026-04-07T164728.312-1-375x198-c-1.png\" alt=\"\"><\/a>\n\t\t\t\t\t\t\t\t<p class=\"inouit-posts-list-categories\">\n\t\t\t\t\t\t\t\t\t\t\t\t\t\t\t\t\t\t<span class=\"inouit-posts-list-category-link\" href=\"https:\/\/www.fld-lille.fr\/en\/category\/information\/\">Information<\/span>\n\t\t\t\t\t\t\t\t\t\t\t\t\t\t\t\t\t\t\t\t\t\t<\/p>\n\t\t\t\t<h3 class=\"inouit-posts-list-title\">\n\t\t\t\t\t<a class=\"inouit-posts-list-title-link\" href=\"https:\/\/www.fld-lille.fr\/en\/robert-badinter-enters-the-pantheon\/\" title=\"Robert Badinter enters the Panth\u00e9on\">Robert Badinter enters the Panth\u00e9on<\/a>\n\t\t\t\t<\/h3>\n\t\t\t\t<p class=\"inouit-posts-list-excerpt\">On Thursday 9 October 2025, Robert Badinter, former Minister of Justice and architect of the&hellip;<\/p>\n\t\t\t<\/div>\n\t\t<\/div>\n\t\t\t\t\t<div class=\"vc_col-sm-4\">\n\t\t\t<div class=\"inouit-posts-list-post\">\n\t\t\t\t\t\t\t\t\t<a class=\"inouit-posts-list-img-link\" href=\"https:\/\/www.fld-lille.fr\/en\/concert-an-hour-with-mozart\/\" title=\"Concert: An hour with Mozart\"><img decoding=\"async\" src=\"https:\/\/www.fld-lille.fr\/wp-content\/uploads\/2025\/10\/ACTUS-SITE-FLD-2025-10-01T150141.397-375x198-c-1.png\" alt=\"\"><\/a>\n\t\t\t\t\t\t\t\t<p class=\"inouit-posts-list-categories\">\n\t\t\t\t\t\t\t\t\t\t\t\t\t\t\t\t\t\t<span class=\"inouit-posts-list-category-link\" href=\"https:\/\/www.fld-lille.fr\/en\/category\/lille-en\/\">Lille<\/span>\n\t\t\t\t\t\t\t\t\t\t\t\t\t\t\t\t\t\t\t\t\t\t<\/p>\n\t\t\t\t<h3 class=\"inouit-posts-list-title\">\n\t\t\t\t\t<a class=\"inouit-posts-list-title-link\" href=\"https:\/\/www.fld-lille.fr\/en\/concert-an-hour-with-mozart\/\" title=\"Concert: An hour with Mozart\">Concert: An hour with Mozart<\/a>\n\t\t\t\t<\/h3>\n\t\t\t\t<p class=\"inouit-posts-list-excerpt\">The Facult\u00e9 de Droit of the Universit\u00e9 Catholique de Lille is committed to educating jurists&hellip;<\/p>\n\t\t\t<\/div>\n\t\t<\/div>\n\t\t\t\t\t<div class=\"vc_col-sm-4\">\n\t\t\t<div class=\"inouit-posts-list-post\">\n\t\t\t\t\t\t\t\t\t<a class=\"inouit-posts-list-img-link\" href=\"https:\/\/www.fld-lille.fr\/en\/erasmus-days-a-week-to-celebrate-international-openness\/\" title=\"Erasmus Days: a week to celebrate international openness\"><img decoding=\"async\" src=\"https:\/\/www.fld-lille.fr\/wp-content\/uploads\/2025\/07\/Ecran_1920x1080_ERASMUS-days-2025-scaled-375x198-c-1.jpg\" alt=\"\"><\/a>\n\t\t\t\t\t\t\t\t<p class=\"inouit-posts-list-categories\">\n\t\t\t\t\t\t\t\t\t\t\t\t\t\t\t\t\t\t<span class=\"inouit-posts-list-category-link\" href=\"https:\/\/www.fld-lille.fr\/en\/category\/international-en\/\">International<\/span>\n\t\t\t\t\t\t\t\t\t\t\t\t\t\t\t\t\t\t\t\t\t\t<\/p>\n\t\t\t\t<h3 class=\"inouit-posts-list-title\">\n\t\t\t\t\t<a class=\"inouit-posts-list-title-link\" href=\"https:\/\/www.fld-lille.fr\/en\/erasmus-days-a-week-to-celebrate-international-openness\/\" title=\"Erasmus Days: a week to celebrate international openness\">Erasmus Days: a week to celebrate international openness<\/a>\n\t\t\t\t<\/h3>\n\t\t\t\t<p class=\"inouit-posts-list-excerpt\">As each year, the Universit\u00e9 Catholique de Lille will embrace the colours of Europe for&hellip;<\/p>\n\t\t\t<\/div>\n\t\t<\/div>\n\t\t\t\t\t\t\t\t<div class=\"vc_clearfix\"><\/div>\n\t\t\t\t\t<div class=\"vc_col-sm-4\">\n\t\t\t<div class=\"inouit-posts-list-post\">\n\t\t\t\t\t\t\t\t\t<a class=\"inouit-posts-list-img-link\" href=\"https:\/\/www.fld-lille.fr\/en\/a-leading-voice-of-the-belarusian-opposition-sets-the-tone-for-the-masterclass\/\" title=\"A leading voice of the Belarusian opposition sets the tone for the Masterclass\"><img decoding=\"async\" src=\"https:\/\/www.fld-lille.fr\/wp-content\/uploads\/2025\/09\/ACTUS-SITE-FLD-2025-09-22T115111.673-375x198-c-1.png\" alt=\"\"><\/a>\n\t\t\t\t\t\t\t\t<p class=\"inouit-posts-list-categories\">\n\t\t\t\t\t\t\t\t\t\t\t\t\t\t\t\t\t\t<span class=\"inouit-posts-list-category-link\" href=\"https:\/\/www.fld-lille.fr\/en\/category\/international-en\/\">International<\/span>\n\t\t\t\t\t\t\t\t\t\t\t\t\t\t\t\/\n\t\t\t\t\t\t\t\t\t\t\t\t\t\t\t\t\t\t\t\t\t\t\t\t\t\t\t\t\t\t\t<span class=\"inouit-posts-list-category-link\" href=\"https:\/\/www.fld-lille.fr\/en\/category\/research\/\">Research<\/span>\n\t\t\t\t\t\t\t\t\t\t\t\t\t\t\t\t\t\t\t\t\t\t<\/p>\n\t\t\t\t<h3 class=\"inouit-posts-list-title\">\n\t\t\t\t\t<a class=\"inouit-posts-list-title-link\" href=\"https:\/\/www.fld-lille.fr\/en\/a-leading-voice-of-the-belarusian-opposition-sets-the-tone-for-the-masterclass\/\" title=\"A leading voice of the Belarusian opposition sets the tone for the Masterclass\">A leading voice of the Belarusian opposition sets the tone for the Masterclass<\/a>\n\t\t\t\t<\/h3>\n\t\t\t\t<p class=\"inouit-posts-list-excerpt\">The ninth edition of the Global Actors for Peace Masterclass, organised by the C3RD, Centre&hellip;<\/p>\n\t\t\t<\/div>\n\t\t<\/div>\n\t\t\t\t\t<div class=\"vc_col-sm-4\">\n\t\t\t<div class=\"inouit-posts-list-post\">\n\t\t\t\t\t\t\t\t\t<a class=\"inouit-posts-list-img-link\" href=\"https:\/\/www.fld-lille.fr\/en\/associations-fair-2025\/\" title=\"Associations Fair 2025\"><img decoding=\"async\" src=\"https:\/\/www.fld-lille.fr\/wp-content\/uploads\/2025\/09\/ACTUS-SITE-FLD-2025-09-17T135305.117-375x198-c-1.png\" alt=\"\"><\/a>\n\t\t\t\t\t\t\t\t<p class=\"inouit-posts-list-categories\">\n\t\t\t\t\t\t\t\t\t\t\t\t\t\t\t\t\t\t<span class=\"inouit-posts-list-category-link\" href=\"https:\/\/www.fld-lille.fr\/en\/category\/lille-en\/\">Lille<\/span>\n\t\t\t\t\t\t\t\t\t\t\t\t\t\t\t\/\n\t\t\t\t\t\t\t\t\t\t\t\t\t\t\t\t\t\t\t\t\t\t\t\t\t\t\t\t\t\t\t<span class=\"inouit-posts-list-category-link\" href=\"https:\/\/www.fld-lille.fr\/en\/category\/students\/\">Students<\/span>\n\t\t\t\t\t\t\t\t\t\t\t\t\t\t\t\t\t\t\t\t\t\t<\/p>\n\t\t\t\t<h3 class=\"inouit-posts-list-title\">\n\t\t\t\t\t<a class=\"inouit-posts-list-title-link\" href=\"https:\/\/www.fld-lille.fr\/en\/associations-fair-2025\/\" title=\"Associations Fair 2025\">Associations Fair 2025<\/a>\n\t\t\t\t<\/h3>\n\t\t\t\t<p class=\"inouit-posts-list-excerpt\">On Wednesday 17 September, the Faculty of Law of the Universit\u00e9 Catholique de Lille held&hellip;<\/p>\n\t\t\t<\/div>\n\t\t<\/div>\n\t\t\t\t\t<div class=\"vc_col-sm-4\">\n\t\t\t<div class=\"inouit-posts-list-post\">\n\t\t\t\t\t\t\t\t\t<a class=\"inouit-posts-list-img-link\" href=\"https:\/\/www.fld-lille.fr\/en\/ecoposs-2025-shaping-desirable-futures-together\/\" title=\"ECOPOSS 2025: Shaping desirable futures together\"><img decoding=\"async\" src=\"https:\/\/www.fld-lille.fr\/wp-content\/uploads\/2025\/09\/ECOPOSS-banniere-1920x1080.jpg-2703-1-375x198-c-1.png\" alt=\"\"><\/a>\n\t\t\t\t\t\t\t\t<p class=\"inouit-posts-list-categories\">\n\t\t\t\t\t\t\t\t\t\t\t\t\t\t\t\t\t\t<span class=\"inouit-posts-list-category-link\" href=\"https:\/\/www.fld-lille.fr\/en\/category\/lille-en\/\">Lille<\/span>\n\t\t\t\t\t\t\t\t\t\t\t\t\t\t\t\t\t\t\t\t\t\t<\/p>\n\t\t\t\t<h3 class=\"inouit-posts-list-title\">\n\t\t\t\t\t<a class=\"inouit-posts-list-title-link\" href=\"https:\/\/www.fld-lille.fr\/en\/ecoposs-2025-shaping-desirable-futures-together\/\" title=\"ECOPOSS 2025: Shaping desirable futures together\">ECOPOSS 2025: Shaping desirable futures together<\/a>\n\t\t\t\t<\/h3>\n\t\t\t\t<p class=\"inouit-posts-list-excerpt\">From 9 to 12 October 2025, the Universit\u00e9 Catholique de Lille will host the second&hellip;<\/p>\n\t\t\t<\/div>\n\t\t<\/div>\n\t\t\t\t\t\t\t\t<div class=\"vc_clearfix\"><\/div>\n\t\t\t\t\t<div class=\"vc_col-sm-4\">\n\t\t\t<div class=\"inouit-posts-list-post\">\n\t\t\t\t\t\t\t\t\t<a class=\"inouit-posts-list-img-link\" href=\"https:\/\/www.fld-lille.fr\/en\/service-learning-education-in-action\/\" title=\"Service-Learning: education in action\"><img decoding=\"async\" src=\"https:\/\/www.fld-lille.fr\/wp-content\/uploads\/2025\/09\/ACTUS-SITE-FLD-2025-09-08T154512.039-1-375x198-c-1.png\" alt=\"\"><\/a>\n\t\t\t\t\t\t\t\t<p class=\"inouit-posts-list-categories\">\n\t\t\t\t\t\t\t\t\t\t\t\t\t\t\t\t\t\t<span class=\"inouit-posts-list-category-link\" href=\"https:\/\/www.fld-lille.fr\/en\/category\/lille-en\/\">Lille<\/span>\n\t\t\t\t\t\t\t\t\t\t\t\t\t\t\t\t\t\t\t\t\t\t<\/p>\n\t\t\t\t<h3 class=\"inouit-posts-list-title\">\n\t\t\t\t\t<a class=\"inouit-posts-list-title-link\" href=\"https:\/\/www.fld-lille.fr\/en\/service-learning-education-in-action\/\" title=\"Service-Learning: education in action\">Service-Learning: education in action<\/a>\n\t\t\t\t<\/h3>\n\t\t\t\t<p class=\"inouit-posts-list-excerpt\">On Friday 12 September, from 1 p.m. to 5 p.m., the Universit\u00e9 Catholique de Lille&hellip;<\/p>\n\t\t\t<\/div>\n\t\t<\/div>\n\t\t\t\t\t<div class=\"vc_col-sm-4\">\n\t\t\t<div class=\"inouit-posts-list-post\">\n\t\t\t\t\t\t\t\t\t<a class=\"inouit-posts-list-img-link\" href=\"https:\/\/www.fld-lille.fr\/en\/masterclass-global-actors-for-peace-a-9th-edition-dedicated-to-democracy-in-times-of-crisis\/\" title=\"Masterclass Global Actors for Peace: a 9th edition dedicated to democracy in times of crisis\"><img decoding=\"async\" src=\"https:\/\/www.fld-lille.fr\/wp-content\/uploads\/2025\/06\/FLD-masterclass-2025-ecran-1920x1080-2-scaled-375x198-c-1.jpg\" alt=\"\"><\/a>\n\t\t\t\t\t\t\t\t<p class=\"inouit-posts-list-categories\">\n\t\t\t\t\t\t\t\t\t\t\t\t\t\t\t\t\t\t<span class=\"inouit-posts-list-category-link\" href=\"https:\/\/www.fld-lille.fr\/en\/category\/research\/\">Research<\/span>\n\t\t\t\t\t\t\t\t\t\t\t\t\t\t\t\t\t\t\t\t\t\t<\/p>\n\t\t\t\t<h3 class=\"inouit-posts-list-title\">\n\t\t\t\t\t<a class=\"inouit-posts-list-title-link\" href=\"https:\/\/www.fld-lille.fr\/en\/masterclass-global-actors-for-peace-a-9th-edition-dedicated-to-democracy-in-times-of-crisis\/\" title=\"Masterclass Global Actors for Peace: a 9th edition dedicated to democracy in times of crisis\">Masterclass Global Actors for Peace: a 9th edition dedicated to democracy in times of crisis<\/a>\n\t\t\t\t<\/h3>\n\t\t\t\t<p class=\"inouit-posts-list-excerpt\">From 22 to 26 September 2025, the Faculty of Law of the Universit\u00e9 Catholique de&hellip;<\/p>\n\t\t\t<\/div>\n\t\t<\/div>\n\t\t\t\t\t<div class=\"vc_col-sm-4\">\n\t\t\t<div class=\"inouit-posts-list-post\">\n\t\t\t\t\t\t\t\t\t<a class=\"inouit-posts-list-img-link\" href=\"https:\/\/www.fld-lille.fr\/en\/the-faculty-of-law-launches-its-podcast\/\" title=\"The Faculty of Law launches its podcast!\"><img decoding=\"async\" src=\"https:\/\/www.fld-lille.fr\/wp-content\/uploads\/2025\/09\/ACTUS-SITE-FLD-2025-09-02T103102.771-375x198-c-1.png\" alt=\"\"><\/a>\n\t\t\t\t\t\t\t\t<p class=\"inouit-posts-list-categories\">\n\t\t\t\t\t\t\t\t\t\t\t\t\t\t\t\t\t\t<span class=\"inouit-posts-list-category-link\" href=\"https:\/\/www.fld-lille.fr\/en\/category\/issy-les-moulineaux\/\">Issy-les-Moulineaux<\/span>\n\t\t\t\t\t\t\t\t\t\t\t\t\t\t\t\/\n\t\t\t\t\t\t\t\t\t\t\t\t\t\t\t\t\t\t\t\t\t\t\t\t\t\t\t\t\t\t\t<span class=\"inouit-posts-list-category-link\" href=\"https:\/\/www.fld-lille.fr\/en\/category\/lille-en\/\">Lille<\/span>\n\t\t\t\t\t\t\t\t\t\t\t\t\t\t\t\t\t\t\t\t\t\t<\/p>\n\t\t\t\t<h3 class=\"inouit-posts-list-title\">\n\t\t\t\t\t<a class=\"inouit-posts-list-title-link\" href=\"https:\/\/www.fld-lille.fr\/en\/the-faculty-of-law-launches-its-podcast\/\" title=\"The Faculty of Law launches its podcast!\">The Faculty of Law launches its podcast!<\/a>\n\t\t\t\t<\/h3>\n\t\t\t\t<p class=\"inouit-posts-list-excerpt\">The Faculty of Law of the Universit\u00e9 Catholique de Lille gives voice to the professionals&hellip;<\/p>\n\t\t\t<\/div>\n\t\t<\/div>\n\t\t\t\t\t\t\t\t<div class=\"vc_clearfix\"><\/div>\n\t\t\t\t\t<div class=\"vc_col-sm-4\">\n\t\t\t<div class=\"inouit-posts-list-post\">\n\t\t\t\t\t\t\t\t\t<a class=\"inouit-posts-list-img-link\" href=\"https:\/\/www.fld-lille.fr\/en\/welcoming-the-2025-2026-academic-year\/\" title=\"Welcoming the 2025-2026 academic year\"><img decoding=\"async\" src=\"https:\/\/www.fld-lille.fr\/wp-content\/uploads\/2025\/08\/Capture-decran-2025-08-25-104155-375x198-c-1.png\" alt=\"\"><\/a>\n\t\t\t\t\t\t\t\t<p class=\"inouit-posts-list-categories\">\n\t\t\t\t\t\t\t\t\t\t\t\t\t\t\t\t\t\t<span class=\"inouit-posts-list-category-link\" href=\"https:\/\/www.fld-lille.fr\/en\/category\/issy-les-moulineaux\/\">Issy-les-Moulineaux<\/span>\n\t\t\t\t\t\t\t\t\t\t\t\t\t\t\t\/\n\t\t\t\t\t\t\t\t\t\t\t\t\t\t\t\t\t\t\t\t\t\t\t\t\t\t\t\t\t\t\t<span class=\"inouit-posts-list-category-link\" href=\"https:\/\/www.fld-lille.fr\/en\/category\/lille-en\/\">Lille<\/span>\n\t\t\t\t\t\t\t\t\t\t\t\t\t\t\t\t\t\t\t\t\t\t<\/p>\n\t\t\t\t<h3 class=\"inouit-posts-list-title\">\n\t\t\t\t\t<a class=\"inouit-posts-list-title-link\" href=\"https:\/\/www.fld-lille.fr\/en\/welcoming-the-2025-2026-academic-year\/\" title=\"Welcoming the 2025-2026 academic year\">Welcoming the 2025-2026 academic year<\/a>\n\t\t\t\t<\/h3>\n\t\t\t\t<p class=\"inouit-posts-list-excerpt\">Patrick Scauflaire, President-Rector of the Universit\u00e9 Catholique de Lille, shares his message as we begin&hellip;<\/p>\n\t\t\t<\/div>\n\t\t<\/div>\n\t\t\t\t\t<div class=\"vc_col-sm-4\">\n\t\t\t<div class=\"inouit-posts-list-post\">\n\t\t\t\t\t\t\t\t\t<a class=\"inouit-posts-list-img-link\" href=\"https:\/\/www.fld-lille.fr\/en\/reopening-of-the-faculty-of-law\/\" title=\"Reopening of the Faculty of Law\"><img decoding=\"async\" src=\"https:\/\/www.fld-lille.fr\/wp-content\/uploads\/2025\/08\/ACTUS-SITE-FLD-2025-07-17T152801.557-375x198-c-1.png\" alt=\"\"><\/a>\n\t\t\t\t\t\t\t\t<p class=\"inouit-posts-list-categories\">\n\t\t\t\t\t\t\t\t\t\t\t\t\t\t\t\t\t\t<span class=\"inouit-posts-list-category-link\" href=\"https:\/\/www.fld-lille.fr\/en\/category\/international-en\/\">International<\/span>\n\t\t\t\t\t\t\t\t\t\t\t\t\t\t\t\t\t\t\t\t\t\t<\/p>\n\t\t\t\t<h3 class=\"inouit-posts-list-title\">\n\t\t\t\t\t<a class=\"inouit-posts-list-title-link\" href=\"https:\/\/www.fld-lille.fr\/en\/reopening-of-the-faculty-of-law\/\" title=\"Reopening of the Faculty of Law\">Reopening of the Faculty of Law<\/a>\n\t\t\t\t<\/h3>\n\t\t\t\t<p class=\"inouit-posts-list-excerpt\">The Faculty of Law of the Universit\u00e9 Catholique de Lille reopens its doors on Monday&hellip;<\/p>\n\t\t\t<\/div>\n\t\t<\/div>\n\t\t\t\t\t<div class=\"vc_col-sm-4\">\n\t\t\t<div class=\"inouit-posts-list-post\">\n\t\t\t\t\t\t\t\t\t<a class=\"inouit-posts-list-img-link\" href=\"https:\/\/www.fld-lille.fr\/en\/a-law-faculty-in-step-with-the-times\/\" title=\"A Law Faculty in step with the times\"><img decoding=\"async\" src=\"https:\/\/www.fld-lille.fr\/wp-content\/uploads\/2025\/07\/ACTUS-SITE-FLD-2025-07-07T105214.561-375x198-c-1.png\" alt=\"\"><\/a>\n\t\t\t\t\t\t\t\t<p class=\"inouit-posts-list-categories\">\n\t\t\t\t\t\t\t\t\t\t\t\t\t\t\t\t\t\t<span class=\"inouit-posts-list-category-link\" href=\"https:\/\/www.fld-lille.fr\/en\/category\/issy-les-moulineaux\/\">Issy-les-Moulineaux<\/span>\n\t\t\t\t\t\t\t\t\t\t\t\t\t\t\t\/\n\t\t\t\t\t\t\t\t\t\t\t\t\t\t\t\t\t\t\t\t\t\t\t\t\t\t\t\t\t\t\t<span class=\"inouit-posts-list-category-link\" href=\"https:\/\/www.fld-lille.fr\/en\/category\/lille-en\/\">Lille<\/span>\n\t\t\t\t\t\t\t\t\t\t\t\t\t\t\t\t\t\t\t\t\t\t<\/p>\n\t\t\t\t<h3 class=\"inouit-posts-list-title\">\n\t\t\t\t\t<a class=\"inouit-posts-list-title-link\" href=\"https:\/\/www.fld-lille.fr\/en\/a-law-faculty-in-step-with-the-times\/\" title=\"A Law Faculty in step with the times\">A Law Faculty in step with the times<\/a>\n\t\t\t\t<\/h3>\n\t\t\t\t<p class=\"inouit-posts-list-excerpt\">At the Faculty of Law of the Universit\u00e9 Catholique de Lille, we are firmly convinced&hellip;<\/p>\n\t\t\t<\/div>\n\t\t<\/div>\n\t\t\t\t\t\t\t\t<div class=\"vc_clearfix\"><\/div>\n\t\t\t\t\t<div class=\"vc_col-sm-4\">\n\t\t\t<div class=\"inouit-posts-list-post\">\n\t\t\t\t\t\t\t\t\t<a class=\"inouit-posts-list-img-link\" href=\"https:\/\/www.fld-lille.fr\/en\/an-international-outlook\/\" title=\"An international outlook\"><img decoding=\"async\" src=\"https:\/\/www.fld-lille.fr\/wp-content\/uploads\/2025\/07\/ACTUS-SITE-FLD-2025-07-08T155929.340-375x198-c-1.png\" alt=\"\"><\/a>\n\t\t\t\t\t\t\t\t<p class=\"inouit-posts-list-categories\">\n\t\t\t\t\t\t\t\t\t\t\t\t\t\t\t\t\t\t<span class=\"inouit-posts-list-category-link\" href=\"https:\/\/www.fld-lille.fr\/en\/category\/international-en\/\">International<\/span>\n\t\t\t\t\t\t\t\t\t\t\t\t\t\t\t\t\t\t\t\t\t\t<\/p>\n\t\t\t\t<h3 class=\"inouit-posts-list-title\">\n\t\t\t\t\t<a class=\"inouit-posts-list-title-link\" href=\"https:\/\/www.fld-lille.fr\/en\/an-international-outlook\/\" title=\"An international outlook\">An international outlook<\/a>\n\t\t\t\t<\/h3>\n\t\t\t\t<p class=\"inouit-posts-list-excerpt\">At the Faculty of Law of the Universit\u00e9 Catholique de Lille, internationalism&hellip;<\/p>\n\t\t\t<\/div>\n\t\t<\/div>\n\t\t\t\t\t<div class=\"vc_col-sm-4\">\n\t\t\t<div class=\"inouit-posts-list-post\">\n\t\t\t\t\t\t\t\t\t<a class=\"inouit-posts-list-img-link\" href=\"https:\/\/www.fld-lille.fr\/en\/summer-closure-2025\/\" title=\"Summer closure 2025\"><img decoding=\"async\" src=\"https:\/\/www.fld-lille.fr\/wp-content\/uploads\/2024\/07\/Capture-decran-2024-07-12-152444-375x198-c-1.png\" alt=\"\"><\/a>\n\t\t\t\t\t\t\t\t<p class=\"inouit-posts-list-categories\">\n\t\t\t\t\t\t\t\t\t\t\t\t\t\t\t\t\t\t<span class=\"inouit-posts-list-category-link\" href=\"https:\/\/www.fld-lille.fr\/en\/category\/international-en\/\">International<\/span>\n\t\t\t\t\t\t\t\t\t\t\t\t\t\t\t\t\t\t\t\t\t\t<\/p>\n\t\t\t\t<h3 class=\"inouit-posts-list-title\">\n\t\t\t\t\t<a class=\"inouit-posts-list-title-link\" href=\"https:\/\/www.fld-lille.fr\/en\/summer-closure-2025\/\" title=\"Summer closure 2025\">Summer closure 2025<\/a>\n\t\t\t\t<\/h3>\n\t\t\t\t<p class=\"inouit-posts-list-excerpt\">The Faculty of Law of the Universit\u00e9 Catholique de Lille will be closed for the&hellip;<\/p>\n\t\t\t<\/div>\n\t\t<\/div>\n\t\t\t\t\t<div class=\"vc_col-sm-4\">\n\t\t\t<div class=\"inouit-posts-list-post\">\n\t\t\t\t\t\t\t\t\t<a class=\"inouit-posts-list-img-link\" href=\"https:\/\/www.fld-lille.fr\/en\/campus-france-etudes-en-france-procedure\/\" title=\"Campus France &#8211; &#8216;\u00c9tudes en France&#8217; procedure\"><img decoding=\"async\" src=\"https:\/\/www.fld-lille.fr\/wp-content\/uploads\/2024\/11\/ACTUS-SITE-FLD-2025-07-07T165648.867-375x198-c-1.png\" alt=\"\"><\/a>\n\t\t\t\t\t\t\t\t<p class=\"inouit-posts-list-categories\">\n\t\t\t\t\t\t\t\t\t\t\t\t\t\t\t\t\t\t<span class=\"inouit-posts-list-category-link\" href=\"https:\/\/www.fld-lille.fr\/en\/category\/international-en\/\">International<\/span>\n\t\t\t\t\t\t\t\t\t\t\t\t\t\t\t\t\t\t\t\t\t\t<\/p>\n\t\t\t\t<h3 class=\"inouit-posts-list-title\">\n\t\t\t\t\t<a class=\"inouit-posts-list-title-link\" href=\"https:\/\/www.fld-lille.fr\/en\/campus-france-etudes-en-france-procedure\/\" title=\"Campus France &#8211; &#8216;\u00c9tudes en France&#8217; procedure\">Campus France &#8211; &#8216;\u00c9tudes en France&#8217; procedure<\/a>\n\t\t\t\t<\/h3>\n\t\t\t\t<p class=\"inouit-posts-list-excerpt\">Are you planning to study in France, at the Faculty of Law of the Universit\u00e9&hellip;<\/p>\n\t\t\t<\/div>\n\t\t<\/div>\n\t\t\t\t\t\t\t\t<div class=\"vc_clearfix\"><\/div>\n\t\t\t\t\t<div class=\"vc_col-sm-4\">\n\t\t\t<div class=\"inouit-posts-list-post\">\n\t\t\t\t\t\t\t\t\t<a class=\"inouit-posts-list-img-link\" href=\"https:\/\/www.fld-lille.fr\/en\/fuce-summer-school-30-june-4-july-2025\/\" title=\"FUCE Summer School: 30 June &#8211; 4 July 2025\"><img decoding=\"async\" src=\"https:\/\/www.fld-lille.fr\/wp-content\/uploads\/2025\/06\/ACTUS-SITE-FLD-2025-06-25T095039.147-375x198-c-1.png\" alt=\"\"><\/a>\n\t\t\t\t\t\t\t\t<p class=\"inouit-posts-list-categories\">\n\t\t\t\t\t\t\t\t\t\t\t\t\t\t\t\t\t\t<span class=\"inouit-posts-list-category-link\" href=\"https:\/\/www.fld-lille.fr\/en\/category\/international-en\/\">International<\/span>\n\t\t\t\t\t\t\t\t\t\t\t\t\t\t\t\t\t\t\t\t\t\t<\/p>\n\t\t\t\t<h3 class=\"inouit-posts-list-title\">\n\t\t\t\t\t<a class=\"inouit-posts-list-title-link\" href=\"https:\/\/www.fld-lille.fr\/en\/fuce-summer-school-30-june-4-july-2025\/\" title=\"FUCE Summer School: 30 June &#8211; 4 July 2025\">FUCE Summer School: 30 June &#8211; 4 July 2025<\/a>\n\t\t\t\t<\/h3>\n\t\t\t\t<p class=\"inouit-posts-list-excerpt\">From Monday 30 June to Friday 4 July, the Universit\u00e9 Catholique de Lille will&hellip;<\/p>\n\t\t\t<\/div>\n\t\t<\/div>\n\t\t\t\t\t<div class=\"vc_col-sm-4\">\n\t\t\t<div class=\"inouit-posts-list-post\">\n\t\t\t\t\t\t\t\t\t<a class=\"inouit-posts-list-img-link\" href=\"https:\/\/www.fld-lille.fr\/en\/second-esp-session-an-international-summer\/\" title=\"Second ESP session: an international summer\"><img decoding=\"async\" src=\"https:\/\/www.fld-lille.fr\/wp-content\/uploads\/2025\/06\/ACTUS-SITE-FLD-2025-06-26T100310.947-375x198-c-1.png\" alt=\"\"><\/a>\n\t\t\t\t\t\t\t\t<p class=\"inouit-posts-list-categories\">\n\t\t\t\t\t\t\t\t\t\t\t\t\t\t\t\t\t\t<span class=\"inouit-posts-list-category-link\" href=\"https:\/\/www.fld-lille.fr\/en\/category\/international-en\/\">International<\/span>\n\t\t\t\t\t\t\t\t\t\t\t\t\t\t\t\t\t\t\t\t\t\t<\/p>\n\t\t\t\t<h3 class=\"inouit-posts-list-title\">\n\t\t\t\t\t<a class=\"inouit-posts-list-title-link\" href=\"https:\/\/www.fld-lille.fr\/en\/second-esp-session-an-international-summer\/\" title=\"Second ESP session: an international summer\">Second ESP session: an international summer<\/a>\n\t\t\t\t<\/h3>\n\t\t\t\t<p class=\"inouit-posts-list-excerpt\">After four weeks of rich discoveries and sharing, the first session of the 25th edition&hellip;<\/p>\n\t\t\t<\/div>\n\t\t<\/div>\n\t\t\t\t\t<div class=\"vc_col-sm-4\">\n\t\t\t<div class=\"inouit-posts-list-post\">\n\t\t\t\t\t\t\t\t\t<a class=\"inouit-posts-list-img-link\" href=\"https:\/\/www.fld-lille.fr\/en\/two-fld-phd-students-recognised-for-their-research-work\/\" title=\"Two FLD PhD students recognised for their research work\"><img decoding=\"async\" src=\"https:\/\/www.fld-lille.fr\/wp-content\/uploads\/2025\/06\/ACTUS-SITE-FLD-2025-06-26T135636.981-375x198-c-1.png\" alt=\"\"><\/a>\n\t\t\t\t\t\t\t\t<p class=\"inouit-posts-list-categories\">\n\t\t\t\t\t\t\t\t\t\t\t\t\t\t\t\t\t\t<span class=\"inouit-posts-list-category-link\" href=\"https:\/\/www.fld-lille.fr\/en\/category\/research\/\">Research<\/span>\n\t\t\t\t\t\t\t\t\t\t\t\t\t\t\t\t\t\t\t\t\t\t<\/p>\n\t\t\t\t<h3 class=\"inouit-posts-list-title\">\n\t\t\t\t\t<a class=\"inouit-posts-list-title-link\" href=\"https:\/\/www.fld-lille.fr\/en\/two-fld-phd-students-recognised-for-their-research-work\/\" title=\"Two FLD PhD students recognised for their research work\">Two FLD PhD students recognised for their research work<\/a>\n\t\t\t\t<\/h3>\n\t\t\t\t<p class=\"inouit-posts-list-excerpt\">The Faculty of Law of the Universit\u00e9 Catholique de Lille was honoured during the end-of-year&hellip;<\/p>\n\t\t\t<\/div>\n\t\t<\/div>\n\t\t\t\t\t\t\t\t<div class=\"vc_clearfix\"><\/div>\n\t\t\t\t\t<div class=\"vc_col-sm-4\">\n\t\t\t<div class=\"inouit-posts-list-post\">\n\t\t\t\t\t\t\t\t\t<a class=\"inouit-posts-list-img-link\" href=\"https:\/\/www.fld-lille.fr\/en\/inauguration-of-the-valerie-simon-de-boissieu-lecture-theatre\/\" title=\"Inauguration of the Val\u00e9rie Simon de Boissieu lecture theatre\"><img decoding=\"async\" src=\"https:\/\/www.fld-lille.fr\/wp-content\/uploads\/2025\/06\/ACTUS-SITE-FLD-2025-06-12T162111.223-375x198-c-1.png\" alt=\"\"><\/a>\n\t\t\t\t\t\t\t\t<p class=\"inouit-posts-list-categories\">\n\t\t\t\t\t\t\t\t\t\t\t\t\t\t\t\t\t\t<span class=\"inouit-posts-list-category-link\" href=\"https:\/\/www.fld-lille.fr\/en\/category\/issy-les-moulineaux\/\">Issy-les-Moulineaux<\/span>\n\t\t\t\t\t\t\t\t\t\t\t\t\t\t\t\t\t\t\t\t\t\t<\/p>\n\t\t\t\t<h3 class=\"inouit-posts-list-title\">\n\t\t\t\t\t<a class=\"inouit-posts-list-title-link\" href=\"https:\/\/www.fld-lille.fr\/en\/inauguration-of-the-valerie-simon-de-boissieu-lecture-theatre\/\" title=\"Inauguration of the Val\u00e9rie Simon de Boissieu lecture theatre\">Inauguration of the Val\u00e9rie Simon de Boissieu lecture theatre<\/a>\n\t\t\t\t<\/h3>\n\t\t\t\t<p class=\"inouit-posts-list-excerpt\">On Wednesday 11 June 2025, the Faculty of Law of the Universit\u00e9 Catholique de Lille&hellip;<\/p>\n\t\t\t<\/div>\n\t\t<\/div>\n\t\t\t\t\t<div class=\"vc_col-sm-4\">\n\t\t\t<div class=\"inouit-posts-list-post\">\n\t\t\t\t\t\t\t\t\t<a class=\"inouit-posts-list-img-link\" href=\"https:\/\/www.fld-lille.fr\/en\/our-alumni-admitted-to-the-new-york-and-california-bars\/\" title=\"Our Alumni admitted to the New York and California Bars\"><img decoding=\"async\" src=\"https:\/\/www.fld-lille.fr\/wp-content\/uploads\/2025\/06\/ACTUS-SITE-FLD-2025-06-03T115619.682-375x198-c-1.png\" alt=\"\"><\/a>\n\t\t\t\t\t\t\t\t<p class=\"inouit-posts-list-categories\">\n\t\t\t\t\t\t\t\t\t\t\t\t\t\t\t\t\t\t<span class=\"inouit-posts-list-category-link\" href=\"https:\/\/www.fld-lille.fr\/en\/category\/alumni\/\">Alumni<\/span>\n\t\t\t\t\t\t\t\t\t\t\t\t\t\t\t\/\n\t\t\t\t\t\t\t\t\t\t\t\t\t\t\t\t\t\t\t\t\t\t\t\t\t\t\t\t\t\t\t<span class=\"inouit-posts-list-category-link\" href=\"https:\/\/www.fld-lille.fr\/en\/category\/international-en\/\">International<\/span>\n\t\t\t\t\t\t\t\t\t\t\t\t\t\t\t\t\t\t\t\t\t\t<\/p>\n\t\t\t\t<h3 class=\"inouit-posts-list-title\">\n\t\t\t\t\t<a class=\"inouit-posts-list-title-link\" href=\"https:\/\/www.fld-lille.fr\/en\/our-alumni-admitted-to-the-new-york-and-california-bars\/\" title=\"Our Alumni admitted to the New York and California Bars\">Our Alumni admitted to the New York and California Bars<\/a>\n\t\t\t\t<\/h3>\n\t\t\t\t<p class=\"inouit-posts-list-excerpt\">The Faculty of Law at the Universit\u00e9 Catholique de Lille is proud to celebrate the&hellip;<\/p>\n\t\t\t<\/div>\n\t\t<\/div>\n\t\t\t\t\t<div class=\"vc_col-sm-4\">\n\t\t\t<div class=\"inouit-posts-list-post\">\n\t\t\t\t\t\t\t\t\t<a class=\"inouit-posts-list-img-link\" href=\"https:\/\/www.fld-lille.fr\/en\/the-vaisseau-hosted-its-first-graduation-ceremony\/\" title=\"The Vaisseau hosted its first graduation ceremony\"><img decoding=\"async\" src=\"https:\/\/www.fld-lille.fr\/wp-content\/uploads\/2025\/05\/ACTUS-SITE-FLD-2025-05-26T164058.757-375x198-c-1.png\" alt=\"\"><\/a>\n\t\t\t\t\t\t\t\t<p class=\"inouit-posts-list-categories\">\n\t\t\t\t\t\t\t\t\t\t\t\t\t\t\t\t\t\t<span class=\"inouit-posts-list-category-link\" href=\"https:\/\/www.fld-lille.fr\/en\/category\/issy-les-moulineaux\/\">Issy-les-Moulineaux<\/span>\n\t\t\t\t\t\t\t\t\t\t\t\t\t\t\t\t\t\t\t\t\t\t<\/p>\n\t\t\t\t<h3 class=\"inouit-posts-list-title\">\n\t\t\t\t\t<a class=\"inouit-posts-list-title-link\" href=\"https:\/\/www.fld-lille.fr\/en\/the-vaisseau-hosted-its-first-graduation-ceremony\/\" title=\"The Vaisseau hosted its first graduation ceremony\">The Vaisseau hosted its first graduation ceremony<\/a>\n\t\t\t\t<\/h3>\n\t\t\t\t<p class=\"inouit-posts-list-excerpt\">On Friday 23 May 2025, the Faculty of Law of the Universit\u00e9 Catholique de Lille&hellip;<\/p>\n\t\t\t<\/div>\n\t\t<\/div>\n\t\t\t\t\t\t\t\t<div class=\"vc_clearfix\"><\/div>\n\t\t\t\t\t<div class=\"vc_col-sm-4\">\n\t\t\t<div class=\"inouit-posts-list-post\">\n\t\t\t\t\t\t\t\t\t<a class=\"inouit-posts-list-img-link\" href=\"https:\/\/www.fld-lille.fr\/en\/25th-edition-of-the-european-summer-program\/\" title=\"25th edition of the European Summer Program\"><img decoding=\"async\" src=\"https:\/\/www.fld-lille.fr\/wp-content\/uploads\/2025\/05\/ACTUS-SITE-FLD-2025-05-22T154304.205-375x198-c-1.png\" alt=\"\"><\/a>\n\t\t\t\t\t\t\t\t<p class=\"inouit-posts-list-categories\">\n\t\t\t\t\t\t\t\t\t\t\t\t\t\t\t\t\t\t<span class=\"inouit-posts-list-category-link\" href=\"https:\/\/www.fld-lille.fr\/en\/category\/international-en\/\">International<\/span>\n\t\t\t\t\t\t\t\t\t\t\t\t\t\t\t\/\n\t\t\t\t\t\t\t\t\t\t\t\t\t\t\t\t\t\t\t\t\t\t\t\t\t\t\t\t\t\t\t<span class=\"inouit-posts-list-category-link\" href=\"https:\/\/www.fld-lille.fr\/en\/category\/lille-en\/\">Lille<\/span>\n\t\t\t\t\t\t\t\t\t\t\t\t\t\t\t\t\t\t\t\t\t\t<\/p>\n\t\t\t\t<h3 class=\"inouit-posts-list-title\">\n\t\t\t\t\t<a class=\"inouit-posts-list-title-link\" href=\"https:\/\/www.fld-lille.fr\/en\/25th-edition-of-the-european-summer-program\/\" title=\"25th edition of the European Summer Program\">25th edition of the European Summer Program<\/a>\n\t\t\t\t<\/h3>\n\t\t\t\t<p class=\"inouit-posts-list-excerpt\">From Thursday 22 May to Friday 20 June 2025, the Universit\u00e9 Catholique de Lille, in&hellip;<\/p>\n\t\t\t<\/div>\n\t\t<\/div>\n\t\t\t\t\t<div class=\"vc_col-sm-4\">\n\t\t\t<div class=\"inouit-posts-list-post\">\n\t\t\t\t\t\t\t\t\t<a class=\"inouit-posts-list-img-link\" href=\"https:\/\/www.fld-lille.fr\/en\/the-faculty-of-law-at-the-heart-of-the-vivaissy-festival\/\" title=\"The Faculty of Law at the heart of the #VivaIssy Festival\"><img decoding=\"async\" src=\"https:\/\/www.fld-lille.fr\/wp-content\/uploads\/2025\/05\/ACTUS-SITE-FLD-2025-05-21T111210.654-375x198-c-1.png\" alt=\"\"><\/a>\n\t\t\t\t\t\t\t\t<p class=\"inouit-posts-list-categories\">\n\t\t\t\t\t\t\t\t\t\t\t\t\t\t\t\t\t\t<span class=\"inouit-posts-list-category-link\" href=\"https:\/\/www.fld-lille.fr\/en\/category\/issy-les-moulineaux\/\">Issy-les-Moulineaux<\/span>\n\t\t\t\t\t\t\t\t\t\t\t\t\t\t\t\t\t\t\t\t\t\t<\/p>\n\t\t\t\t<h3 class=\"inouit-posts-list-title\">\n\t\t\t\t\t<a class=\"inouit-posts-list-title-link\" href=\"https:\/\/www.fld-lille.fr\/en\/the-faculty-of-law-at-the-heart-of-the-vivaissy-festival\/\" title=\"The Faculty of Law at the heart of the #VivaIssy Festival\">The Faculty of Law at the heart of the #VivaIssy Festival<\/a>\n\t\t\t\t<\/h3>\n\t\t\t\t<p class=\"inouit-posts-list-excerpt\">From 19 to 25 May 2025, the city of Issy-les-Moulineaux is hosting the #VivaIssy Festival,&hellip;<\/p>\n\t\t\t<\/div>\n\t\t<\/div>\n\t\t\t\t\t<div class=\"vc_col-sm-4\">\n\t\t\t<div class=\"inouit-posts-list-post\">\n\t\t\t\t\t\t\t\t\t<a class=\"inouit-posts-list-img-link\" href=\"https:\/\/www.fld-lille.fr\/en\/the-cnil-at-the-faculty-of-law-to-discuss-health-data\/\" title=\"The CNIL at the Faculty of Law to discuss health data\"><img decoding=\"async\" src=\"https:\/\/www.fld-lille.fr\/wp-content\/uploads\/2025\/05\/ACTUS-SITE-FLD-99-375x198-c-1.png\" alt=\"\"><\/a>\n\t\t\t\t\t\t\t\t<p class=\"inouit-posts-list-categories\">\n\t\t\t\t\t\t\t\t\t\t\t\t\t\t\t\t\t\t<span class=\"inouit-posts-list-category-link\" href=\"https:\/\/www.fld-lille.fr\/en\/category\/lille-en\/\">Lille<\/span>\n\t\t\t\t\t\t\t\t\t\t\t\t\t\t\t\/\n\t\t\t\t\t\t\t\t\t\t\t\t\t\t\t\t\t\t\t\t\t\t\t\t\t\t\t\t\t\t\t<span class=\"inouit-posts-list-category-link\" href=\"https:\/\/www.fld-lille.fr\/en\/category\/research\/\">Research<\/span>\n\t\t\t\t\t\t\t\t\t\t\t\t\t\t\t\t\t\t\t\t\t\t<\/p>\n\t\t\t\t<h3 class=\"inouit-posts-list-title\">\n\t\t\t\t\t<a class=\"inouit-posts-list-title-link\" href=\"https:\/\/www.fld-lille.fr\/en\/the-cnil-at-the-faculty-of-law-to-discuss-health-data\/\" title=\"The CNIL at the Faculty of Law to discuss health data\">The CNIL at the Faculty of Law to discuss health data<\/a>\n\t\t\t\t<\/h3>\n\t\t\t\t<p class=\"inouit-posts-list-excerpt\">On Wednesday 14 May 2025, the Faculty of Law of the Universit\u00e9 Catholique de Lille&hellip;<\/p>\n\t\t\t<\/div>\n\t\t<\/div>\n\t\t\t\t\t\t\t\t<div class=\"vc_clearfix\"><\/div>\n\t\t\t\t\t<div class=\"vc_col-sm-4\">\n\t\t\t<div class=\"inouit-posts-list-post\">\n\t\t\t\t\t\t\t\t\t<a class=\"inouit-posts-list-img-link\" href=\"https:\/\/www.fld-lille.fr\/en\/european-immersion-for-prepa-d1-students\/\" title=\"European immersion for Pr\u00e9pa D1 students\"><img decoding=\"async\" src=\"https:\/\/www.fld-lille.fr\/wp-content\/uploads\/2025\/05\/ACTUS-SITE-FLD-98-375x198-c-1.png\" alt=\"\"><\/a>\n\t\t\t\t\t\t\t\t<p class=\"inouit-posts-list-categories\">\n\t\t\t\t\t\t\t\t\t\t\t\t\t\t\t\t\t\t<span class=\"inouit-posts-list-category-link\" href=\"https:\/\/www.fld-lille.fr\/en\/category\/international-en\/\">International<\/span>\n\t\t\t\t\t\t\t\t\t\t\t\t\t\t\t\/\n\t\t\t\t\t\t\t\t\t\t\t\t\t\t\t\t\t\t\t\t\t\t\t\t\t\t\t\t\t\t\t<span class=\"inouit-posts-list-category-link\" href=\"https:\/\/www.fld-lille.fr\/en\/category\/students\/\">Students<\/span>\n\t\t\t\t\t\t\t\t\t\t\t\t\t\t\t\t\t\t\t\t\t\t<\/p>\n\t\t\t\t<h3 class=\"inouit-posts-list-title\">\n\t\t\t\t\t<a class=\"inouit-posts-list-title-link\" href=\"https:\/\/www.fld-lille.fr\/en\/european-immersion-for-prepa-d1-students\/\" title=\"European immersion for Pr\u00e9pa D1 students\">European immersion for Pr\u00e9pa D1 students<\/a>\n\t\t\t\t<\/h3>\n\t\t\t\t<p class=\"inouit-posts-list-excerpt\">On 7 May, students from the &#8216;Pr\u00e9pa D1&#8216; (Law and Economics) programme, jointly offered by&hellip;<\/p>\n\t\t\t<\/div>\n\t\t<\/div>\n\t\t\t\t\t<div class=\"vc_col-sm-4\">\n\t\t\t<div class=\"inouit-posts-list-post\">\n\t\t\t\t\t\t\t\t\t<a class=\"inouit-posts-list-img-link\" href=\"https:\/\/www.fld-lille.fr\/en\/europe-month-2025\/\" title=\"Europe Month 2025\"><img decoding=\"async\" src=\"https:\/\/www.fld-lille.fr\/wp-content\/uploads\/2025\/05\/ACTUS-SITE-FLD-95-375x198-c-1.png\" alt=\"\"><\/a>\n\t\t\t\t\t\t\t\t<p class=\"inouit-posts-list-categories\">\n\t\t\t\t\t\t\t\t\t\t\t\t\t\t\t\t\t\t<span class=\"inouit-posts-list-category-link\" href=\"https:\/\/www.fld-lille.fr\/en\/category\/international-en\/\">International<\/span>\n\t\t\t\t\t\t\t\t\t\t\t\t\t\t\t\t\t\t\t\t\t\t<\/p>\n\t\t\t\t<h3 class=\"inouit-posts-list-title\">\n\t\t\t\t\t<a class=\"inouit-posts-list-title-link\" href=\"https:\/\/www.fld-lille.fr\/en\/europe-month-2025\/\" title=\"Europe Month 2025\">Europe Month 2025<\/a>\n\t\t\t\t<\/h3>\n\t\t\t\t<p class=\"inouit-posts-list-excerpt\">Every year in May, Europe Day commemorates a key moment in the history of the&hellip;<\/p>\n\t\t\t<\/div>\n\t\t<\/div>\n\t\t\t\t\t<div class=\"vc_col-sm-4\">\n\t\t\t<div class=\"inouit-posts-list-post\">\n\t\t\t\t\t\t\t\t\t<a class=\"inouit-posts-list-img-link\" href=\"https:\/\/www.fld-lille.fr\/en\/celebrating-150-years-a-milestone-day-and-a-triumph-for-the-law-faculty\/\" title=\"Celebrating 150 years: a milestone day and a triumph for the Law Faculty\"><img decoding=\"async\" src=\"https:\/\/www.fld-lille.fr\/wp-content\/uploads\/2025\/05\/ACTUS-SITE-FLD-92-375x198-c-1.png\" alt=\"\"><\/a>\n\t\t\t\t\t\t\t\t<p class=\"inouit-posts-list-categories\">\n\t\t\t\t\t\t\t\t\t\t\t\t\t\t\t\t\t\t<span class=\"inouit-posts-list-category-link\" href=\"https:\/\/www.fld-lille.fr\/en\/category\/lille-en\/\">Lille<\/span>\n\t\t\t\t\t\t\t\t\t\t\t\t\t\t\t\t\t\t\t\t\t\t<\/p>\n\t\t\t\t<h3 class=\"inouit-posts-list-title\">\n\t\t\t\t\t<a class=\"inouit-posts-list-title-link\" href=\"https:\/\/www.fld-lille.fr\/en\/celebrating-150-years-a-milestone-day-and-a-triumph-for-the-law-faculty\/\" title=\"Celebrating 150 years: a milestone day and a triumph for the Law Faculty\">Celebrating 150 years: a milestone day and a triumph for the Law Faculty<\/a>\n\t\t\t\t<\/h3>\n\t\t\t\t<p class=\"inouit-posts-list-excerpt\">Thursday 13 March marked a landmark in the history of the Universit\u00e9 Catholique de Lille,&hellip;<\/p>\n\t\t\t<\/div>\n\t\t<\/div>\n\t\t\t\t\t\t\t\t<div class=\"vc_clearfix\"><\/div>\n\t\t\t\t\t<div class=\"vc_col-sm-4\">\n\t\t\t<div class=\"inouit-posts-list-post\">\n\t\t\t\t\t\t\t\t\t<a class=\"inouit-posts-list-img-link\" href=\"https:\/\/www.fld-lille.fr\/en\/cnil-gdpr-seminar-at-the-faculty-of-law\/\" title=\"CNIL GDPR seminar at the Faculty of Law\"><img decoding=\"async\" src=\"https:\/\/www.fld-lille.fr\/wp-content\/uploads\/2025\/03\/C3RD-save-the-date-14-mai-2025-scaled-375x198-c-1.jpg\" alt=\"\"><\/a>\n\t\t\t\t\t\t\t\t<p class=\"inouit-posts-list-categories\">\n\t\t\t\t\t\t\t\t\t\t\t\t\t\t\t\t\t\t<span class=\"inouit-posts-list-category-link\" href=\"https:\/\/www.fld-lille.fr\/en\/category\/lille-en\/\">Lille<\/span>\n\t\t\t\t\t\t\t\t\t\t\t\t\t\t\t\/\n\t\t\t\t\t\t\t\t\t\t\t\t\t\t\t\t\t\t\t\t\t\t\t\t\t\t\t\t\t\t\t<span class=\"inouit-posts-list-category-link\" href=\"https:\/\/www.fld-lille.fr\/en\/category\/research\/\">Research<\/span>\n\t\t\t\t\t\t\t\t\t\t\t\t\t\t\t\t\t\t\t\t\t\t<\/p>\n\t\t\t\t<h3 class=\"inouit-posts-list-title\">\n\t\t\t\t\t<a class=\"inouit-posts-list-title-link\" href=\"https:\/\/www.fld-lille.fr\/en\/cnil-gdpr-seminar-at-the-faculty-of-law\/\" title=\"CNIL GDPR seminar at the Faculty of Law\">CNIL GDPR seminar at the Faculty of Law<\/a>\n\t\t\t\t<\/h3>\n\t\t\t\t<p class=\"inouit-posts-list-excerpt\">The Research Centre of the Faculty of Law of the Universit\u00e9 Catholique de Lille (C3RD),&hellip;<\/p>\n\t\t\t<\/div>\n\t\t<\/div>\n\t\t\t\t\t<div class=\"vc_col-sm-4\">\n\t\t\t<div class=\"inouit-posts-list-post\">\n\t\t\t\t\t\t\t\t\t<a class=\"inouit-posts-list-img-link\" href=\"https:\/\/www.fld-lille.fr\/en\/uniservitate-2025-conference-service-learning-at-ku-leuven\/\" title=\"Uniservitate 2025 conference: Service-Learning at KU Leuven\"><img decoding=\"async\" src=\"https:\/\/www.fld-lille.fr\/wp-content\/uploads\/2025\/04\/ACTUS-SITE-FLD-88-375x198-c-1.png\" alt=\"\"><\/a>\n\t\t\t\t\t\t\t\t<p class=\"inouit-posts-list-categories\">\n\t\t\t\t\t\t\t\t\t\t\t\t\t\t\t\t\t\t<span class=\"inouit-posts-list-category-link\" href=\"https:\/\/www.fld-lille.fr\/en\/category\/international-en\/\">International<\/span>\n\t\t\t\t\t\t\t\t\t\t\t\t\t\t\t\/\n\t\t\t\t\t\t\t\t\t\t\t\t\t\t\t\t\t\t\t\t\t\t\t\t\t\t\t\t\t\t\t<span class=\"inouit-posts-list-category-link\" href=\"https:\/\/www.fld-lille.fr\/en\/category\/lille-en\/\">Lille<\/span>\n\t\t\t\t\t\t\t\t\t\t\t\t\t\t\t\t\t\t\t\t\t\t<\/p>\n\t\t\t\t<h3 class=\"inouit-posts-list-title\">\n\t\t\t\t\t<a class=\"inouit-posts-list-title-link\" href=\"https:\/\/www.fld-lille.fr\/en\/uniservitate-2025-conference-service-learning-at-ku-leuven\/\" title=\"Uniservitate 2025 conference: Service-Learning at KU Leuven\">Uniservitate 2025 conference: Service-Learning at KU Leuven<\/a>\n\t\t\t\t<\/h3>\n\t\t\t\t<p class=\"inouit-posts-list-excerpt\">On Wednesday 2 April 2025, several members of the Faculty of Law of the Universit\u00e9&hellip;<\/p>\n\t\t\t<\/div>\n\t\t<\/div>\n\t\t\t\t\t<div class=\"vc_col-sm-4\">\n\t\t\t<div class=\"inouit-posts-list-post\">\n\t\t\t\t\t\t\t\t\t<a class=\"inouit-posts-list-img-link\" href=\"https:\/\/www.fld-lille.fr\/en\/our-students-abroad-heading-for-athens\/\" title=\"Our students abroad: heading for Athens!\"><img decoding=\"async\" src=\"https:\/\/www.fld-lille.fr\/wp-content\/uploads\/2025\/03\/ACTUS-SITE-FLD-78-375x198-c-1.png\" alt=\"\"><\/a>\n\t\t\t\t\t\t\t\t<p class=\"inouit-posts-list-categories\">\n\t\t\t\t\t\t\t\t\t\t\t\t\t\t\t\t\t\t<span class=\"inouit-posts-list-category-link\" href=\"https:\/\/www.fld-lille.fr\/en\/category\/international-en\/\">International<\/span>\n\t\t\t\t\t\t\t\t\t\t\t\t\t\t\t\t\t\t\t\t\t\t<\/p>\n\t\t\t\t<h3 class=\"inouit-posts-list-title\">\n\t\t\t\t\t<a class=\"inouit-posts-list-title-link\" href=\"https:\/\/www.fld-lille.fr\/en\/our-students-abroad-heading-for-athens\/\" title=\"Our students abroad: heading for Athens!\">Our students abroad: heading for Athens!<\/a>\n\t\t\t\t<\/h3>\n\t\t\t\t<p class=\"inouit-posts-list-excerpt\">Students in the Human Rights, Security and Development Master&#8217;s programme at the Universit\u00e9 Catholique de&hellip;<\/p>\n\t\t\t<\/div>\n\t\t<\/div>\n\t\t\t\t\t\t\t\t<div class=\"vc_clearfix\"><\/div>\n\t\t\t\t\t<div class=\"vc_col-sm-4\">\n\t\t\t<div class=\"inouit-posts-list-post\">\n\t\t\t\t\t\t\t\t\t<a class=\"inouit-posts-list-img-link\" href=\"https:\/\/www.fld-lille.fr\/en\/guest-lecture-research-seminar-by-prof-diane-fromage\/\" title=\"Guest Lecture &#038; Research Seminar by Prof. Diane Fromage\"><img decoding=\"async\" src=\"https:\/\/www.fld-lille.fr\/wp-content\/uploads\/2025\/03\/ACTUS-SITE-FLD-69-375x198-c-1.png\" alt=\"\"><\/a>\n\t\t\t\t\t\t\t\t<p class=\"inouit-posts-list-categories\">\n\t\t\t\t\t\t\t\t\t\t\t\t\t\t\t\t\t\t<span class=\"inouit-posts-list-category-link\" href=\"https:\/\/www.fld-lille.fr\/en\/category\/international-en\/\">International<\/span>\n\t\t\t\t\t\t\t\t\t\t\t\t\t\t\t\/\n\t\t\t\t\t\t\t\t\t\t\t\t\t\t\t\t\t\t\t\t\t\t\t\t\t\t\t\t\t\t\t<span class=\"inouit-posts-list-category-link\" href=\"https:\/\/www.fld-lille.fr\/en\/category\/research\/\">Research<\/span>\n\t\t\t\t\t\t\t\t\t\t\t\t\t\t\t\t\t\t\t\t\t\t<\/p>\n\t\t\t\t<h3 class=\"inouit-posts-list-title\">\n\t\t\t\t\t<a class=\"inouit-posts-list-title-link\" href=\"https:\/\/www.fld-lille.fr\/en\/guest-lecture-research-seminar-by-prof-diane-fromage\/\" title=\"Guest Lecture &#038; Research Seminar by Prof. Diane Fromage\">Guest Lecture &#038; Research Seminar by Prof. Diane Fromage<\/a>\n\t\t\t\t<\/h3>\n\t\t\t\t<p class=\"inouit-posts-list-excerpt\">The Faculty of Law at Universit\u00e9 Catholique de Lille is pleased to welcome Professor Diane&hellip;<\/p>\n\t\t\t<\/div>\n\t\t<\/div>\n\t\t\t\t\t<div class=\"vc_col-sm-4\">\n\t\t\t<div class=\"inouit-posts-list-post\">\n\t\t\t\t\t\t\t\t\t<a class=\"inouit-posts-list-img-link\" href=\"https:\/\/www.fld-lille.fr\/en\/congratulations-to-our-graduates-robert-badinter-class\/\" title=\"Congratulations to our graduates &#8211; Robert Badinter class!\"><img decoding=\"async\" src=\"https:\/\/www.fld-lille.fr\/wp-content\/uploads\/2025\/03\/ACTUS-SITE-FLD-63-1-375x198-c-1.png\" alt=\"\"><\/a>\n\t\t\t\t\t\t\t\t<p class=\"inouit-posts-list-categories\">\n\t\t\t\t\t\t\t\t\t\t\t\t\t\t\t\t\t\t<span class=\"inouit-posts-list-category-link\" href=\"https:\/\/www.fld-lille.fr\/en\/category\/lille-en\/\">Lille<\/span>\n\t\t\t\t\t\t\t\t\t\t\t\t\t\t\t\t\t\t\t\t\t\t<\/p>\n\t\t\t\t<h3 class=\"inouit-posts-list-title\">\n\t\t\t\t\t<a class=\"inouit-posts-list-title-link\" href=\"https:\/\/www.fld-lille.fr\/en\/congratulations-to-our-graduates-robert-badinter-class\/\" title=\"Congratulations to our graduates &#8211; Robert Badinter class!\">Congratulations to our graduates &#8211; Robert Badinter class!<\/a>\n\t\t\t\t<\/h3>\n\t\t\t\t<p class=\"inouit-posts-list-excerpt\">On Friday 7 March 2025, the Faculty of Law of the Universit\u00e9 Catholique de Lille&hellip;<\/p>\n\t\t\t<\/div>\n\t\t<\/div>\n\t\t\t\t\t<div class=\"vc_col-sm-4\">\n\t\t\t<div class=\"inouit-posts-list-post\">\n\t\t\t\t\t\t\t\t\t<a class=\"inouit-posts-list-img-link\" href=\"https:\/\/www.fld-lille.fr\/en\/international-week-to-the-future\/\" title=\"International week: To the future!\"><img decoding=\"async\" src=\"https:\/\/www.fld-lille.fr\/wp-content\/uploads\/2025\/03\/semaine-internationale-2025-ecran-1920x10802-1-scaled-375x198-c-1.jpg\" alt=\"\"><\/a>\n\t\t\t\t\t\t\t\t<p class=\"inouit-posts-list-categories\">\n\t\t\t\t\t\t\t\t\t\t\t\t\t\t\t\t\t\t<span class=\"inouit-posts-list-category-link\" href=\"https:\/\/www.fld-lille.fr\/en\/category\/international-en\/\">International<\/span>\n\t\t\t\t\t\t\t\t\t\t\t\t\t\t\t\/\n\t\t\t\t\t\t\t\t\t\t\t\t\t\t\t\t\t\t\t\t\t\t\t\t\t\t\t\t\t\t\t<span class=\"inouit-posts-list-category-link\" href=\"https:\/\/www.fld-lille.fr\/en\/category\/lille-en\/\">Lille<\/span>\n\t\t\t\t\t\t\t\t\t\t\t\t\t\t\t\t\t\t\t\t\t\t<\/p>\n\t\t\t\t<h3 class=\"inouit-posts-list-title\">\n\t\t\t\t\t<a class=\"inouit-posts-list-title-link\" href=\"https:\/\/www.fld-lille.fr\/en\/international-week-to-the-future\/\" title=\"International week: To the future!\">International week: To the future!<\/a>\n\t\t\t\t<\/h3>\n\t\t\t\t<p class=\"inouit-posts-list-excerpt\">From Monday 10 to Friday 14 March 2025, the International Relations Department of the Universit\u00e9&hellip;<\/p>\n\t\t\t<\/div>\n\t\t<\/div>\n\t\t\t\t\t\t\t\t<div class=\"vc_clearfix\"><\/div>\n\t\t\t\t\t<div class=\"vc_col-sm-4\">\n\t\t\t<div class=\"inouit-posts-list-post\">\n\t\t\t\t\t\t\t\t\t<a class=\"inouit-posts-list-img-link\" href=\"https:\/\/www.fld-lille.fr\/en\/mastersweek-lets-talk-about-your-future\/\" title=\"Masters&#8217;week: Let&#8217;s talk about your future!\"><img decoding=\"async\" src=\"https:\/\/www.fld-lille.fr\/wp-content\/uploads\/2025\/01\/ACTUS-SITE-FLD-53-375x198-c-1.png\" alt=\"\"><\/a>\n\t\t\t\t\t\t\t\t<p class=\"inouit-posts-list-categories\">\n\t\t\t\t\t\t\t\t\t\t\t\t\t\t\t\t\t\t<span class=\"inouit-posts-list-category-link\" href=\"https:\/\/www.fld-lille.fr\/en\/category\/international-en\/\">International<\/span>\n\t\t\t\t\t\t\t\t\t\t\t\t\t\t\t\/\n\t\t\t\t\t\t\t\t\t\t\t\t\t\t\t\t\t\t\t\t\t\t\t\t\t\t\t\t\t\t\t<span class=\"inouit-posts-list-category-link\" href=\"https:\/\/www.fld-lille.fr\/en\/category\/students\/\">Students<\/span>\n\t\t\t\t\t\t\t\t\t\t\t\t\t\t\t\t\t\t\t\t\t\t<\/p>\n\t\t\t\t<h3 class=\"inouit-posts-list-title\">\n\t\t\t\t\t<a class=\"inouit-posts-list-title-link\" href=\"https:\/\/www.fld-lille.fr\/en\/mastersweek-lets-talk-about-your-future\/\" title=\"Masters&#8217;week: Let&#8217;s talk about your future!\">Masters&#8217;week: Let&#8217;s talk about your future!<\/a>\n\t\t\t\t<\/h3>\n\t\t\t\t<p class=\"inouit-posts-list-excerpt\">You are a law student and would like to find out more information about your&hellip;<\/p>\n\t\t\t<\/div>\n\t\t<\/div>\n\t\t\t\t\t<div class=\"vc_col-sm-4\">\n\t\t\t<div class=\"inouit-posts-list-post\">\n\t\t\t\t\t\t\t\t\t<a class=\"inouit-posts-list-img-link\" href=\"https:\/\/www.fld-lille.fr\/en\/sarah-durelle-marc-is-the-new-dean-of-the-law-faculty\/\" title=\"Sarah DURELLE-MARC is the new Dean of the Law Faculty\"><img decoding=\"async\" src=\"https:\/\/www.fld-lille.fr\/wp-content\/uploads\/2025\/01\/passation-charge-decanale-ok-375x198-c-1.png\" alt=\"\"><\/a>\n\t\t\t\t\t\t\t\t<p class=\"inouit-posts-list-categories\">\n\t\t\t\t\t\t\t\t\t\t\t\t\t\t\t\t\t\t<span class=\"inouit-posts-list-category-link\" href=\"https:\/\/www.fld-lille.fr\/en\/category\/lille-en\/\">Lille<\/span>\n\t\t\t\t\t\t\t\t\t\t\t\t\t\t\t\t\t\t\t\t\t\t<\/p>\n\t\t\t\t<h3 class=\"inouit-posts-list-title\">\n\t\t\t\t\t<a class=\"inouit-posts-list-title-link\" href=\"https:\/\/www.fld-lille.fr\/en\/sarah-durelle-marc-is-the-new-dean-of-the-law-faculty\/\" title=\"Sarah DURELLE-MARC is the new Dean of the Law Faculty\">Sarah DURELLE-MARC is the new Dean of the Law Faculty<\/a>\n\t\t\t\t<\/h3>\n\t\t\t\t<p class=\"inouit-posts-list-excerpt\">Hugues Kenfack (President of the Toulouse-Capitole University) Ioannis Panoussis (Outgoing Dean of&hellip;<\/p>\n\t\t\t<\/div>\n\t\t<\/div>\n\t\t\t\t\t<div class=\"vc_col-sm-4\">\n\t\t\t<div class=\"inouit-posts-list-post\">\n\t\t\t\t\t\t\t\t\t<a class=\"inouit-posts-list-img-link\" href=\"https:\/\/www.fld-lille.fr\/en\/our-students-at-widener-university-delaware-law-school\/\" title=\"Our students at Widener University &#8211; Delaware Law School\"><img decoding=\"async\" src=\"https:\/\/www.fld-lille.fr\/wp-content\/uploads\/2025\/01\/ACTUS-SITE-FLD-50-375x198-c-1.png\" alt=\"\"><\/a>\n\t\t\t\t\t\t\t\t<p class=\"inouit-posts-list-categories\">\n\t\t\t\t\t\t\t\t\t\t\t\t\t\t\t\t\t\t<span class=\"inouit-posts-list-category-link\" href=\"https:\/\/www.fld-lille.fr\/en\/category\/international-en\/\">International<\/span>\n\t\t\t\t\t\t\t\t\t\t\t\t\t\t\t\t\t\t\t\t\t\t<\/p>\n\t\t\t\t<h3 class=\"inouit-posts-list-title\">\n\t\t\t\t\t<a class=\"inouit-posts-list-title-link\" href=\"https:\/\/www.fld-lille.fr\/en\/our-students-at-widener-university-delaware-law-school\/\" title=\"Our students at Widener University &#8211; Delaware Law School\">Our students at Widener University &#8211; Delaware Law School<\/a>\n\t\t\t\t<\/h3>\n\t\t\t\t<p class=\"inouit-posts-list-excerpt\">The Faculty of Law of the Universit\u00e9 Catholique de Lille is strengthening its international dimension&hellip;<\/p>\n\t\t\t<\/div>\n\t\t<\/div>\n\t\t\t\t\t\t\t\t<div class=\"vc_clearfix\"><\/div>\n\t\t\t\t\t<div class=\"vc_col-sm-4\">\n\t\t\t<div class=\"inouit-posts-list-post\">\n\t\t\t\t\t\t\t\t\t<a class=\"inouit-posts-list-img-link\" href=\"https:\/\/www.fld-lille.fr\/en\/welcome-day-a-warm-welcome-to-our-international-students\/\" title=\"Welcome Day: A warm welcome to our International students!\"><img decoding=\"async\" src=\"https:\/\/www.fld-lille.fr\/wp-content\/uploads\/2024\/09\/ACTUS-SITE-FLD-46-375x198-c-1.png\" alt=\"\"><\/a>\n\t\t\t\t\t\t\t\t<p class=\"inouit-posts-list-categories\">\n\t\t\t\t\t\t\t\t\t\t\t\t\t\t\t\t\t\t<span class=\"inouit-posts-list-category-link\" href=\"https:\/\/www.fld-lille.fr\/en\/category\/international-en\/\">International<\/span>\n\t\t\t\t\t\t\t\t\t\t\t\t\t\t\t\/\n\t\t\t\t\t\t\t\t\t\t\t\t\t\t\t\t\t\t\t\t\t\t\t\t\t\t\t\t\t\t\t<span class=\"inouit-posts-list-category-link\" href=\"https:\/\/www.fld-lille.fr\/en\/category\/lille-en\/\">Lille<\/span>\n\t\t\t\t\t\t\t\t\t\t\t\t\t\t\t\t\t\t\t\t\t\t<\/p>\n\t\t\t\t<h3 class=\"inouit-posts-list-title\">\n\t\t\t\t\t<a class=\"inouit-posts-list-title-link\" href=\"https:\/\/www.fld-lille.fr\/en\/welcome-day-a-warm-welcome-to-our-international-students\/\" title=\"Welcome Day: A warm welcome to our International students!\">Welcome Day: A warm welcome to our International students!<\/a>\n\t\t\t\t<\/h3>\n\t\t\t\t<p class=\"inouit-posts-list-excerpt\">The Universit\u00e9 Catholique de Lille is delighted to welcome its new international students to Welcome&hellip;<\/p>\n\t\t\t<\/div>\n\t\t<\/div>\n\t\t\t\t\t<div class=\"vc_col-sm-4\">\n\t\t\t<div class=\"inouit-posts-list-post\">\n\t\t\t\t\t\t\t\t\t<a class=\"inouit-posts-list-img-link\" href=\"https:\/\/www.fld-lille.fr\/en\/welcoming-professors-from-ucu-lviv-ukraine\/\" title=\"Welcoming Professors from UCU &#8211; Lviv (Ukraine)\"><img decoding=\"async\" src=\"https:\/\/www.fld-lille.fr\/wp-content\/uploads\/2024\/11\/ACTUS-SITE-FLD-11-375x198-c-1.png\" alt=\"\"><\/a>\n\t\t\t\t\t\t\t\t<p class=\"inouit-posts-list-categories\">\n\t\t\t\t\t\t\t\t\t\t\t\t\t\t\t\t\t\t<span class=\"inouit-posts-list-category-link\" href=\"https:\/\/www.fld-lille.fr\/en\/category\/international-en\/\">International<\/span>\n\t\t\t\t\t\t\t\t\t\t\t\t\t\t\t\/\n\t\t\t\t\t\t\t\t\t\t\t\t\t\t\t\t\t\t\t\t\t\t\t\t\t\t\t\t\t\t\t<span class=\"inouit-posts-list-category-link\" href=\"https:\/\/www.fld-lille.fr\/en\/category\/lille-en\/\">Lille<\/span>\n\t\t\t\t\t\t\t\t\t\t\t\t\t\t\t\t\t\t\t\t\t\t<\/p>\n\t\t\t\t<h3 class=\"inouit-posts-list-title\">\n\t\t\t\t\t<a class=\"inouit-posts-list-title-link\" href=\"https:\/\/www.fld-lille.fr\/en\/welcoming-professors-from-ucu-lviv-ukraine\/\" title=\"Welcoming Professors from UCU &#8211; Lviv (Ukraine)\">Welcoming Professors from UCU &#8211; Lviv (Ukraine)<\/a>\n\t\t\t\t<\/h3>\n\t\t\t\t<p class=\"inouit-posts-list-excerpt\">From 18 to 22 November 2024, the Law Faculty of the Universit\u00e9 Catholique de Lille&hellip;<\/p>\n\t\t\t<\/div>\n\t\t<\/div>\n\t\t\t\t\t<div class=\"vc_col-sm-4\">\n\t\t\t<div class=\"inouit-posts-list-post\">\n\t\t\t\t\t\t\t\t\t<a class=\"inouit-posts-list-img-link\" href=\"https:\/\/www.fld-lille.fr\/en\/international-job-fair-your-passport-to-a-borderless-career\/\" title=\"International Job Fair: Your passport to a borderless career\"><img decoding=\"async\" src=\"https:\/\/www.fld-lille.fr\/wp-content\/uploads\/2024\/10\/ACTUS-SITE-FLD-10-375x198-c-1.png\" alt=\"\"><\/a>\n\t\t\t\t\t\t\t\t<p class=\"inouit-posts-list-categories\">\n\t\t\t\t\t\t\t\t\t\t\t\t\t\t\t\t\t\t<span class=\"inouit-posts-list-category-link\" href=\"https:\/\/www.fld-lille.fr\/en\/category\/international-en\/\">International<\/span>\n\t\t\t\t\t\t\t\t\t\t\t\t\t\t\t\/\n\t\t\t\t\t\t\t\t\t\t\t\t\t\t\t\t\t\t\t\t\t\t\t\t\t\t\t\t\t\t\t<span class=\"inouit-posts-list-category-link\" href=\"https:\/\/www.fld-lille.fr\/en\/category\/lille-en\/\">Lille<\/span>\n\t\t\t\t\t\t\t\t\t\t\t\t\t\t\t\/\n\t\t\t\t\t\t\t\t\t\t\t\t\t\t\t\t\t\t\t\t\t\t\t\t\t\t\t\t\t\t\t<span class=\"inouit-posts-list-category-link\" href=\"https:\/\/www.fld-lille.fr\/en\/category\/students\/\">Students<\/span>\n\t\t\t\t\t\t\t\t\t\t\t\t\t\t\t\t\t\t\t\t\t\t<\/p>\n\t\t\t\t<h3 class=\"inouit-posts-list-title\">\n\t\t\t\t\t<a class=\"inouit-posts-list-title-link\" href=\"https:\/\/www.fld-lille.fr\/en\/international-job-fair-your-passport-to-a-borderless-career\/\" title=\"International Job Fair: Your passport to a borderless career\">International Job Fair: Your passport to a borderless career<\/a>\n\t\t\t\t<\/h3>\n\t\t\t\t<p class=\"inouit-posts-list-excerpt\">The Law Faculty of the Universit\u00e9 Catholique de Lille invites you to its&hellip;<\/p>\n\t\t\t<\/div>\n\t\t<\/div>\n\t\t\t\t\t\t\t\t<div class=\"vc_clearfix\"><\/div>\n\t\t\t\t\t<div class=\"vc_col-sm-4\">\n\t\t\t<div class=\"inouit-posts-list-post\">\n\t\t\t\t\t\t\t\t\t<a class=\"inouit-posts-list-img-link\" href=\"https:\/\/www.fld-lille.fr\/en\/eiffel-scholarship-program-of-excellence\/\" title=\"EIFFEL SCHOLARSHIP PROGRAM OF EXCELLENCE 2025\"><img decoding=\"async\" src=\"https:\/\/www.fld-lille.fr\/wp-content\/uploads\/2022\/11\/logoEiffel-375x198-c-1.png\" alt=\"\"><\/a>\n\t\t\t\t\t\t\t\t<p class=\"inouit-posts-list-categories\">\n\t\t\t\t\t\t\t\t\t\t\t\t\t\t\t\t\t\t<span class=\"inouit-posts-list-category-link\" href=\"https:\/\/www.fld-lille.fr\/en\/category\/international-en\/\">International<\/span>\n\t\t\t\t\t\t\t\t\t\t\t\t\t\t\t\/\n\t\t\t\t\t\t\t\t\t\t\t\t\t\t\t\t\t\t\t\t\t\t\t\t\t\t\t\t\t\t\t<span class=\"inouit-posts-list-category-link\" href=\"https:\/\/www.fld-lille.fr\/en\/category\/issy-les-moulineaux\/\">Issy-les-Moulineaux<\/span>\n\t\t\t\t\t\t\t\t\t\t\t\t\t\t\t\/\n\t\t\t\t\t\t\t\t\t\t\t\t\t\t\t\t\t\t\t\t\t\t\t\t\t\t\t\t\t\t\t<span class=\"inouit-posts-list-category-link\" href=\"https:\/\/www.fld-lille.fr\/en\/category\/lille-en\/\">Lille<\/span>\n\t\t\t\t\t\t\t\t\t\t\t\t\t\t\t\/\n\t\t\t\t\t\t\t\t\t\t\t\t\t\t\t\t\t\t\t\t\t\t\t\t\t\t\t\t\t\t\t\t\t<\/p>\n\t\t\t\t<h3 class=\"inouit-posts-list-title\">\n\t\t\t\t\t<a class=\"inouit-posts-list-title-link\" href=\"https:\/\/www.fld-lille.fr\/en\/eiffel-scholarship-program-of-excellence\/\" title=\"EIFFEL SCHOLARSHIP PROGRAM OF EXCELLENCE 2025\">EIFFEL SCHOLARSHIP PROGRAM OF EXCELLENCE 2025<\/a>\n\t\t\t\t<\/h3>\n\t\t\t\t<p class=\"inouit-posts-list-excerpt\">EIFFEL SCHOLARSHIP PROGRAM OF EXCELLENCE 2025 The Eiffel Excellence Scholarship Program was created by the&hellip;<\/p>\n\t\t\t<\/div>\n\t\t<\/div>\n\t\t\t\t\t<div class=\"vc_col-sm-4\">\n\t\t\t<div class=\"inouit-posts-list-post\">\n\t\t\t\t\t\t\t\t\t<a class=\"inouit-posts-list-img-link\" href=\"https:\/\/www.fld-lille.fr\/en\/official-inauguration-of-le-vaisseau-issy-les-moulineaux\/\" title=\"Official inauguration of Le Vaisseau &#8211; Issy-les-Moulineaux\"><img decoding=\"async\" src=\"https:\/\/www.fld-lille.fr\/wp-content\/uploads\/2024\/10\/ACTUS-SITE-FLD-8-375x198-c-1.png\" alt=\"\"><\/a>\n\t\t\t\t\t\t\t\t<p class=\"inouit-posts-list-categories\">\n\t\t\t\t\t\t\t\t\t\t\t\t\t\t\t\t\t\t<span class=\"inouit-posts-list-category-link\" href=\"https:\/\/www.fld-lille.fr\/en\/category\/issy-les-moulineaux\/\">Issy-les-Moulineaux<\/span>\n\t\t\t\t\t\t\t\t\t\t\t\t\t\t\t\t\t\t\t\t\t\t<\/p>\n\t\t\t\t<h3 class=\"inouit-posts-list-title\">\n\t\t\t\t\t<a class=\"inouit-posts-list-title-link\" href=\"https:\/\/www.fld-lille.fr\/en\/official-inauguration-of-le-vaisseau-issy-les-moulineaux\/\" title=\"Official inauguration of Le Vaisseau &#8211; Issy-les-Moulineaux\">Official inauguration of Le Vaisseau &#8211; Issy-les-Moulineaux<\/a>\n\t\t\t\t<\/h3>\n\t\t\t\t<p class=\"inouit-posts-list-excerpt\">On Wednesday 16 October 2024, the Law Faculty of the Universit\u00e9 Catholique de Lille took&hellip;<\/p>\n\t\t\t<\/div>\n\t\t<\/div>\n\t\t\t\t\t<div class=\"vc_col-sm-4\">\n\t\t\t<div class=\"inouit-posts-list-post\">\n\t\t\t\t\t\t\t\t\t<a class=\"inouit-posts-list-img-link\" href=\"https:\/\/www.fld-lille.fr\/en\/erasmus-days-2024\/\" title=\"Erasmus Days 2024\"><img decoding=\"async\" src=\"https:\/\/www.fld-lille.fr\/wp-content\/uploads\/2024\/10\/Ecran_1920x1080_ERASMUS-days-scaled-1-375x198-c-1.jpg\" alt=\"\"><\/a>\n\t\t\t\t\t\t\t\t<p class=\"inouit-posts-list-categories\">\n\t\t\t\t\t\t\t\t\t\t\t\t\t\t\t\t\t\t<span class=\"inouit-posts-list-category-link\" href=\"https:\/\/www.fld-lille.fr\/en\/category\/international-en\/\">International<\/span>\n\t\t\t\t\t\t\t\t\t\t\t\t\t\t\t\/\n\t\t\t\t\t\t\t\t\t\t\t\t\t\t\t\t\t\t\t\t\t\t\t\t\t\t\t\t\t\t\t<span class=\"inouit-posts-list-category-link\" href=\"https:\/\/www.fld-lille.fr\/en\/category\/lille-en\/\">Lille<\/span>\n\t\t\t\t\t\t\t\t\t\t\t\t\t\t\t\t\t\t\t\t\t\t<\/p>\n\t\t\t\t<h3 class=\"inouit-posts-list-title\">\n\t\t\t\t\t<a class=\"inouit-posts-list-title-link\" href=\"https:\/\/www.fld-lille.fr\/en\/erasmus-days-2024\/\" title=\"Erasmus Days 2024\">Erasmus Days 2024<\/a>\n\t\t\t\t<\/h3>\n\t\t\t\t<p class=\"inouit-posts-list-excerpt\">The Erasmus + programme, created in&hellip;<\/p>\n\t\t\t<\/div>\n\t\t<\/div>\n\t\t\t\t\t\t\t\t<div class=\"vc_clearfix\"><\/div>\n\t\t\t\t\t<div class=\"vc_col-sm-4\">\n\t\t\t<div class=\"inouit-posts-list-post\">\n\t\t\t\t\t\t\t\t\t<a class=\"inouit-posts-list-img-link\" href=\"https:\/\/www.fld-lille.fr\/en\/conference-debate-the-bobigny-trial\/\" title=\"Conference- Debate: The Bobigny Trial\"><img decoding=\"async\" src=\"https:\/\/www.fld-lille.fr\/wp-content\/uploads\/2024\/10\/Ecran_1920x1080px_ReconstitutionBobigny_C3RD-scaled-375x198-c-1.jpg\" alt=\"\"><\/a>\n\t\t\t\t\t\t\t\t<p class=\"inouit-posts-list-categories\">\n\t\t\t\t\t\t\t\t\t\t\t\t\t\t\t\t\t\t<span class=\"inouit-posts-list-category-link\" href=\"https:\/\/www.fld-lille.fr\/en\/category\/lille-en\/\">Lille<\/span>\n\t\t\t\t\t\t\t\t\t\t\t\t\t\t\t\t\t\t\t\t\t\t<\/p>\n\t\t\t\t<h3 class=\"inouit-posts-list-title\">\n\t\t\t\t\t<a class=\"inouit-posts-list-title-link\" href=\"https:\/\/www.fld-lille.fr\/en\/conference-debate-the-bobigny-trial\/\" title=\"Conference- Debate: The Bobigny Trial\">Conference- Debate: The Bobigny Trial<\/a>\n\t\t\t\t<\/h3>\n\t\t\t\t<p class=\"inouit-posts-list-excerpt\">On 17 October, from 6pm to 8.30pm, the Faculty of Law of the Universit\u00e9 Catholique&hellip;<\/p>\n\t\t\t<\/div>\n\t\t<\/div>\n\t\t\t\t\t<div class=\"vc_col-sm-4\">\n\t\t\t<div class=\"inouit-posts-list-post\">\n\t\t\t\t\t\t\t\t\t<a class=\"inouit-posts-list-img-link\" href=\"https:\/\/www.fld-lille.fr\/en\/masterclass-global-actors-for-peace-collective-reflection-on-the-challenges-of-climate-change\/\" title=\"Masterclass Global Actors for Peace: collective reflection on the challenges of climate change\"><img decoding=\"async\" src=\"https:\/\/www.fld-lille.fr\/wp-content\/uploads\/2024\/09\/Photo-1-scaled-375x198-c-1.jpg\" alt=\"\"><\/a>\n\t\t\t\t\t\t\t\t<p class=\"inouit-posts-list-categories\">\n\t\t\t\t\t\t\t\t\t\t\t\t\t\t\t\t\t\t<span class=\"inouit-posts-list-category-link\" href=\"https:\/\/www.fld-lille.fr\/en\/category\/international-en\/\">International<\/span>\n\t\t\t\t\t\t\t\t\t\t\t\t\t\t\t\/\n\t\t\t\t\t\t\t\t\t\t\t\t\t\t\t\t\t\t\t\t\t\t\t\t\t\t\t\t\t\t\t<span class=\"inouit-posts-list-category-link\" href=\"https:\/\/www.fld-lille.fr\/en\/category\/research\/\">Research<\/span>\n\t\t\t\t\t\t\t\t\t\t\t\t\t\t\t\t\t\t\t\t\t\t<\/p>\n\t\t\t\t<h3 class=\"inouit-posts-list-title\">\n\t\t\t\t\t<a class=\"inouit-posts-list-title-link\" href=\"https:\/\/www.fld-lille.fr\/en\/masterclass-global-actors-for-peace-collective-reflection-on-the-challenges-of-climate-change\/\" title=\"Masterclass Global Actors for Peace: collective reflection on the challenges of climate change\">Masterclass Global Actors for Peace: collective reflection on the challenges of climate change<\/a>\n\t\t\t\t<\/h3>\n\t\t\t\t<p class=\"inouit-posts-list-excerpt\">From 16 to 20 September, the Faculty of Law of the Universit\u00e9 Catholique de Lille&hellip;<\/p>\n\t\t\t<\/div>\n\t\t<\/div>\n\t\t\t\t\t<div class=\"vc_col-sm-4\">\n\t\t\t<div class=\"inouit-posts-list-post\">\n\t\t\t\t\t\t\t\t\t<a class=\"inouit-posts-list-img-link\" href=\"https:\/\/www.fld-lille.fr\/en\/happy-new-academic-year\/\" title=\"Happy new academic year!\"><img decoding=\"async\" src=\"https:\/\/www.fld-lille.fr\/wp-content\/uploads\/2024\/08\/Capture-decran-2024-08-30-115721-375x198-c-1.png\" alt=\"\"><\/a>\n\t\t\t\t\t\t\t\t<p class=\"inouit-posts-list-categories\">\n\t\t\t\t\t\t\t\t\t\t\t\t\t\t\t\t\t\t<span class=\"inouit-posts-list-category-link\" href=\"https:\/\/www.fld-lille.fr\/en\/category\/issy-les-moulineaux\/\">Issy-les-Moulineaux<\/span>\n\t\t\t\t\t\t\t\t\t\t\t\t\t\t\t\/\n\t\t\t\t\t\t\t\t\t\t\t\t\t\t\t\t\t\t\t\t\t\t\t\t\t\t\t\t\t\t\t<span class=\"inouit-posts-list-category-link\" href=\"https:\/\/www.fld-lille.fr\/en\/category\/lille-en\/\">Lille<\/span>\n\t\t\t\t\t\t\t\t\t\t\t\t\t\t\t\/\n\t\t\t\t\t\t\t\t\t\t\t\t\t\t\t\t\t\t\t\t\t\t\t\t\t\t\t\t\t\t\t<span class=\"inouit-posts-list-category-link\" href=\"https:\/\/www.fld-lille.fr\/en\/category\/students\/\">Students<\/span>\n\t\t\t\t\t\t\t\t\t\t\t\t\t\t\t\t\t\t\t\t\t\t<\/p>\n\t\t\t\t<h3 class=\"inouit-posts-list-title\">\n\t\t\t\t\t<a class=\"inouit-posts-list-title-link\" href=\"https:\/\/www.fld-lille.fr\/en\/happy-new-academic-year\/\" title=\"Happy new academic year!\">Happy new academic year!<\/a>\n\t\t\t\t<\/h3>\n\t\t\t\t<p class=\"inouit-posts-list-excerpt\">Listen to Patrick Scauflaire, Pr\u00e9sident-Recteur of the Universit\u00e9 Catholique de Lille, as he shares with&hellip;<\/p>\n\t\t\t<\/div>\n\t\t<\/div>\n\t\t\t\t\t\t\t\t<div class=\"vc_clearfix\"><\/div>\n\t\t\t\t\t<div class=\"vc_col-sm-4\">\n\t\t\t<div class=\"inouit-posts-list-post\">\n\t\t\t\t\t\t\t\t\t<a class=\"inouit-posts-list-img-link\" href=\"https:\/\/www.fld-lille.fr\/en\/an-international-summer-at-the-faculty-of-law\/\" title=\"An international summer at the Faculty of Law\"><img decoding=\"async\" src=\"https:\/\/www.fld-lille.fr\/wp-content\/uploads\/2024\/07\/ACTUS-SITE-FLD-4-375x198-c-1.png\" alt=\"\"><\/a>\n\t\t\t\t\t\t\t\t<p class=\"inouit-posts-list-categories\">\n\t\t\t\t\t\t\t\t\t\t\t\t\t\t\t\t\t\t<span class=\"inouit-posts-list-category-link\" href=\"https:\/\/www.fld-lille.fr\/en\/category\/international-en\/\">International<\/span>\n\t\t\t\t\t\t\t\t\t\t\t\t\t\t\t\/\n\t\t\t\t\t\t\t\t\t\t\t\t\t\t\t\t\t\t\t\t\t\t\t\t\t\t\t\t\t\t\t<span class=\"inouit-posts-list-category-link\" href=\"https:\/\/www.fld-lille.fr\/en\/category\/lille-en\/\">Lille<\/span>\n\t\t\t\t\t\t\t\t\t\t\t\t\t\t\t\t\t\t\t\t\t\t<\/p>\n\t\t\t\t<h3 class=\"inouit-posts-list-title\">\n\t\t\t\t\t<a class=\"inouit-posts-list-title-link\" href=\"https:\/\/www.fld-lille.fr\/en\/an-international-summer-at-the-faculty-of-law\/\" title=\"An international summer at the Faculty of Law\">An international summer at the Faculty of Law<\/a>\n\t\t\t\t<\/h3>\n\t\t\t\t<p class=\"inouit-posts-list-excerpt\">This summer, The Universit\u00e9 Catholique de Lille reaffirmed its commitment to international openness and academic&hellip;<\/p>\n\t\t\t<\/div>\n\t\t<\/div>\n\t\t\t\t\t<div class=\"vc_col-sm-4\">\n\t\t\t<div class=\"inouit-posts-list-post\">\n\t\t\t\t\t\t\t\t\t<a class=\"inouit-posts-list-img-link\" href=\"https:\/\/www.fld-lille.fr\/en\/europe-month-at-the-fld\/\" title=\"Europe Month at the FLD\"><img decoding=\"async\" src=\"https:\/\/www.fld-lille.fr\/wp-content\/uploads\/2024\/05\/Fete-de-lEurope-scaled-375x198-c-1.jpg\" alt=\"\"><\/a>\n\t\t\t\t\t\t\t\t<p class=\"inouit-posts-list-categories\">\n\t\t\t\t\t\t\t\t\t\t\t\t\t\t\t\t\t\t<span class=\"inouit-posts-list-category-link\" href=\"https:\/\/www.fld-lille.fr\/en\/category\/international-en\/\">International<\/span>\n\t\t\t\t\t\t\t\t\t\t\t\t\t\t\t\/\n\t\t\t\t\t\t\t\t\t\t\t\t\t\t\t\t\t\t\t\t\t\t\t\t\t\t\t\t\t\t\t<span class=\"inouit-posts-list-category-link\" href=\"https:\/\/www.fld-lille.fr\/en\/category\/lille-en\/\">Lille<\/span>\n\t\t\t\t\t\t\t\t\t\t\t\t\t\t\t\t\t\t\t\t\t\t<\/p>\n\t\t\t\t<h3 class=\"inouit-posts-list-title\">\n\t\t\t\t\t<a class=\"inouit-posts-list-title-link\" href=\"https:\/\/www.fld-lille.fr\/en\/europe-month-at-the-fld\/\" title=\"Europe Month at the FLD\">Europe Month at the FLD<\/a>\n\t\t\t\t<\/h3>\n\t\t\t\t<p class=\"inouit-posts-list-excerpt\">The Faculty of Law celebrates Europe ! On 9 May 1950, Robert Schuman presented his&hellip;<\/p>\n\t\t\t<\/div>\n\t\t<\/div>\n\t\t\t\t\t<div class=\"vc_col-sm-4\">\n\t\t\t<div class=\"inouit-posts-list-post\">\n\t\t\t\t\t\t\t\t\t<a class=\"inouit-posts-list-img-link\" href=\"https:\/\/www.fld-lille.fr\/en\/congratulations-to-our-graduates-from-the-issy-les-moulineaux-campus\/\" title=\"Congratulations to our graduates from the Issy-les-Moulineaux campus!\"><img decoding=\"async\" src=\"https:\/\/www.fld-lille.fr\/wp-content\/uploads\/2024\/05\/Photo-Lea-RDD-scaled-375x198-c-1.jpg\" alt=\"\"><\/a>\n\t\t\t\t\t\t\t\t<p class=\"inouit-posts-list-categories\">\n\t\t\t\t\t\t\t\t\t\t\t\t\t\t\t\t\t\t<span class=\"inouit-posts-list-category-link\" href=\"https:\/\/www.fld-lille.fr\/en\/category\/issy-les-moulineaux\/\">Issy-les-Moulineaux<\/span>\n\t\t\t\t\t\t\t\t\t\t\t\t\t\t\t\/\n\t\t\t\t\t\t\t\t\t\t\t\t\t\t\t\t\t\t\t\t\t\t\t\t\t\t\t\t\t\t\t<span class=\"inouit-posts-list-category-link\" href=\"https:\/\/www.fld-lille.fr\/en\/category\/students\/\">Students<\/span>\n\t\t\t\t\t\t\t\t\t\t\t\t\t\t\t\t\t\t\t\t\t\t<\/p>\n\t\t\t\t<h3 class=\"inouit-posts-list-title\">\n\t\t\t\t\t<a class=\"inouit-posts-list-title-link\" href=\"https:\/\/www.fld-lille.fr\/en\/congratulations-to-our-graduates-from-the-issy-les-moulineaux-campus\/\" title=\"Congratulations to our graduates from the Issy-les-Moulineaux campus!\">Congratulations to our graduates from the Issy-les-Moulineaux campus!<\/a>\n\t\t\t\t<\/h3>\n\t\t\t\t<p class=\"inouit-posts-list-excerpt\">On Friday 24 May, the Issy-les-Moulineaux campus hosted the Masters graduation ceremony, a moment eagerly&hellip;<\/p>\n\t\t\t<\/div>\n\t\t<\/div>\n\t\t\t\t\t\t\t\t<div class=\"vc_clearfix\"><\/div>\n\t\t\t\t\t<div class=\"vc_col-sm-4\">\n\t\t\t<div class=\"inouit-posts-list-post\">\n\t\t\t\t\t\t\t\t\t<a class=\"inouit-posts-list-img-link\" href=\"https:\/\/www.fld-lille.fr\/en\/the-fld-is-hiring\/\" title=\"The FLD is hiring!\"><img decoding=\"async\" src=\"https:\/\/www.fld-lille.fr\/wp-content\/uploads\/2024\/05\/ACTUS-SITE-FLD-375x198-c-1.png\" alt=\"\"><\/a>\n\t\t\t\t\t\t\t\t<p class=\"inouit-posts-list-categories\">\n\t\t\t\t\t\t\t\t\t\t\t\t\t\t\t\t\t\t<span class=\"inouit-posts-list-category-link\" href=\"https:\/\/www.fld-lille.fr\/en\/category\/information\/\">Information<\/span>\n\t\t\t\t\t\t\t\t\t\t\t\t\t\t\t\/\n\t\t\t\t\t\t\t\t\t\t\t\t\t\t\t\t\t\t\t\t\t\t\t\t\t\t\t\t\t\t\t<span class=\"inouit-posts-list-category-link\" href=\"https:\/\/www.fld-lille.fr\/en\/category\/lille-en\/\">Lille<\/span>\n\t\t\t\t\t\t\t\t\t\t\t\t\t\t\t\t\t\t\t\t\t\t<\/p>\n\t\t\t\t<h3 class=\"inouit-posts-list-title\">\n\t\t\t\t\t<a class=\"inouit-posts-list-title-link\" href=\"https:\/\/www.fld-lille.fr\/en\/the-fld-is-hiring\/\" title=\"The FLD is hiring!\">The FLD is hiring!<\/a>\n\t\t\t\t<\/h3>\n\t\t\t\t<p class=\"inouit-posts-list-excerpt\">The Faculty of Law of the Universit\u00e9 Catholique de Lille is hiring an associate professor&hellip;<\/p>\n\t\t\t<\/div>\n\t\t<\/div>\n\t\t\t\t\t<div class=\"vc_col-sm-4\">\n\t\t\t<div class=\"inouit-posts-list-post\">\n\t\t\t\t\t\t\t\t\t<a class=\"inouit-posts-list-img-link\" href=\"https:\/\/www.fld-lille.fr\/en\/international-erasmus-week-at-the-universite-catholique-de-lille\/\" title=\"International Erasmus Week at the Universit\u00e9 Catholique de Lille\"><img decoding=\"async\" src=\"https:\/\/www.fld-lille.fr\/wp-content\/uploads\/2024\/04\/day-2-IMG_27831-scaled-375x198-c-1.jpg\" alt=\"\"><\/a>\n\t\t\t\t\t\t\t\t<p class=\"inouit-posts-list-categories\">\n\t\t\t\t\t\t\t\t\t\t\t\t\t\t\t\t\t\t<span class=\"inouit-posts-list-category-link\" href=\"https:\/\/www.fld-lille.fr\/en\/category\/international-en\/\">International<\/span>\n\t\t\t\t\t\t\t\t\t\t\t\t\t\t\t\/\n\t\t\t\t\t\t\t\t\t\t\t\t\t\t\t\t\t\t\t\t\t\t\t\t\t\t\t\t\t\t\t<span class=\"inouit-posts-list-category-link\" href=\"https:\/\/www.fld-lille.fr\/en\/category\/issy-les-moulineaux\/\">Issy-les-Moulineaux<\/span>\n\t\t\t\t\t\t\t\t\t\t\t\t\t\t\t\/\n\t\t\t\t\t\t\t\t\t\t\t\t\t\t\t\t\t\t\t\t\t\t\t\t\t\t\t\t\t\t\t<span class=\"inouit-posts-list-category-link\" href=\"https:\/\/www.fld-lille.fr\/en\/category\/lille-en\/\">Lille<\/span>\n\t\t\t\t\t\t\t\t\t\t\t\t\t\t\t\t\t\t\t\t\t\t<\/p>\n\t\t\t\t<h3 class=\"inouit-posts-list-title\">\n\t\t\t\t\t<a class=\"inouit-posts-list-title-link\" href=\"https:\/\/www.fld-lille.fr\/en\/international-erasmus-week-at-the-universite-catholique-de-lille\/\" title=\"International Erasmus Week at the Universit\u00e9 Catholique de Lille\">International Erasmus Week at the Universit\u00e9 Catholique de Lille<\/a>\n\t\t\t\t<\/h3>\n\t\t\t\t<p class=\"inouit-posts-list-excerpt\">From Monday 15th April until Friday 19th April, the Universit\u00e9 Catholique de Lille celebrates cultural&hellip;<\/p>\n\t\t\t<\/div>\n\t\t<\/div>\n\t\t\t\t\t<div class=\"vc_col-sm-4\">\n\t\t\t<div class=\"inouit-posts-list-post\">\n\t\t\t\t\t\t\t\t\t<a class=\"inouit-posts-list-img-link\" href=\"https:\/\/www.fld-lille.fr\/en\/the-fld-welcomes-the-cnil\/\" title=\"The FLD welcomes the CNIL\"><img decoding=\"async\" src=\"https:\/\/www.fld-lille.fr\/wp-content\/uploads\/2024\/03\/VISUEL_JRGPD_LILLE_LOGOS_VD-375x198-c-1.png\" alt=\"\"><\/a>\n\t\t\t\t\t\t\t\t<p class=\"inouit-posts-list-categories\">\n\t\t\t\t\t\t\t\t\t\t\t\t\t\t\t\t\t\t\t\t<\/p>\n\t\t\t\t<h3 class=\"inouit-posts-list-title\">\n\t\t\t\t\t<a class=\"inouit-posts-list-title-link\" href=\"https:\/\/www.fld-lille.fr\/en\/the-fld-welcomes-the-cnil\/\" title=\"The FLD welcomes the CNIL\">The FLD welcomes the CNIL<\/a>\n\t\t\t\t<\/h3>\n\t\t\t\t<p class=\"inouit-posts-list-excerpt\">After several event organised in the region in 2023, the CNIL will be taking over&hellip;<\/p>\n\t\t\t<\/div>\n\t\t<\/div>\n\t\t\t\t\t\t\t\t<div class=\"vc_clearfix\"><\/div>\n\t\t\t\t\t<div class=\"vc_col-sm-4\">\n\t\t\t<div class=\"inouit-posts-list-post\">\n\t\t\t\t\t\t\t\t\t<a class=\"inouit-posts-list-img-link\" href=\"https:\/\/www.fld-lille.fr\/en\/our-students-shine-at-the-jessup-competition\/\" title=\"Our students shine at the Jessup competition!\"><img decoding=\"async\" src=\"https:\/\/www.fld-lille.fr\/wp-content\/uploads\/2024\/03\/Jessup1-copie-scaled-375x198-c-1.jpg\" alt=\"\"><\/a>\n\t\t\t\t\t\t\t\t<p class=\"inouit-posts-list-categories\">\n\t\t\t\t\t\t\t\t\t\t\t\t\t\t\t\t\t\t<span class=\"inouit-posts-list-category-link\" href=\"https:\/\/www.fld-lille.fr\/en\/category\/international-en\/\">International<\/span>\n\t\t\t\t\t\t\t\t\t\t\t\t\t\t\t\/\n\t\t\t\t\t\t\t\t\t\t\t\t\t\t\t\t\t\t\t\t\t\t\t\t\t\t\t\t\t\t\t<span class=\"inouit-posts-list-category-link\" href=\"https:\/\/www.fld-lille.fr\/en\/category\/students\/\">Students<\/span>\n\t\t\t\t\t\t\t\t\t\t\t\t\t\t\t\t\t\t\t\t\t\t<\/p>\n\t\t\t\t<h3 class=\"inouit-posts-list-title\">\n\t\t\t\t\t<a class=\"inouit-posts-list-title-link\" href=\"https:\/\/www.fld-lille.fr\/en\/our-students-shine-at-the-jessup-competition\/\" title=\"Our students shine at the Jessup competition!\">Our students shine at the Jessup competition!<\/a>\n\t\t\t\t<\/h3>\n\t\t\t\t<p class=\"inouit-posts-list-excerpt\">Our FLD students were able to shine and practise their public speaking skills at the&hellip;<\/p>\n\t\t\t<\/div>\n\t\t<\/div>\n\t\t\t\t\t<div class=\"vc_col-sm-4\">\n\t\t\t<div class=\"inouit-posts-list-post\">\n\t\t\t\t\t\t\t\t\t<a class=\"inouit-posts-list-img-link\" href=\"https:\/\/www.fld-lille.fr\/en\/congratulations-to-all-graduates\/\" title=\"Congratulations to all graduates!\"><img decoding=\"async\" src=\"https:\/\/www.fld-lille.fr\/wp-content\/uploads\/2024\/03\/DSC018181-scaled-375x198-c-1.jpg\" alt=\"\"><\/a>\n\t\t\t\t\t\t\t\t<p class=\"inouit-posts-list-categories\">\n\t\t\t\t\t\t\t\t\t\t\t\t\t\t\t\t\t\t<span class=\"inouit-posts-list-category-link\" href=\"https:\/\/www.fld-lille.fr\/en\/category\/alumni\/\">Alumni<\/span>\n\t\t\t\t\t\t\t\t\t\t\t\t\t\t\t\/\n\t\t\t\t\t\t\t\t\t\t\t\t\t\t\t\t\t\t\t\t\t\t\t\t\t\t\t\t\t\t\t<span class=\"inouit-posts-list-category-link\" href=\"https:\/\/www.fld-lille.fr\/en\/category\/lille-en\/\">Lille<\/span>\n\t\t\t\t\t\t\t\t\t\t\t\t\t\t\t\/\n\t\t\t\t\t\t\t\t\t\t\t\t\t\t\t\t\t\t\t\t\t\t\t\t\t\t\t\t\t\t\t<span class=\"inouit-posts-list-category-link\" href=\"https:\/\/www.fld-lille.fr\/en\/category\/students\/\">Students<\/span>\n\t\t\t\t\t\t\t\t\t\t\t\t\t\t\t\t\t\t\t\t\t\t<\/p>\n\t\t\t\t<h3 class=\"inouit-posts-list-title\">\n\t\t\t\t\t<a class=\"inouit-posts-list-title-link\" href=\"https:\/\/www.fld-lille.fr\/en\/congratulations-to-all-graduates\/\" title=\"Congratulations to all graduates!\">Congratulations to all graduates!<\/a>\n\t\t\t\t<\/h3>\n\t\t\t\t<p class=\"inouit-posts-list-excerpt\">On Friday 8th March 2024, the Nouveau Si\u00e8cle in Lille hosted the Graduation Ceremony for&hellip;<\/p>\n\t\t\t<\/div>\n\t\t<\/div>\n\t\t\t\t\t<div class=\"vc_col-sm-4\">\n\t\t\t<div class=\"inouit-posts-list-post\">\n\t\t\t\t\t\t\t\t\t<a class=\"inouit-posts-list-img-link\" href=\"https:\/\/www.fld-lille.fr\/en\/fld-open-day-3\/\" title=\"2023-2024 Open Days\"><img decoding=\"async\" src=\"https:\/\/www.fld-lille.fr\/wp-content\/uploads\/2024\/03\/couverture-facebook-JPO-2050x780-2-375x198-c-1.jpg\" alt=\"\"><\/a>\n\t\t\t\t\t\t\t\t<p class=\"inouit-posts-list-categories\">\n\t\t\t\t\t\t\t\t\t\t\t\t\t\t\t\t\t\t<span class=\"inouit-posts-list-category-link\" href=\"https:\/\/www.fld-lille.fr\/en\/category\/issy-les-moulineaux\/\">Issy-les-Moulineaux<\/span>\n\t\t\t\t\t\t\t\t\t\t\t\t\t\t\t\/\n\t\t\t\t\t\t\t\t\t\t\t\t\t\t\t\t\t\t\t\t\t\t\t\t\t\t\t\t\t\t\t<span class=\"inouit-posts-list-category-link\" href=\"https:\/\/www.fld-lille.fr\/en\/category\/lille-en\/\">Lille<\/span>\n\t\t\t\t\t\t\t\t\t\t\t\t\t\t\t\t\t\t\t\t\t\t<\/p>\n\t\t\t\t<h3 class=\"inouit-posts-list-title\">\n\t\t\t\t\t<a class=\"inouit-posts-list-title-link\" href=\"https:\/\/www.fld-lille.fr\/en\/fld-open-day-3\/\" title=\"2023-2024 Open Days\">2023-2024 Open Days<\/a>\n\t\t\t\t<\/h3>\n\t\t\t\t<p class=\"inouit-posts-list-excerpt\">The Universit\u00e9 Catholique de Lille is glad to welcome you to last Open&hellip;<\/p>\n\t\t\t<\/div>\n\t\t<\/div>\n\t\t\t\t\t\t\t\t<div class=\"vc_clearfix\"><\/div>\n\t\t\t\t\t<div class=\"vc_col-sm-4\">\n\t\t\t<div class=\"inouit-posts-list-post\">\n\t\t\t\t\t\t\t\t\t<a class=\"inouit-posts-list-img-link\" href=\"https:\/\/www.fld-lille.fr\/en\/the-fld-masters-in-the-eduniversal-2024-ranking\/\" title=\"The FLD Masters in the Eduniversal 2024 ranking!\"><img decoding=\"async\" src=\"https:\/\/www.fld-lille.fr\/wp-content\/uploads\/2024\/03\/Linkedin-Post-MM-Smartphone-etablissement-375x198-c-1.png\" alt=\"\"><\/a>\n\t\t\t\t\t\t\t\t<p class=\"inouit-posts-list-categories\">\n\t\t\t\t\t\t\t\t\t\t\t\t\t\t\t\t\t\t<span class=\"inouit-posts-list-category-link\" href=\"https:\/\/www.fld-lille.fr\/en\/category\/issy-les-moulineaux\/\">Issy-les-Moulineaux<\/span>\n\t\t\t\t\t\t\t\t\t\t\t\t\t\t\t\/\n\t\t\t\t\t\t\t\t\t\t\t\t\t\t\t\t\t\t\t\t\t\t\t\t\t\t\t\t\t\t\t<span class=\"inouit-posts-list-category-link\" href=\"https:\/\/www.fld-lille.fr\/en\/category\/lille-en\/\">Lille<\/span>\n\t\t\t\t\t\t\t\t\t\t\t\t\t\t\t\t\t\t\t\t\t\t<\/p>\n\t\t\t\t<h3 class=\"inouit-posts-list-title\">\n\t\t\t\t\t<a class=\"inouit-posts-list-title-link\" href=\"https:\/\/www.fld-lille.fr\/en\/the-fld-masters-in-the-eduniversal-2024-ranking\/\" title=\"The FLD Masters in the Eduniversal 2024 ranking!\">The FLD Masters in the Eduniversal 2024 ranking!<\/a>\n\t\t\t\t<\/h3>\n\t\t\t\t<p class=\"inouit-posts-list-excerpt\">On 2 March, Eduniversal unveiled its 2024 rankings of the best Masters, MS&hellip;<\/p>\n\t\t\t<\/div>\n\t\t<\/div>\n\t\t\t\t\t<div class=\"vc_col-sm-4\">\n\t\t\t<div class=\"inouit-posts-list-post\">\n\t\t\t\t\t\t\t\t\t<a class=\"inouit-posts-list-img-link\" href=\"https:\/\/www.fld-lille.fr\/en\/digital-echoes-a-podcast-on-international-law-technologies\/\" title=\"Digital Echoes, a podcast on international law &#038; technologies\"><img decoding=\"async\" src=\"https:\/\/www.fld-lille.fr\/wp-content\/uploads\/2024\/03\/digital-echoes-375x198-c-1.png\" alt=\"\"><\/a>\n\t\t\t\t\t\t\t\t<p class=\"inouit-posts-list-categories\">\n\t\t\t\t\t\t\t\t\t\t\t\t\t\t\t\t\t\t<span class=\"inouit-posts-list-category-link\" href=\"https:\/\/www.fld-lille.fr\/en\/category\/international-en\/\">International<\/span>\n\t\t\t\t\t\t\t\t\t\t\t\t\t\t\t\/\n\t\t\t\t\t\t\t\t\t\t\t\t\t\t\t\t\t\t\t\t\t\t\t\t\t\t\t\t\t\t\t<span class=\"inouit-posts-list-category-link\" href=\"https:\/\/www.fld-lille.fr\/en\/category\/research\/\">Research<\/span>\n\t\t\t\t\t\t\t\t\t\t\t\t\t\t\t\t\t\t\t\t\t\t<\/p>\n\t\t\t\t<h3 class=\"inouit-posts-list-title\">\n\t\t\t\t\t<a class=\"inouit-posts-list-title-link\" href=\"https:\/\/www.fld-lille.fr\/en\/digital-echoes-a-podcast-on-international-law-technologies\/\" title=\"Digital Echoes, a podcast on international law &#038; technologies\">Digital Echoes, a podcast on international law &#038; technologies<\/a>\n\t\t\t\t<\/h3>\n\t\t\t\t<p class=\"inouit-posts-list-excerpt\">The FLD and the\u00a0Amsterdam Centre for International Law organised a series of conferences:&hellip;<\/p>\n\t\t\t<\/div>\n\t\t<\/div>\n\t\t\t\t\t<div class=\"vc_col-sm-4\">\n\t\t\t<div class=\"inouit-posts-list-post\">\n\t\t\t\t\t\t\t\t\t<a class=\"inouit-posts-list-img-link\" href=\"https:\/\/www.fld-lille.fr\/en\/who-was-robert-badinter-the-most-important-frenchman-of-whom-you-never-heard\/\" title=\"Who was Robert Badinter, the most important Frenchman of whom you never heard?\"><img decoding=\"async\" src=\"https:\/\/www.fld-lille.fr\/wp-content\/uploads\/2024\/02\/file-20240217-20-l4eulu-375x198-c-1.jpg\" alt=\"\"><\/a>\n\t\t\t\t\t\t\t\t<p class=\"inouit-posts-list-categories\">\n\t\t\t\t\t\t\t\t\t\t\t\t\t\t\t\t\t\t<span class=\"inouit-posts-list-category-link\" href=\"https:\/\/www.fld-lille.fr\/en\/category\/information\/\">Information<\/span>\n\t\t\t\t\t\t\t\t\t\t\t\t\t\t\t\t\t\t\t\t\t\t<\/p>\n\t\t\t\t<h3 class=\"inouit-posts-list-title\">\n\t\t\t\t\t<a class=\"inouit-posts-list-title-link\" href=\"https:\/\/www.fld-lille.fr\/en\/who-was-robert-badinter-the-most-important-frenchman-of-whom-you-never-heard\/\" title=\"Who was Robert Badinter, the most important Frenchman of whom you never heard?\">Who was Robert Badinter, the most important Frenchman of whom you never heard?<\/a>\n\t\t\t\t<\/h3>\n\t\t\t\t<p class=\"inouit-posts-list-excerpt\">At the end of a class on the fundamental principles of law that I was&hellip;<\/p>\n\t\t\t<\/div>\n\t\t<\/div>\n\t\t\t\t\t\t\t\t<div class=\"vc_clearfix\"><\/div>\n\t\t\t\t\t<div class=\"vc_col-sm-4\">\n\t\t\t<div class=\"inouit-posts-list-post\">\n\t\t\t\t\t\t\t\t\t<a class=\"inouit-posts-list-img-link\" href=\"https:\/\/www.fld-lille.fr\/en\/renewal-of-our-partnership-with-marcq-institution-for-the-cpge-preparatory-course\/\" title=\"Renewal of our partnership with Marcq Institution for the CPGE Preparatory course\"><img decoding=\"async\" src=\"https:\/\/www.fld-lille.fr\/wp-content\/uploads\/2024\/01\/processed-7D59A2BD-4558-42A3-9F05-2F9DF5B9BE32-375x198-c-1.jpeg\" alt=\"\"><\/a>\n\t\t\t\t\t\t\t\t<p class=\"inouit-posts-list-categories\">\n\t\t\t\t\t\t\t\t\t\t\t\t\t\t\t\t\t\t<span class=\"inouit-posts-list-category-link\" href=\"https:\/\/www.fld-lille.fr\/en\/category\/lille-en\/\">Lille<\/span>\n\t\t\t\t\t\t\t\t\t\t\t\t\t\t\t\t\t\t\t\t\t\t<\/p>\n\t\t\t\t<h3 class=\"inouit-posts-list-title\">\n\t\t\t\t\t<a class=\"inouit-posts-list-title-link\" href=\"https:\/\/www.fld-lille.fr\/en\/renewal-of-our-partnership-with-marcq-institution-for-the-cpge-preparatory-course\/\" title=\"Renewal of our partnership with Marcq Institution for the CPGE Preparatory course\">Renewal of our partnership with Marcq Institution for the CPGE Preparatory course<\/a>\n\t\t\t\t<\/h3>\n\t\t\t\t<p class=\"inouit-posts-list-excerpt\">The Faculty of law of the Universit\u00e9 Catholique de Lille is proud to announce the&hellip;<\/p>\n\t\t\t<\/div>\n\t\t<\/div>\n\t\t\t\t\t<div class=\"vc_col-sm-4\">\n\t\t\t<div class=\"inouit-posts-list-post\">\n\t\t\t\t\t\t\t\t\t<a class=\"inouit-posts-list-img-link\" href=\"https:\/\/www.fld-lille.fr\/en\/applications-now-open-for-our-graduate-diplomas\/\" title=\"Applications now open for our Graduate diplomas\"><img decoding=\"async\" src=\"https:\/\/www.fld-lille.fr\/wp-content\/uploads\/2021\/10\/photoDU4-1-375x198-c-1.jpg\" alt=\"\"><\/a>\n\t\t\t\t\t\t\t\t<p class=\"inouit-posts-list-categories\">\n\t\t\t\t\t\t\t\t\t\t\t\t\t\t\t\t\t\t<span class=\"inouit-posts-list-category-link\" href=\"https:\/\/www.fld-lille.fr\/en\/category\/issy-les-moulineaux\/\">Issy-les-Moulineaux<\/span>\n\t\t\t\t\t\t\t\t\t\t\t\t\t\t\t\/\n\t\t\t\t\t\t\t\t\t\t\t\t\t\t\t\t\t\t\t\t\t\t\t\t\t\t\t\t\t\t\t<span class=\"inouit-posts-list-category-link\" href=\"https:\/\/www.fld-lille.fr\/en\/category\/lille-en\/\">Lille<\/span>\n\t\t\t\t\t\t\t\t\t\t\t\t\t\t\t\t\t\t\t\t\t\t<\/p>\n\t\t\t\t<h3 class=\"inouit-posts-list-title\">\n\t\t\t\t\t<a class=\"inouit-posts-list-title-link\" href=\"https:\/\/www.fld-lille.fr\/en\/applications-now-open-for-our-graduate-diplomas\/\" title=\"Applications now open for our Graduate diplomas\">Applications now open for our Graduate diplomas<\/a>\n\t\t\t\t<\/h3>\n\t\t\t\t<p class=\"inouit-posts-list-excerpt\">Applications for our Graduate diplomas are now open! New year, new opportunities :&hellip;<\/p>\n\t\t\t<\/div>\n\t\t<\/div>\n\t\t\t\t\t<div class=\"vc_col-sm-4\">\n\t\t\t<div class=\"inouit-posts-list-post\">\n\t\t\t\t\t\t\t\t\t<a class=\"inouit-posts-list-img-link\" href=\"https:\/\/www.fld-lille.fr\/en\/la-fld-vous-souhaite-de-tres-belles-fetes-de-fin-dannee\/\" title=\"The FLD wishes you a very happy festive season !\"><img decoding=\"async\" src=\"https:\/\/www.fld-lille.fr\/wp-content\/uploads\/2023\/12\/Carte-De-Joyeux-Noel-Traditionnel-Vert-375x198-c-1.png\" alt=\"\"><\/a>\n\t\t\t\t\t\t\t\t<p class=\"inouit-posts-list-categories\">\n\t\t\t\t\t\t\t\t\t\t\t\t\t\t\t\t\t\t<span class=\"inouit-posts-list-category-link\" href=\"https:\/\/www.fld-lille.fr\/en\/category\/issy-les-moulineaux\/\">Issy-les-Moulineaux<\/span>\n\t\t\t\t\t\t\t\t\t\t\t\t\t\t\t\/\n\t\t\t\t\t\t\t\t\t\t\t\t\t\t\t\t\t\t\t\t\t\t\t\t\t\t\t\t\t\t\t<span class=\"inouit-posts-list-category-link\" href=\"https:\/\/www.fld-lille.fr\/en\/category\/lille-en\/\">Lille<\/span>\n\t\t\t\t\t\t\t\t\t\t\t\t\t\t\t\t\t\t\t\t\t\t<\/p>\n\t\t\t\t<h3 class=\"inouit-posts-list-title\">\n\t\t\t\t\t<a class=\"inouit-posts-list-title-link\" href=\"https:\/\/www.fld-lille.fr\/en\/la-fld-vous-souhaite-de-tres-belles-fetes-de-fin-dannee\/\" title=\"The FLD wishes you a very happy festive season !\">The FLD wishes you a very happy festive season !<\/a>\n\t\t\t\t<\/h3>\n\t\t\t\t<p class=\"inouit-posts-list-excerpt\">The Faculty of Law will be closed for the Christmas holidays from 22 December&hellip;<\/p>\n\t\t\t<\/div>\n\t\t<\/div>\n\t\t\t\t\t\t\t\t<div class=\"vc_clearfix\"><\/div>\n\t\t\t\t\t<div class=\"vc_col-sm-4\">\n\t\t\t<div class=\"inouit-posts-list-post\">\n\t\t\t\t\t\t\t\t\t<a class=\"inouit-posts-list-img-link\" href=\"https:\/\/www.fld-lille.fr\/en\/where-law-meets-business-at-the-french-institute-in-athens\/\" title=\"&#8220;Where Law meets Business&#8221; at the French Institute in Athens !\"><img decoding=\"async\" src=\"https:\/\/www.fld-lille.fr\/wp-content\/uploads\/2023\/12\/\u03c4\u03c1\u03b9\u03bf-1024x681-1-375x198-c-1.jpg\" alt=\"\"><\/a>\n\t\t\t\t\t\t\t\t<p class=\"inouit-posts-list-categories\">\n\t\t\t\t\t\t\t\t\t\t\t\t\t\t\t\t\t\t<span class=\"inouit-posts-list-category-link\" href=\"https:\/\/www.fld-lille.fr\/en\/category\/international-en\/\">International<\/span>\n\t\t\t\t\t\t\t\t\t\t\t\t\t\t\t\t\t\t\t\t\t\t<\/p>\n\t\t\t\t<h3 class=\"inouit-posts-list-title\">\n\t\t\t\t\t<a class=\"inouit-posts-list-title-link\" href=\"https:\/\/www.fld-lille.fr\/en\/where-law-meets-business-at-the-french-institute-in-athens\/\" title=\"&#8220;Where Law meets Business&#8221; at the French Institute in Athens !\">&#8220;Where Law meets Business&#8221; at the French Institute in Athens !<\/a>\n\t\t\t\t<\/h3>\n\t\t\t\t<p class=\"inouit-posts-list-excerpt\">&nbsp; Ioannis Panoussis, Dean of the Faculty of Law of the Universit\u00e9 Catholique de Lille,&hellip;<\/p>\n\t\t\t<\/div>\n\t\t<\/div>\n\t\t\t\t\t<div class=\"vc_col-sm-4\">\n\t\t\t<div class=\"inouit-posts-list-post\">\n\t\t\t\t\t\t\t\t\t<a class=\"inouit-posts-list-img-link\" href=\"https:\/\/www.fld-lille.fr\/en\/new-campus-in-issy-les-moulineaux\/\" title=\"New Campus in Issy-les-Moulineaux\"><img decoding=\"async\" src=\"https:\/\/www.fld-lille.fr\/wp-content\/uploads\/2023\/12\/le_vaisseau-1-375x198-c-1.jpg\" alt=\"\"><\/a>\n\t\t\t\t\t\t\t\t<p class=\"inouit-posts-list-categories\">\n\t\t\t\t\t\t\t\t\t\t\t\t\t\t\t\t\t\t<span class=\"inouit-posts-list-category-link\" href=\"https:\/\/www.fld-lille.fr\/en\/category\/information\/\">Information<\/span>\n\t\t\t\t\t\t\t\t\t\t\t\t\t\t\t\/\n\t\t\t\t\t\t\t\t\t\t\t\t\t\t\t\t\t\t\t\t\t\t\t\t\t\t\t\t\t\t\t<span class=\"inouit-posts-list-category-link\" href=\"https:\/\/www.fld-lille.fr\/en\/category\/issy-les-moulineaux\/\">Issy-les-Moulineaux<\/span>\n\t\t\t\t\t\t\t\t\t\t\t\t\t\t\t\t\t\t\t\t\t\t<\/p>\n\t\t\t\t<h3 class=\"inouit-posts-list-title\">\n\t\t\t\t\t<a class=\"inouit-posts-list-title-link\" href=\"https:\/\/www.fld-lille.fr\/en\/new-campus-in-issy-les-moulineaux\/\" title=\"New Campus in Issy-les-Moulineaux\">New Campus in Issy-les-Moulineaux<\/a>\n\t\t\t\t<\/h3>\n\t\t\t\t<p class=\"inouit-posts-list-excerpt\">Find out what our new Issy-les-Moulineaux campus, the &#8220;Vaisseau&#8221;, will look like when&hellip;<\/p>\n\t\t\t<\/div>\n\t\t<\/div>\n\t\t\t\t\t<div class=\"vc_col-sm-4\">\n\t\t\t<div class=\"inouit-posts-list-post\">\n\t\t\t\t\t\t\t\t\t<a class=\"inouit-posts-list-img-link\" href=\"https:\/\/www.fld-lille.fr\/en\/an-evening-dedicated-to-our-students-parents\/\" title=\"An evening dedicated to our students&#8217; parents !\"><img decoding=\"async\" src=\"https:\/\/www.fld-lille.fr\/wp-content\/uploads\/2023\/10\/SOIREE-DES-PARENTS-IMAGE-375x198-c-1.png\" alt=\"\"><\/a>\n\t\t\t\t\t\t\t\t<p class=\"inouit-posts-list-categories\">\n\t\t\t\t\t\t\t\t\t\t\t\t\t\t\t\t\t\t<span class=\"inouit-posts-list-category-link\" href=\"https:\/\/www.fld-lille.fr\/en\/category\/information\/\">Information<\/span>\n\t\t\t\t\t\t\t\t\t\t\t\t\t\t\t\/\n\t\t\t\t\t\t\t\t\t\t\t\t\t\t\t\t\t\t\t\t\t\t\t\t\t\t\t\t\t\t\t<span class=\"inouit-posts-list-category-link\" href=\"https:\/\/www.fld-lille.fr\/en\/category\/issy-les-moulineaux\/\">Issy-les-Moulineaux<\/span>\n\t\t\t\t\t\t\t\t\t\t\t\t\t\t\t\/\n\t\t\t\t\t\t\t\t\t\t\t\t\t\t\t\t\t\t\t\t\t\t\t\t\t\t\t\t\t\t\t<span class=\"inouit-posts-list-category-link\" href=\"https:\/\/www.fld-lille.fr\/en\/category\/lille-en\/\">Lille<\/span>\n\t\t\t\t\t\t\t\t\t\t\t\t\t\t\t\t\t\t\t\t\t\t<\/p>\n\t\t\t\t<h3 class=\"inouit-posts-list-title\">\n\t\t\t\t\t<a class=\"inouit-posts-list-title-link\" href=\"https:\/\/www.fld-lille.fr\/en\/an-evening-dedicated-to-our-students-parents\/\" title=\"An evening dedicated to our students&#8217; parents !\">An evening dedicated to our students&#8217; parents !<\/a>\n\t\t\t\t<\/h3>\n\t\t\t\t<p class=\"inouit-posts-list-excerpt\">On Monday 23 October, the Faculty of Law welcomed 60 parents on campus and 180&hellip;<\/p>\n\t\t\t<\/div>\n\t\t<\/div>\n\t\t\t\t\t\t\t\t<div class=\"vc_clearfix\"><\/div>\n\t\t\t\t\t<div class=\"vc_col-sm-4\">\n\t\t\t<div class=\"inouit-posts-list-post\">\n\t\t\t\t\t\t\t\t\t<a class=\"inouit-posts-list-img-link\" href=\"https:\/\/www.fld-lille.fr\/en\/fld-open-day-3-2\/\" title=\"FLD Open Days\"><img decoding=\"async\" src=\"https:\/\/www.fld-lille.fr\/wp-content\/uploads\/2022\/10\/Post-facebook-JPO-940x788-copie-e1666882570172-375x198-c-1.jpg\" alt=\"\"><\/a>\n\t\t\t\t\t\t\t\t<p class=\"inouit-posts-list-categories\">\n\t\t\t\t\t\t\t\t\t\t\t\t\t\t\t\t\t\t<span class=\"inouit-posts-list-category-link\" href=\"https:\/\/www.fld-lille.fr\/en\/category\/international-en\/\">International<\/span>\n\t\t\t\t\t\t\t\t\t\t\t\t\t\t\t\/\n\t\t\t\t\t\t\t\t\t\t\t\t\t\t\t\t\t\t\t\t\t\t\t\t\t\t\t\t\t\t\t<span class=\"inouit-posts-list-category-link\" href=\"https:\/\/www.fld-lille.fr\/en\/category\/issy-les-moulineaux\/\">Issy-les-Moulineaux<\/span>\n\t\t\t\t\t\t\t\t\t\t\t\t\t\t\t\/\n\t\t\t\t\t\t\t\t\t\t\t\t\t\t\t\t\t\t\t\t\t\t\t\t\t\t\t\t\t\t\t<span class=\"inouit-posts-list-category-link\" href=\"https:\/\/www.fld-lille.fr\/en\/category\/lille-en\/\">Lille<\/span>\n\t\t\t\t\t\t\t\t\t\t\t\t\t\t\t\t\t\t\t\t\t\t<\/p>\n\t\t\t\t<h3 class=\"inouit-posts-list-title\">\n\t\t\t\t\t<a class=\"inouit-posts-list-title-link\" href=\"https:\/\/www.fld-lille.fr\/en\/fld-open-day-3-2\/\" title=\"FLD Open Days\">FLD Open Days<\/a>\n\t\t\t\t<\/h3>\n\t\t\t\t<p class=\"inouit-posts-list-excerpt\">The Universit\u00e9 Catholique de Lille is glad to welcome you to its Open&hellip;<\/p>\n\t\t\t<\/div>\n\t\t<\/div>\n\t\t\t\t\t<div class=\"vc_col-sm-4\">\n\t\t\t<div class=\"inouit-posts-list-post\">\n\t\t\t\t\t\t\t\t\t<a class=\"inouit-posts-list-img-link\" href=\"https:\/\/www.fld-lille.fr\/en\/alumni-talks\/\" title=\"ALUMNI TALKS\"><img decoding=\"async\" src=\"https:\/\/www.fld-lille.fr\/wp-content\/uploads\/2023\/12\/ecran-univ-1-375x198-c-1.png\" alt=\"\"><\/a>\n\t\t\t\t\t\t\t\t<p class=\"inouit-posts-list-categories\">\n\t\t\t\t\t\t\t\t\t\t\t\t\t\t\t\t\t\t\t\t<\/p>\n\t\t\t\t<h3 class=\"inouit-posts-list-title\">\n\t\t\t\t\t<a class=\"inouit-posts-list-title-link\" href=\"https:\/\/www.fld-lille.fr\/en\/alumni-talks\/\" title=\"ALUMNI TALKS\">ALUMNI TALKS<\/a>\n\t\t\t\t<\/h3>\n\t\t\t\t<p class=\"inouit-posts-list-excerpt\">Discover our first Alumni\/Student event! Join us for a unique opportunity to network, share experiences&hellip;<\/p>\n\t\t\t<\/div>\n\t\t<\/div>\n\t\t\t\t\t<div class=\"vc_col-sm-4\">\n\t\t\t<div class=\"inouit-posts-list-post\">\n\t\t\t\t\t\t\t\t\t<a class=\"inouit-posts-list-img-link\" href=\"https:\/\/www.fld-lille.fr\/en\/new-challenges-for-our-dean\/\" title=\"New challenges for our Dean!\"><img decoding=\"async\" src=\"https:\/\/www.fld-lille.fr\/wp-content\/uploads\/2023\/06\/NOMINATION-IP-VICE-RECTEUR-DVPMT-INTER-375x198-c-1.jpg\" alt=\"\"><\/a>\n\t\t\t\t\t\t\t\t<p class=\"inouit-posts-list-categories\">\n\t\t\t\t\t\t\t\t\t\t\t\t\t\t\t\t\t\t<span class=\"inouit-posts-list-category-link\" href=\"https:\/\/www.fld-lille.fr\/en\/category\/international-en\/\">International<\/span>\n\t\t\t\t\t\t\t\t\t\t\t\t\t\t\t\/\n\t\t\t\t\t\t\t\t\t\t\t\t\t\t\t\t\t\t\t\t\t\t\t\t\t\t\t\t\t\t\t<span class=\"inouit-posts-list-category-link\" href=\"https:\/\/www.fld-lille.fr\/en\/category\/issy-les-moulineaux\/\">Issy-les-Moulineaux<\/span>\n\t\t\t\t\t\t\t\t\t\t\t\t\t\t\t\/\n\t\t\t\t\t\t\t\t\t\t\t\t\t\t\t\t\t\t\t\t\t\t\t\t\t\t\t\t\t\t\t<span class=\"inouit-posts-list-category-link\" href=\"https:\/\/www.fld-lille.fr\/en\/category\/lille-en\/\">Lille<\/span>\n\t\t\t\t\t\t\t\t\t\t\t\t\t\t\t\t\t\t\t\t\t\t<\/p>\n\t\t\t\t<h3 class=\"inouit-posts-list-title\">\n\t\t\t\t\t<a class=\"inouit-posts-list-title-link\" href=\"https:\/\/www.fld-lille.fr\/en\/new-challenges-for-our-dean\/\" title=\"New challenges for our Dean!\">New challenges for our Dean!<\/a>\n\t\t\t\t<\/h3>\n\t\t\t\t<p class=\"inouit-posts-list-excerpt\">We are delighted to hea that our Dean Ioannis Panoussis had been appointed Vice-Rector in&hellip;<\/p>\n\t\t\t<\/div>\n\t\t<\/div>\n\t\t\t\t\t\t\t\t<div class=\"vc_clearfix\"><\/div>\n\t\t\t\t\t<div class=\"vc_col-sm-4\">\n\t\t\t<div class=\"inouit-posts-list-post\">\n\t\t\t\t\t\t\t\t\t<a class=\"inouit-posts-list-img-link\" href=\"https:\/\/www.fld-lille.fr\/en\/masterclass-2023-global-actors-for-peace-unpacking-womens-role\/\" title=\"Masterclass 2023 \u2013 Global Actors for Peace: Unpacking Women\u2019s role\"><img decoding=\"async\" src=\"https:\/\/www.fld-lille.fr\/wp-content\/uploads\/2023\/09\/MASTERCLASS-375x198-c-1.png\" alt=\"\"><\/a>\n\t\t\t\t\t\t\t\t<p class=\"inouit-posts-list-categories\">\n\t\t\t\t\t\t\t\t\t\t\t\t\t\t\t\t\t\t<span class=\"inouit-posts-list-category-link\" href=\"https:\/\/www.fld-lille.fr\/en\/category\/international-en\/\">International<\/span>\n\t\t\t\t\t\t\t\t\t\t\t\t\t\t\t\/\n\t\t\t\t\t\t\t\t\t\t\t\t\t\t\t\t\t\t\t\t\t\t\t\t\t\t\t\t\t\t\t<span class=\"inouit-posts-list-category-link\" href=\"https:\/\/www.fld-lille.fr\/en\/category\/lille-en\/\">Lille<\/span>\n\t\t\t\t\t\t\t\t\t\t\t\t\t\t\t\t\t\t\t\t\t\t<\/p>\n\t\t\t\t<h3 class=\"inouit-posts-list-title\">\n\t\t\t\t\t<a class=\"inouit-posts-list-title-link\" href=\"https:\/\/www.fld-lille.fr\/en\/masterclass-2023-global-actors-for-peace-unpacking-womens-role\/\" title=\"Masterclass 2023 \u2013 Global Actors for Peace: Unpacking Women\u2019s role\">Masterclass 2023 \u2013 Global Actors for Peace: Unpacking Women\u2019s role<\/a>\n\t\t\t\t<\/h3>\n\t\t\t\t<p class=\"inouit-posts-list-excerpt\">[FR] La Masterclass \u00ab Global Actors for Peace \u00bb est un programme bilingue (anglais, fran\u00e7ais)&hellip;<\/p>\n\t\t\t<\/div>\n\t\t<\/div>\n\t\t\t\t\t<div class=\"vc_col-sm-4\">\n\t\t\t<div class=\"inouit-posts-list-post\">\n\t\t\t\t\t\t\t\t\t<a class=\"inouit-posts-list-img-link\" href=\"https:\/\/www.fld-lille.fr\/en\/many-ooks-at-special-rates-for-fld-students\/\" title=\"Books at special rates for FLD students\"><img decoding=\"async\" src=\"https:\/\/www.fld-lille.fr\/wp-content\/uploads\/2023\/09\/V3-bis-375x198-c-1.png\" alt=\"\"><\/a>\n\t\t\t\t\t\t\t\t<p class=\"inouit-posts-list-categories\">\n\t\t\t\t\t\t\t\t\t\t\t\t\t\t\t\t\t\t<span class=\"inouit-posts-list-category-link\" href=\"https:\/\/www.fld-lille.fr\/en\/category\/lille-en\/\">Lille<\/span>\n\t\t\t\t\t\t\t\t\t\t\t\t\t\t\t\t\t\t\t\t\t\t<\/p>\n\t\t\t\t<h3 class=\"inouit-posts-list-title\">\n\t\t\t\t\t<a class=\"inouit-posts-list-title-link\" href=\"https:\/\/www.fld-lille.fr\/en\/many-ooks-at-special-rates-for-fld-students\/\" title=\"Books at special rates for FLD students\">Books at special rates for FLD students<\/a>\n\t\t\t\t<\/h3>\n\t\t\t\t<p class=\"inouit-posts-list-excerpt\">To help you immerse yourself in the world of legal studies\u00a0and familiarise yourself with the&hellip;<\/p>\n\t\t\t<\/div>\n\t\t<\/div>\n\t\t\t\t\t<div class=\"vc_col-sm-4\">\n\t\t\t<div class=\"inouit-posts-list-post\">\n\t\t\t\t\t\t\t\t\t<a class=\"inouit-posts-list-img-link\" href=\"https:\/\/www.fld-lille.fr\/en\/an-exhibition-a-meeting-paintings-law\/\" title=\"An exhibition, a meeting, paintings, law&#8230;\"><img decoding=\"async\" src=\"https:\/\/www.fld-lille.fr\/wp-content\/uploads\/2023\/07\/AFFICHE-ALICIA-MAZOUZ-EXPO-375x198-c-1.png\" alt=\"\"><\/a>\n\t\t\t\t\t\t\t\t<p class=\"inouit-posts-list-categories\">\n\t\t\t\t\t\t\t\t\t\t\t\t\t\t\t\t\t\t<span class=\"inouit-posts-list-category-link\" href=\"https:\/\/www.fld-lille.fr\/en\/category\/issy-les-moulineaux\/\">Issy-les-Moulineaux<\/span>\n\t\t\t\t\t\t\t\t\t\t\t\t\t\t\t\/\n\t\t\t\t\t\t\t\t\t\t\t\t\t\t\t\t\t\t\t\t\t\t\t\t\t\t\t\t\t\t\t<span class=\"inouit-posts-list-category-link\" href=\"https:\/\/www.fld-lille.fr\/en\/category\/research\/\">Research<\/span>\n\t\t\t\t\t\t\t\t\t\t\t\t\t\t\t\t\t\t\t\t\t\t<\/p>\n\t\t\t\t<h3 class=\"inouit-posts-list-title\">\n\t\t\t\t\t<a class=\"inouit-posts-list-title-link\" href=\"https:\/\/www.fld-lille.fr\/en\/an-exhibition-a-meeting-paintings-law\/\" title=\"An exhibition, a meeting, paintings, law&#8230;\">An exhibition, a meeting, paintings, law&#8230;<\/a>\n\t\t\t\t<\/h3>\n\t\t\t\t<p class=\"inouit-posts-list-excerpt\">On October 11, the Ottawa Art Gallery will be hosting an artistic journey devoted to&hellip;<\/p>\n\t\t\t<\/div>\n\t\t<\/div>\n\t\t\t\t\t\t\t\t<div class=\"vc_clearfix\"><\/div>\n\t\t\t\t\t<div class=\"vc_col-sm-4\">\n\t\t\t<div class=\"inouit-posts-list-post\">\n\t\t\t\t\t\t\t\t\t<a class=\"inouit-posts-list-img-link\" href=\"https:\/\/www.fld-lille.fr\/en\/2023-start-date\/\" title=\"Start of the 2023-2024 Academic Year\"><img decoding=\"async\" src=\"https:\/\/www.fld-lille.fr\/wp-content\/uploads\/2022\/07\/HAPPY-RENTREE-36.5-\u00d7-25.5-cm-1-375x198-c-1.png\" alt=\"\"><\/a>\n\t\t\t\t\t\t\t\t<p class=\"inouit-posts-list-categories\">\n\t\t\t\t\t\t\t\t\t\t\t\t\t\t\t\t\t\t<span class=\"inouit-posts-list-category-link\" href=\"https:\/\/www.fld-lille.fr\/en\/category\/issy-les-moulineaux\/\">Issy-les-Moulineaux<\/span>\n\t\t\t\t\t\t\t\t\t\t\t\t\t\t\t\/\n\t\t\t\t\t\t\t\t\t\t\t\t\t\t\t\t\t\t\t\t\t\t\t\t\t\t\t\t\t\t\t<span class=\"inouit-posts-list-category-link\" href=\"https:\/\/www.fld-lille.fr\/en\/category\/lille-en\/\">Lille<\/span>\n\t\t\t\t\t\t\t\t\t\t\t\t\t\t\t\t\t\t\t\t\t\t<\/p>\n\t\t\t\t<h3 class=\"inouit-posts-list-title\">\n\t\t\t\t\t<a class=\"inouit-posts-list-title-link\" href=\"https:\/\/www.fld-lille.fr\/en\/2023-start-date\/\" title=\"Start of the 2023-2024 Academic Year\">Start of the 2023-2024 Academic Year<\/a>\n\t\t\t\t<\/h3>\n\t\t\t\t<p class=\"inouit-posts-list-excerpt\">Welcome to the University&#8230; Here are the dates for the start of the&hellip;<\/p>\n\t\t\t<\/div>\n\t\t<\/div>\n\t\t\t\t\t<div class=\"vc_col-sm-4\">\n\t\t\t<div class=\"inouit-posts-list-post\">\n\t\t\t\t\t\t\t\t\t<a class=\"inouit-posts-list-img-link\" href=\"https:\/\/www.fld-lille.fr\/en\/la-fld-participe-a-la-23eme-edition-du-european-summer-program\/\" title=\"The FLD takes part in the 23rd European Summer Program\"><img decoding=\"async\" src=\"https:\/\/www.fld-lille.fr\/wp-content\/uploads\/2023\/07\/casquettes-3_0-375x198-c-1.jpg\" alt=\"\"><\/a>\n\t\t\t\t\t\t\t\t<p class=\"inouit-posts-list-categories\">\n\t\t\t\t\t\t\t\t\t\t\t\t\t\t\t\t\t\t<span class=\"inouit-posts-list-category-link\" href=\"https:\/\/www.fld-lille.fr\/en\/category\/lille-en\/\">Lille<\/span>\n\t\t\t\t\t\t\t\t\t\t\t\t\t\t\t\t\t\t\t\t\t\t<\/p>\n\t\t\t\t<h3 class=\"inouit-posts-list-title\">\n\t\t\t\t\t<a class=\"inouit-posts-list-title-link\" href=\"https:\/\/www.fld-lille.fr\/en\/la-fld-participe-a-la-23eme-edition-du-european-summer-program\/\" title=\"The FLD takes part in the 23rd European Summer Program\">The FLD takes part in the 23rd European Summer Program<\/a>\n\t\t\t\t<\/h3>\n\t\t\t\t<p class=\"inouit-posts-list-excerpt\">The European Summer Program\u2026&hellip;<\/p>\n\t\t\t<\/div>\n\t\t<\/div>\n\t\t\t\t\t<div class=\"vc_col-sm-4\">\n\t\t\t<div class=\"inouit-posts-list-post\">\n\t\t\t\t\t\t\t\t\t<a class=\"inouit-posts-list-img-link\" href=\"https:\/\/www.fld-lille.fr\/en\/lookback-graduate-ceremony-issy-les-moulineaux-class-of-2021-2022-gisele-halimi\/\" title=\"Lookback at the Issy-les-Moulineaux Graduation Ceremony, class of 2021\/2022 Gis\u00e8le Halimi!\"><img decoding=\"async\" src=\"https:\/\/www.fld-lille.fr\/wp-content\/uploads\/2023\/06\/RDD-ISSY-2-375x198-c-1.jpeg\" alt=\"\"><\/a>\n\t\t\t\t\t\t\t\t<p class=\"inouit-posts-list-categories\">\n\t\t\t\t\t\t\t\t\t\t\t\t\t\t\t\t\t\t<span class=\"inouit-posts-list-category-link\" href=\"https:\/\/www.fld-lille.fr\/en\/category\/issy-les-moulineaux\/\">Issy-les-Moulineaux<\/span>\n\t\t\t\t\t\t\t\t\t\t\t\t\t\t\t\t\t\t\t\t\t\t<\/p>\n\t\t\t\t<h3 class=\"inouit-posts-list-title\">\n\t\t\t\t\t<a class=\"inouit-posts-list-title-link\" href=\"https:\/\/www.fld-lille.fr\/en\/lookback-graduate-ceremony-issy-les-moulineaux-class-of-2021-2022-gisele-halimi\/\" title=\"Lookback at the Issy-les-Moulineaux Graduation Ceremony, class of 2021\/2022 Gis\u00e8le Halimi!\">Lookback at the Issy-les-Moulineaux Graduation Ceremony, class of 2021\/2022 Gis\u00e8le Halimi!<\/a>\n\t\t\t\t<\/h3>\n\t\t\t\t<p class=\"inouit-posts-list-excerpt\">This time, it was in the Simone Veil amphitheatre of the Faculty of Law in&hellip;<\/p>\n\t\t\t<\/div>\n\t\t<\/div>\n\t\t\t\t\t\t\t\t<div class=\"vc_clearfix\"><\/div>\n\t\t\t\t\t<div class=\"vc_col-sm-4\">\n\t\t\t<div class=\"inouit-posts-list-post\">\n\t\t\t\t\t\t\t\t\t<a class=\"inouit-posts-list-img-link\" href=\"https:\/\/www.fld-lille.fr\/en\/marion-rousseaux-is-officially-a-doctor\/\" title=\"A successful defence for Marion, who officially becomes a Doctor!\"><img decoding=\"async\" src=\"https:\/\/www.fld-lille.fr\/wp-content\/uploads\/2023\/06\/SOUTENANCE-THESE-MARION-ROUSSEAUX-2-1-375x198-c-1.jpg\" alt=\"\"><\/a>\n\t\t\t\t\t\t\t\t<p class=\"inouit-posts-list-categories\">\n\t\t\t\t\t\t\t\t\t\t\t\t\t\t\t\t\t\t<span class=\"inouit-posts-list-category-link\" href=\"https:\/\/www.fld-lille.fr\/en\/category\/lille-en\/\">Lille<\/span>\n\t\t\t\t\t\t\t\t\t\t\t\t\t\t\t\t\t\t\t\t\t\t<\/p>\n\t\t\t\t<h3 class=\"inouit-posts-list-title\">\n\t\t\t\t\t<a class=\"inouit-posts-list-title-link\" href=\"https:\/\/www.fld-lille.fr\/en\/marion-rousseaux-is-officially-a-doctor\/\" title=\"A successful defence for Marion, who officially becomes a Doctor!\">A successful defence for Marion, who officially becomes a Doctor!<\/a>\n\t\t\t\t<\/h3>\n\t\t\t\t<p class=\"inouit-posts-list-excerpt\">19 June was a special day for our doctoral student Marion Rousseaux! Having devoted 4&hellip;<\/p>\n\t\t\t<\/div>\n\t\t<\/div>\n\t\t\t\t\t<div class=\"vc_col-sm-4\">\n\t\t\t<div class=\"inouit-posts-list-post\">\n\t\t\t\t\t\t\t\t\t<a class=\"inouit-posts-list-img-link\" href=\"https:\/\/www.fld-lille.fr\/en\/come-and-visit-our-campuses\/\" title=\"Visit our campuses\"><img decoding=\"async\" src=\"https:\/\/www.fld-lille.fr\/wp-content\/uploads\/2023\/06\/ACTUS-SITE-FLD-2-375x198-c-1.png\" alt=\"\"><\/a>\n\t\t\t\t\t\t\t\t<p class=\"inouit-posts-list-categories\">\n\t\t\t\t\t\t\t\t\t\t\t\t\t\t\t\t\t\t<span class=\"inouit-posts-list-category-link\" href=\"https:\/\/www.fld-lille.fr\/en\/category\/information\/\">Information<\/span>\n\t\t\t\t\t\t\t\t\t\t\t\t\t\t\t\/\n\t\t\t\t\t\t\t\t\t\t\t\t\t\t\t\t\t\t\t\t\t\t\t\t\t\t\t\t\t\t\t<span class=\"inouit-posts-list-category-link\" href=\"https:\/\/www.fld-lille.fr\/en\/category\/issy-les-moulineaux\/\">Issy-les-Moulineaux<\/span>\n\t\t\t\t\t\t\t\t\t\t\t\t\t\t\t\/\n\t\t\t\t\t\t\t\t\t\t\t\t\t\t\t\t\t\t\t\t\t\t\t\t\t\t\t\t\t\t\t<span class=\"inouit-posts-list-category-link\" href=\"https:\/\/www.fld-lille.fr\/en\/category\/lille-en\/\">Lille<\/span>\n\t\t\t\t\t\t\t\t\t\t\t\t\t\t\t\t\t\t\t\t\t\t<\/p>\n\t\t\t\t<h3 class=\"inouit-posts-list-title\">\n\t\t\t\t\t<a class=\"inouit-posts-list-title-link\" href=\"https:\/\/www.fld-lille.fr\/en\/come-and-visit-our-campuses\/\" title=\"Visit our campuses\">Visit our campuses<\/a>\n\t\t\t\t<\/h3>\n\t\t\t\t<p class=\"inouit-posts-list-excerpt\">You are currently in your final year and have chosen to study at the Faculty&hellip;<\/p>\n\t\t\t<\/div>\n\t\t<\/div>\n\t\t\t\t\t<div class=\"vc_col-sm-4\">\n\t\t\t<div class=\"inouit-posts-list-post\">\n\t\t\t\t\t\t\t\t\t<a class=\"inouit-posts-list-img-link\" href=\"https:\/\/www.fld-lille.fr\/en\/the-rain-did-not-ruin-the-event\/\" title=\"Alumni Garden Party: the rain did not ruin the event!\"><img decoding=\"async\" src=\"https:\/\/www.fld-lille.fr\/wp-content\/uploads\/2023\/05\/GARDEN-PARTY-IMAGE-1-375x198-c-1.png\" alt=\"\"><\/a>\n\t\t\t\t\t\t\t\t<p class=\"inouit-posts-list-categories\">\n\t\t\t\t\t\t\t\t\t\t\t\t\t\t\t\t\t\t<span class=\"inouit-posts-list-category-link\" href=\"https:\/\/www.fld-lille.fr\/en\/category\/alumni\/\">Alumni<\/span>\n\t\t\t\t\t\t\t\t\t\t\t\t\t\t\t\/\n\t\t\t\t\t\t\t\t\t\t\t\t\t\t\t\t\t\t\t\t\t\t\t\t\t\t\t\t\t\t\t<span class=\"inouit-posts-list-category-link\" href=\"https:\/\/www.fld-lille.fr\/en\/category\/lille-en\/\">Lille<\/span>\n\t\t\t\t\t\t\t\t\t\t\t\t\t\t\t\t\t\t\t\t\t\t<\/p>\n\t\t\t\t<h3 class=\"inouit-posts-list-title\">\n\t\t\t\t\t<a class=\"inouit-posts-list-title-link\" href=\"https:\/\/www.fld-lille.fr\/en\/the-rain-did-not-ruin-the-event\/\" title=\"Alumni Garden Party: the rain did not ruin the event!\">Alumni Garden Party: the rain did not ruin the event!<\/a>\n\t\t\t\t<\/h3>\n\t\t\t\t<p class=\"inouit-posts-list-excerpt\">For almost 30 years, the FLD Garden Party has been a real moment of reunion&hellip;<\/p>\n\t\t\t<\/div>\n\t\t<\/div>\n\t\t\t\t\t\t\t\t<div class=\"vc_clearfix\"><\/div>\n\t\t\t\t\t<div class=\"vc_col-sm-4\">\n\t\t\t<div class=\"inouit-posts-list-post\">\n\t\t\t\t\t\t\t\t\t<a class=\"inouit-posts-list-img-link\" href=\"https:\/\/www.fld-lille.fr\/en\/the-fld-celebrates-europe\/\" title=\"The FLD celebrates Europe!\"><img decoding=\"async\" src=\"https:\/\/www.fld-lille.fr\/wp-content\/uploads\/2023\/05\/ACTUS-SITE-FLD-1-375x198-c-1.png\" alt=\"\"><\/a>\n\t\t\t\t\t\t\t\t<p class=\"inouit-posts-list-categories\">\n\t\t\t\t\t\t\t\t\t\t\t\t\t\t\t\t\t\t<span class=\"inouit-posts-list-category-link\" href=\"https:\/\/www.fld-lille.fr\/en\/category\/international-en\/\">International<\/span>\n\t\t\t\t\t\t\t\t\t\t\t\t\t\t\t\t\t\t\t\t\t\t<\/p>\n\t\t\t\t<h3 class=\"inouit-posts-list-title\">\n\t\t\t\t\t<a class=\"inouit-posts-list-title-link\" href=\"https:\/\/www.fld-lille.fr\/en\/the-fld-celebrates-europe\/\" title=\"The FLD celebrates Europe!\">The FLD celebrates Europe!<\/a>\n\t\t\t\t<\/h3>\n\t\t\t\t<p class=\"inouit-posts-list-excerpt\">In France and throughout the European Union, Europe Month starts next week! 9 May is&hellip;<\/p>\n\t\t\t<\/div>\n\t\t<\/div>\n\t\t\t\t\t<div class=\"vc_col-sm-4\">\n\t\t\t<div class=\"inouit-posts-list-post\">\n\t\t\t\t\t\t\t\t\t<a class=\"inouit-posts-list-img-link\" href=\"https:\/\/www.fld-lille.fr\/en\/cassandres-feedback-on-her-graduation-ceremony\/\" title=\"Cassandre&#8217;s feedback on her Graduation Ceremony\"><img decoding=\"async\" src=\"https:\/\/www.fld-lille.fr\/wp-content\/uploads\/2023\/04\/WhatsApp-Image-2023-04-04-at-11.57.12-12-375x198-c-1.jpeg\" alt=\"\"><\/a>\n\t\t\t\t\t\t\t\t<p class=\"inouit-posts-list-categories\">\n\t\t\t\t\t\t\t\t\t\t\t\t\t\t\t\t\t\t<span class=\"inouit-posts-list-category-link\" href=\"https:\/\/www.fld-lille.fr\/en\/category\/lille-en\/\">Lille<\/span>\n\t\t\t\t\t\t\t\t\t\t\t\t\t\t\t\t\t\t\t\t\t\t<\/p>\n\t\t\t\t<h3 class=\"inouit-posts-list-title\">\n\t\t\t\t\t<a class=\"inouit-posts-list-title-link\" href=\"https:\/\/www.fld-lille.fr\/en\/cassandres-feedback-on-her-graduation-ceremony\/\" title=\"Cassandre&#8217;s feedback on her Graduation Ceremony\">Cassandre&#8217;s feedback on her Graduation Ceremony<\/a>\n\t\t\t\t<\/h3>\n\t\t\t\t<p class=\"inouit-posts-list-excerpt\">On 31 March, Cassandre participated in her graduation ceremony, a class named after&hellip;<\/p>\n\t\t\t<\/div>\n\t\t<\/div>\n\t\t\t\t\t<div class=\"vc_col-sm-4\">\n\t\t\t<div class=\"inouit-posts-list-post\">\n\t\t\t\t\t\t\t\t\t<a class=\"inouit-posts-list-img-link\" href=\"https:\/\/www.fld-lille.fr\/en\/__trashed\/\" title=\"2 new graduate certificates at the FLD!\"><img decoding=\"async\" src=\"https:\/\/www.fld-lille.fr\/wp-content\/uploads\/2023\/04\/ACTUS-SITE-FLD-375x198-c-1.png\" alt=\"\"><\/a>\n\t\t\t\t\t\t\t\t<p class=\"inouit-posts-list-categories\">\n\t\t\t\t\t\t\t\t\t\t\t\t\t\t\t\t\t\t\t\t<\/p>\n\t\t\t\t<h3 class=\"inouit-posts-list-title\">\n\t\t\t\t\t<a class=\"inouit-posts-list-title-link\" href=\"https:\/\/www.fld-lille.fr\/en\/__trashed\/\" title=\"2 new graduate certificates at the FLD!\">2 new graduate certificates at the FLD!<\/a>\n\t\t\t\t<\/h3>\n\t\t\t\t<p class=\"inouit-posts-list-excerpt\">Ever more aware of the issues facing our society, the Faculty of Law has created&hellip;<\/p>\n\t\t\t<\/div>\n\t\t<\/div>\n\t\t\t\t\t\t\t\t<div class=\"vc_clearfix\"><\/div>\n\t\t\t\t\t<div class=\"vc_col-sm-4\">\n\t\t\t<div class=\"inouit-posts-list-post\">\n\t\t\t\t\t\t\t\t\t<a class=\"inouit-posts-list-img-link\" href=\"https:\/\/www.fld-lille.fr\/en\/new-presidency-of-the-scientific-council-of-the-national-observatory-for-child-protection\/\" title=\"New Presidency of the Scientific Council of the National Observatory for Child Protection\"><img decoding=\"async\" src=\"https:\/\/www.fld-lille.fr\/wp-content\/uploads\/2023\/03\/NOMINATTION-BLANDINE-375x198-c-1.png\" alt=\"\"><\/a>\n\t\t\t\t\t\t\t\t<p class=\"inouit-posts-list-categories\">\n\t\t\t\t\t\t\t\t\t\t\t\t\t\t\t\t\t\t<span class=\"inouit-posts-list-category-link\" href=\"https:\/\/www.fld-lille.fr\/en\/category\/lille-en\/\">Lille<\/span>\n\t\t\t\t\t\t\t\t\t\t\t\t\t\t\t\/\n\t\t\t\t\t\t\t\t\t\t\t\t\t\t\t\t\t\t\t\t\t\t\t\t\t\t\t\t\t\t\t<span class=\"inouit-posts-list-category-link\" href=\"https:\/\/www.fld-lille.fr\/en\/category\/research\/\">Research<\/span>\n\t\t\t\t\t\t\t\t\t\t\t\t\t\t\t\t\t\t\t\t\t\t<\/p>\n\t\t\t\t<h3 class=\"inouit-posts-list-title\">\n\t\t\t\t\t<a class=\"inouit-posts-list-title-link\" href=\"https:\/\/www.fld-lille.fr\/en\/new-presidency-of-the-scientific-council-of-the-national-observatory-for-child-protection\/\" title=\"New Presidency of the Scientific Council of the National Observatory for Child Protection\">New Presidency of the Scientific Council of the National Observatory for Child Protection<\/a>\n\t\t\t\t<\/h3>\n\t\t\t\t<p class=\"inouit-posts-list-excerpt\">Blandine Mallevaey, Professor of rivate law and criminal sciences at the Faculty of Law (FLD)&hellip;<\/p>\n\t\t\t<\/div>\n\t\t<\/div>\n\t\t\t\t\t<div class=\"vc_col-sm-4\">\n\t\t\t<div class=\"inouit-posts-list-post\">\n\t\t\t\t\t\t\t\t\t<a class=\"inouit-posts-list-img-link\" href=\"https:\/\/www.fld-lille.fr\/en\/our-student-associations-welcome-prestigious-guests-at-the-fld\/\" title=\"Our student associations welcome prestigious guests at the FLD!\"><img decoding=\"async\" src=\"https:\/\/www.fld-lille.fr\/wp-content\/uploads\/2023\/03\/banniere-site-web4-375x198-c-1.png\" alt=\"\"><\/a>\n\t\t\t\t\t\t\t\t<p class=\"inouit-posts-list-categories\">\n\t\t\t\t\t\t\t\t\t\t\t\t\t\t\t\t\t\t<span class=\"inouit-posts-list-category-link\" href=\"https:\/\/www.fld-lille.fr\/en\/category\/issy-les-moulineaux\/\">Issy-les-Moulineaux<\/span>\n\t\t\t\t\t\t\t\t\t\t\t\t\t\t\t\/\n\t\t\t\t\t\t\t\t\t\t\t\t\t\t\t\t\t\t\t\t\t\t\t\t\t\t\t\t\t\t\t<span class=\"inouit-posts-list-category-link\" href=\"https:\/\/www.fld-lille.fr\/en\/category\/lille-en\/\">Lille<\/span>\n\t\t\t\t\t\t\t\t\t\t\t\t\t\t\t\/\n\t\t\t\t\t\t\t\t\t\t\t\t\t\t\t\t\t\t\t\t\t\t\t\t\t\t\t\t\t\t\t<span class=\"inouit-posts-list-category-link\" href=\"https:\/\/www.fld-lille.fr\/en\/category\/students\/\">Students<\/span>\n\t\t\t\t\t\t\t\t\t\t\t\t\t\t\t\t\t\t\t\t\t\t<\/p>\n\t\t\t\t<h3 class=\"inouit-posts-list-title\">\n\t\t\t\t\t<a class=\"inouit-posts-list-title-link\" href=\"https:\/\/www.fld-lille.fr\/en\/our-student-associations-welcome-prestigious-guests-at-the-fld\/\" title=\"Our student associations welcome prestigious guests at the FLD!\">Our student associations welcome prestigious guests at the FLD!<\/a>\n\t\t\t\t<\/h3>\n\t\t\t\t<p class=\"inouit-posts-list-excerpt\">Every year, the involvement of our students in the associative life of the university and&hellip;<\/p>\n\t\t\t<\/div>\n\t\t<\/div>\n\t\t\t\t\t<div class=\"vc_col-sm-4\">\n\t\t\t<div class=\"inouit-posts-list-post\">\n\t\t\t\t\t\t\t\t\t<a class=\"inouit-posts-list-img-link\" href=\"https:\/\/www.fld-lille.fr\/en\/hayao-miyazaki-et-le-droit-du-reve-a-la-realite\/\" title=\"Hayao Miyazaki and the law, from dream to reality\"><img decoding=\"async\" src=\"https:\/\/www.fld-lille.fr\/wp-content\/uploads\/2023\/04\/MICHAEL-LAREF-PARUTION-375x198-c-1.jpg\" alt=\"\"><\/a>\n\t\t\t\t\t\t\t\t<p class=\"inouit-posts-list-categories\">\n\t\t\t\t\t\t\t\t\t\t\t\t\t\t\t\t\t\t<span class=\"inouit-posts-list-category-link\" href=\"https:\/\/www.fld-lille.fr\/en\/category\/information\/\">Information<\/span>\n\t\t\t\t\t\t\t\t\t\t\t\t\t\t\t\/\n\t\t\t\t\t\t\t\t\t\t\t\t\t\t\t\t\t\t\t\t\t\t\t\t\t\t\t\t\t\t\t<span class=\"inouit-posts-list-category-link\" href=\"https:\/\/www.fld-lille.fr\/en\/category\/lille-en\/\">Lille<\/span>\n\t\t\t\t\t\t\t\t\t\t\t\t\t\t\t\/\n\t\t\t\t\t\t\t\t\t\t\t\t\t\t\t\t\t\t\t\t\t\t\t\t\t\t\t\t\t\t\t<span class=\"inouit-posts-list-category-link\" href=\"https:\/\/www.fld-lille.fr\/en\/category\/research\/\">Research<\/span>\n\t\t\t\t\t\t\t\t\t\t\t\t\t\t\t\t\t\t\t\t\t\t<\/p>\n\t\t\t\t<h3 class=\"inouit-posts-list-title\">\n\t\t\t\t\t<a class=\"inouit-posts-list-title-link\" href=\"https:\/\/www.fld-lille.fr\/en\/hayao-miyazaki-et-le-droit-du-reve-a-la-realite\/\" title=\"Hayao Miyazaki and the law, from dream to reality\">Hayao Miyazaki and the law, from dream to reality<\/a>\n\t\t\t\t<\/h3>\n\t\t\t\t<p class=\"inouit-posts-list-excerpt\">In the coming days, Hayao Miyazaki et le droit. Du r\u00eave \u00e0 la r\u00e9alit\u00e9 will&hellip;<\/p>\n\t\t\t<\/div>\n\t\t<\/div>\n\t\t\t\t\t\t\t\t<div class=\"vc_clearfix\"><\/div>\n\t\t\t\t\t<div class=\"vc_col-sm-4\">\n\t\t\t<div class=\"inouit-posts-list-post\">\n\t\t\t\t\t\t\t\t\t<a class=\"inouit-posts-list-img-link\" href=\"https:\/\/www.fld-lille.fr\/en\/the-largest-tax-seminar-was-held-at-the-fld\/\" title=\"The largest tax seminar was held at the FLD!\"><img decoding=\"async\" src=\"https:\/\/www.fld-lille.fr\/wp-content\/uploads\/2023\/04\/SEMINAIRE-FISCA-IMAGE-1-1-375x198-c-1.png\" alt=\"\"><\/a>\n\t\t\t\t\t\t\t\t<p class=\"inouit-posts-list-categories\">\n\t\t\t\t\t\t\t\t\t\t\t\t\t\t\t\t\t\t<span class=\"inouit-posts-list-category-link\" href=\"https:\/\/www.fld-lille.fr\/en\/category\/lille-en\/\">Lille<\/span>\n\t\t\t\t\t\t\t\t\t\t\t\t\t\t\t\t\t\t\t\t\t\t<\/p>\n\t\t\t\t<h3 class=\"inouit-posts-list-title\">\n\t\t\t\t\t<a class=\"inouit-posts-list-title-link\" href=\"https:\/\/www.fld-lille.fr\/en\/the-largest-tax-seminar-was-held-at-the-fld\/\" title=\"The largest tax seminar was held at the FLD!\">The largest tax seminar was held at the FLD!<\/a>\n\t\t\t\t<\/h3>\n\t\t\t\t<p class=\"inouit-posts-list-excerpt\">On March 25, the largest tax seminar ever organised in France took place. Indeed, after&hellip;<\/p>\n\t\t\t<\/div>\n\t\t<\/div>\n\t\t\t\t\t<div class=\"vc_col-sm-4\">\n\t\t\t<div class=\"inouit-posts-list-post\">\n\t\t\t\t\t\t\t\t\t<a class=\"inouit-posts-list-img-link\" href=\"https:\/\/www.fld-lille.fr\/en\/une-tres-belle-remise-des-diplomes-promotion-gisele-halimi\/\" title=\"A very nice Graduation Ceremony &#8211; Gis\u00e8le Halimi class\"><img decoding=\"async\" src=\"https:\/\/www.fld-lille.fr\/wp-content\/uploads\/2023\/04\/RDD-375x198-c-1.jpg\" alt=\"\"><\/a>\n\t\t\t\t\t\t\t\t<p class=\"inouit-posts-list-categories\">\n\t\t\t\t\t\t\t\t\t\t\t\t\t\t\t\t\t\t<span class=\"inouit-posts-list-category-link\" href=\"https:\/\/www.fld-lille.fr\/en\/category\/lille-en\/\">Lille<\/span>\n\t\t\t\t\t\t\t\t\t\t\t\t\t\t\t\/\n\t\t\t\t\t\t\t\t\t\t\t\t\t\t\t\t\t\t\t\t\t\t\t\t\t\t\t\t\t\t\t<span class=\"inouit-posts-list-category-link\" href=\"https:\/\/www.fld-lille.fr\/en\/category\/students\/\">Students<\/span>\n\t\t\t\t\t\t\t\t\t\t\t\t\t\t\t\t\t\t\t\t\t\t<\/p>\n\t\t\t\t<h3 class=\"inouit-posts-list-title\">\n\t\t\t\t\t<a class=\"inouit-posts-list-title-link\" href=\"https:\/\/www.fld-lille.fr\/en\/une-tres-belle-remise-des-diplomes-promotion-gisele-halimi\/\" title=\"A very nice Graduation Ceremony &#8211; Gis\u00e8le Halimi class\">A very nice Graduation Ceremony &#8211; Gis\u00e8le Halimi class<\/a>\n\t\t\t\t<\/h3>\n\t\t\t\t<p class=\"inouit-posts-list-excerpt\">The Graduation Ceremony for our 2021\/2022 class was held at the Lille exhibition Center! A&hellip;<\/p>\n\t\t\t<\/div>\n\t\t<\/div>\n\t\t\t\t\t<div class=\"vc_col-sm-4\">\n\t\t\t<div class=\"inouit-posts-list-post\">\n\t\t\t\t\t\t\t\t\t<a class=\"inouit-posts-list-img-link\" href=\"https:\/\/www.fld-lille.fr\/en\/500-legal-consultations-reached-for-the-law-bus\/\" title=\"500 legal consultations reached for the Law Bus!\"><img decoding=\"async\" src=\"https:\/\/www.fld-lille.fr\/wp-content\/uploads\/2023\/03\/Team-Bus-de-lAcces-au-Droit-375x198-c-1.jpg\" alt=\"\"><\/a>\n\t\t\t\t\t\t\t\t<p class=\"inouit-posts-list-categories\">\n\t\t\t\t\t\t\t\t\t\t\t\t\t\t\t\t\t\t<span class=\"inouit-posts-list-category-link\" href=\"https:\/\/www.fld-lille.fr\/en\/category\/information\/\">Information<\/span>\n\t\t\t\t\t\t\t\t\t\t\t\t\t\t\t\/\n\t\t\t\t\t\t\t\t\t\t\t\t\t\t\t\t\t\t\t\t\t\t\t\t\t\t\t\t\t\t\t<span class=\"inouit-posts-list-category-link\" href=\"https:\/\/www.fld-lille.fr\/en\/category\/lille-en\/\">Lille<\/span>\n\t\t\t\t\t\t\t\t\t\t\t\t\t\t\t\t\t\t\t\t\t\t<\/p>\n\t\t\t\t<h3 class=\"inouit-posts-list-title\">\n\t\t\t\t\t<a class=\"inouit-posts-list-title-link\" href=\"https:\/\/www.fld-lille.fr\/en\/500-legal-consultations-reached-for-the-law-bus\/\" title=\"500 legal consultations reached for the Law Bus!\">500 legal consultations reached for the Law Bus!<\/a>\n\t\t\t\t<\/h3>\n\t\t\t\t<p class=\"inouit-posts-list-excerpt\">March was very rich in symbolic events for the FLD Law Bus. As it celebrated&hellip;<\/p>\n\t\t\t<\/div>\n\t\t<\/div>\n\t\t\t\t\t\t\t\t<div class=\"vc_clearfix\"><\/div>\n\t\t\t\t\t<div class=\"vc_col-sm-4\">\n\t\t\t<div class=\"inouit-posts-list-post\">\n\t\t\t\t\t\t\t\t\t<a class=\"inouit-posts-list-img-link\" href=\"https:\/\/www.fld-lille.fr\/en\/3rd-place-in-the-cassin-competition-for-our-dhsd-masters-students\/\" title=\"3rd place in the Cassin competition for our DHSD Masters students!\"><img decoding=\"async\" src=\"https:\/\/www.fld-lille.fr\/wp-content\/uploads\/2023\/03\/CONCOURS-CASSIN-2-1-375x198-c-1.jpg\" alt=\"\"><\/a>\n\t\t\t\t\t\t\t\t<p class=\"inouit-posts-list-categories\">\n\t\t\t\t\t\t\t\t\t\t\t\t\t\t\t\t\t\t<span class=\"inouit-posts-list-category-link\" href=\"https:\/\/www.fld-lille.fr\/en\/category\/international-en\/\">International<\/span>\n\t\t\t\t\t\t\t\t\t\t\t\t\t\t\t\/\n\t\t\t\t\t\t\t\t\t\t\t\t\t\t\t\t\t\t\t\t\t\t\t\t\t\t\t\t\t\t\t<span class=\"inouit-posts-list-category-link\" href=\"https:\/\/www.fld-lille.fr\/en\/category\/lille-en\/\">Lille<\/span>\n\t\t\t\t\t\t\t\t\t\t\t\t\t\t\t\/\n\t\t\t\t\t\t\t\t\t\t\t\t\t\t\t\t\t\t\t\t\t\t\t\t\t\t\t\t\t\t\t<span class=\"inouit-posts-list-category-link\" href=\"https:\/\/www.fld-lille.fr\/en\/category\/students\/\">Students<\/span>\n\t\t\t\t\t\t\t\t\t\t\t\t\t\t\t\t\t\t\t\t\t\t<\/p>\n\t\t\t\t<h3 class=\"inouit-posts-list-title\">\n\t\t\t\t\t<a class=\"inouit-posts-list-title-link\" href=\"https:\/\/www.fld-lille.fr\/en\/3rd-place-in-the-cassin-competition-for-our-dhsd-masters-students\/\" title=\"3rd place in the Cassin competition for our DHSD Masters students!\">3rd place in the Cassin competition for our DHSD Masters students!<\/a>\n\t\t\t\t<\/h3>\n\t\t\t\t<p class=\"inouit-posts-list-excerpt\">Open to both public and private universities, the &#8220;Ren\u00e9 Cassin&#8221; Competition, organised by the Ren\u00e9&hellip;<\/p>\n\t\t\t<\/div>\n\t\t<\/div>\n\t\t\t\t\t<div class=\"vc_col-sm-4\">\n\t\t\t<div class=\"inouit-posts-list-post\">\n\t\t\t\t\t\t\t\t\t<a class=\"inouit-posts-list-img-link\" href=\"https:\/\/www.fld-lille.fr\/en\/fld-open-day-2\/\" title=\"FLD Open Day 2023\"><img decoding=\"async\" src=\"https:\/\/www.fld-lille.fr\/wp-content\/uploads\/2022\/10\/Post-facebook-JPO-940x788-copie-e1666882570172-375x198-c-1.jpg\" alt=\"\"><\/a>\n\t\t\t\t\t\t\t\t<p class=\"inouit-posts-list-categories\">\n\t\t\t\t\t\t\t\t\t\t\t\t\t\t\t\t\t\t<span class=\"inouit-posts-list-category-link\" href=\"https:\/\/www.fld-lille.fr\/category\/international\/\">International<\/span>\n\t\t\t\t\t\t\t\t\t\t\t\t\t\t\t\/\n\t\t\t\t\t\t\t\t\t\t\t\t\t\t\t\t\t\t\t\t\t\t\t\t\t\t\t\t\t\t\t<span class=\"inouit-posts-list-category-link\" href=\"https:\/\/www.fld-lille.fr\/category\/issy\/\">Issy-les-Moulineaux<\/span>\n\t\t\t\t\t\t\t\t\t\t\t\t\t\t\t\/\n\t\t\t\t\t\t\t\t\t\t\t\t\t\t\t\t\t\t\t\t\t\t\t\t\t\t\t\t\t\t\t<span class=\"inouit-posts-list-category-link\" href=\"https:\/\/www.fld-lille.fr\/category\/lille\/\">Lille<\/span>\n\t\t\t\t\t\t\t\t\t\t\t\t\t\t\t\/\n\t\t\t\t\t\t\t\t\t\t\t\t\t\t\t\t\t\t\t\t\t\t\t\t\t\t\t\t\t\t\t\t\t<\/p>\n\t\t\t\t<h3 class=\"inouit-posts-list-title\">\n\t\t\t\t\t<a class=\"inouit-posts-list-title-link\" href=\"https:\/\/www.fld-lille.fr\/en\/fld-open-day-2\/\" title=\"FLD Open Day 2023\">FLD Open Day 2023<\/a>\n\t\t\t\t<\/h3>\n\t\t\t\t<p class=\"inouit-posts-list-excerpt\">The Universit\u00e9 Catholique de Lille is pleased to welcome you to its Open&hellip;<\/p>\n\t\t\t<\/div>\n\t\t<\/div>\n\t\t\t\t\t<div class=\"vc_col-sm-4\">\n\t\t\t<div class=\"inouit-posts-list-post\">\n\t\t\t\t\t\t\t\t\t<a class=\"inouit-posts-list-img-link\" href=\"https:\/\/www.fld-lille.fr\/en\/european-law-moot-court-2023\/\" title=\"European Law Moot Court 2023\"><img decoding=\"async\" src=\"https:\/\/www.fld-lille.fr\/wp-content\/uploads\/2023\/02\/ELMC-1-375x198-c-1.png\" alt=\"\"><\/a>\n\t\t\t\t\t\t\t\t<p class=\"inouit-posts-list-categories\">\n\t\t\t\t\t\t\t\t\t\t\t\t\t\t\t\t\t\t<span class=\"inouit-posts-list-category-link\" href=\"https:\/\/www.fld-lille.fr\/en\/category\/international-en\/\">International<\/span>\n\t\t\t\t\t\t\t\t\t\t\t\t\t\t\t\/\n\t\t\t\t\t\t\t\t\t\t\t\t\t\t\t\t\t\t\t\t\t\t\t\t\t\t\t\t\t\t\t<span class=\"inouit-posts-list-category-link\" href=\"https:\/\/www.fld-lille.fr\/en\/category\/lille-en\/\">Lille<\/span>\n\t\t\t\t\t\t\t\t\t\t\t\t\t\t\t\t\t\t\t\t\t\t<\/p>\n\t\t\t\t<h3 class=\"inouit-posts-list-title\">\n\t\t\t\t\t<a class=\"inouit-posts-list-title-link\" href=\"https:\/\/www.fld-lille.fr\/en\/european-law-moot-court-2023\/\" title=\"European Law Moot Court 2023\">European Law Moot Court 2023<\/a>\n\t\t\t\t<\/h3>\n\t\t\t\t<p class=\"inouit-posts-list-excerpt\">The Faculty of Law of the Universit\u00e9 Catholique de Lille will host, on&hellip;<\/p>\n\t\t\t<\/div>\n\t\t<\/div>\n\t\t\t\t\t\t\t\t<div class=\"vc_clearfix\"><\/div>\n\t\t\t\t\t<div class=\"vc_col-sm-4\">\n\t\t\t<div class=\"inouit-posts-list-post\">\n\t\t\t\t\t\t\t\t\t<a class=\"inouit-posts-list-img-link\" href=\"https:\/\/www.fld-lille.fr\/en\/parents-evening\/\" title=\"Parents&#8217; evening\"><img decoding=\"async\" src=\"https:\/\/www.fld-lille.fr\/wp-content\/uploads\/2025\/11\/ACTUS-SITE-FLD-2025-11-12T113303.616-375x198-c-1.png\" alt=\"\"><\/a>\n\t\t\t\t\t\t\t\t<p class=\"inouit-posts-list-categories\">\n\t\t\t\t\t\t\t\t\t\t\t\t\t\t\t\t\t\t<span class=\"inouit-posts-list-category-link\" href=\"https:\/\/www.fld-lille.fr\/en\/category\/issy-les-moulineaux\/\">Issy-les-Moulineaux<\/span>\n\t\t\t\t\t\t\t\t\t\t\t\t\t\t\t\/\n\t\t\t\t\t\t\t\t\t\t\t\t\t\t\t\t\t\t\t\t\t\t\t\t\t\t\t\t\t\t\t<span class=\"inouit-posts-list-category-link\" href=\"https:\/\/www.fld-lille.fr\/en\/category\/lille-en\/\">Lille<\/span>\n\t\t\t\t\t\t\t\t\t\t\t\t\t\t\t\t\t\t\t\t\t\t<\/p>\n\t\t\t\t<h3 class=\"inouit-posts-list-title\">\n\t\t\t\t\t<a class=\"inouit-posts-list-title-link\" href=\"https:\/\/www.fld-lille.fr\/en\/parents-evening\/\" title=\"Parents&#8217; evening\">Parents&#8217; evening<\/a>\n\t\t\t\t<\/h3>\n\t\t\t\t<p class=\"inouit-posts-list-excerpt\">Is your child interested in joining a course offered by the Faculties of&hellip;<\/p>\n\t\t\t<\/div>\n\t\t<\/div>\n\t\t\t\t\t<div class=\"vc_col-sm-4\">\n\t\t\t<div class=\"inouit-posts-list-post\">\n\t\t\t\t\t\t\t\t\t<a class=\"inouit-posts-list-img-link\" href=\"https:\/\/www.fld-lille.fr\/en\/environmental-constitutional-and-international-dialogue\/\" title=\"Environmental, Constitutional and International Dialogue\"><img decoding=\"async\" src=\"https:\/\/www.fld-lille.fr\/wp-content\/uploads\/2023\/01\/Banniere-Dialogue-ACI-home-375x198-c-1.png\" alt=\"\"><\/a>\n\t\t\t\t\t\t\t\t<p class=\"inouit-posts-list-categories\">\n\t\t\t\t\t\t\t\t\t\t\t\t\t\t\t\t\t\t<span class=\"inouit-posts-list-category-link\" href=\"https:\/\/www.fld-lille.fr\/en\/category\/international-en\/\">International<\/span>\n\t\t\t\t\t\t\t\t\t\t\t\t\t\t\t\/\n\t\t\t\t\t\t\t\t\t\t\t\t\t\t\t\t\t\t\t\t\t\t\t\t\t\t\t\t\t\t\t<span class=\"inouit-posts-list-category-link\" href=\"https:\/\/www.fld-lille.fr\/en\/category\/research\/\">Research<\/span>\n\t\t\t\t\t\t\t\t\t\t\t\t\t\t\t\t\t\t\t\t\t\t<\/p>\n\t\t\t\t<h3 class=\"inouit-posts-list-title\">\n\t\t\t\t\t<a class=\"inouit-posts-list-title-link\" href=\"https:\/\/www.fld-lille.fr\/en\/environmental-constitutional-and-international-dialogue\/\" title=\"Environmental, Constitutional and International Dialogue\">Environmental, Constitutional and International Dialogue<\/a>\n\t\t\t\t<\/h3>\n\t\t\t\t<p class=\"inouit-posts-list-excerpt\">The \u00ab\u202fEnvironmental, Constitutional and International Dialogue\u202f\u00bb ( ACI Dialogue) is an annual and travelling&hellip;<\/p>\n\t\t\t<\/div>\n\t\t<\/div>\n\t\t\t\t\t<div class=\"vc_col-sm-4\">\n\t\t\t<div class=\"inouit-posts-list-post\">\n\t\t\t\t\t\t\t\t\t<a class=\"inouit-posts-list-img-link\" href=\"https:\/\/www.fld-lille.fr\/en\/virtual-reality-as-a-way-to-experience-reality-for-our-future-lawyers\/\" title=\"Virtual reality as a way to experience reality for our future lawyers!\"><img decoding=\"async\" src=\"https:\/\/www.fld-lille.fr\/wp-content\/uploads\/2022\/12\/Dragen-Zigic-realite-virtuelle-375x198-c-1.jpg\" alt=\"\"><\/a>\n\t\t\t\t\t\t\t\t<p class=\"inouit-posts-list-categories\">\n\t\t\t\t\t\t\t\t\t\t\t\t\t\t\t\t\t\t<span class=\"inouit-posts-list-category-link\" href=\"https:\/\/www.fld-lille.fr\/en\/category\/information\/\">Information<\/span>\n\t\t\t\t\t\t\t\t\t\t\t\t\t\t\t\/\n\t\t\t\t\t\t\t\t\t\t\t\t\t\t\t\t\t\t\t\t\t\t\t\t\t\t\t\t\t\t\t<span class=\"inouit-posts-list-category-link\" href=\"https:\/\/www.fld-lille.fr\/en\/category\/students\/\">Students<\/span>\n\t\t\t\t\t\t\t\t\t\t\t\t\t\t\t\t\t\t\t\t\t\t<\/p>\n\t\t\t\t<h3 class=\"inouit-posts-list-title\">\n\t\t\t\t\t<a class=\"inouit-posts-list-title-link\" href=\"https:\/\/www.fld-lille.fr\/en\/virtual-reality-as-a-way-to-experience-reality-for-our-future-lawyers\/\" title=\"Virtual reality as a way to experience reality for our future lawyers!\">Virtual reality as a way to experience reality for our future lawyers!<\/a>\n\t\t\t\t<\/h3>\n\t\t\t\t<p class=\"inouit-posts-list-excerpt\">Innovative teaching methods for our students Anne-Claire Grandjean, Senior Lecturer in Public Law,&hellip;<\/p>\n\t\t\t<\/div>\n\t\t<\/div>\n\t\t\t\t\t\t\t\t<div class=\"vc_clearfix\"><\/div>\n\t\t\t\t\t<div class=\"vc_col-sm-4\">\n\t\t\t<div class=\"inouit-posts-list-post\">\n\t\t\t\t\t\t\t\t\t<a class=\"inouit-posts-list-img-link\" href=\"https:\/\/www.fld-lille.fr\/en\/the-fld-team-wishes-you-all-a-very-happy-holiday-season-2\/\" title=\"Best wishes for 2023!\"><img decoding=\"async\" src=\"https:\/\/www.fld-lille.fr\/wp-content\/uploads\/2023\/01\/FLD-FAMILY-1-375x198-c-1.jpg\" alt=\"\"><\/a>\n\t\t\t\t\t\t\t\t<p class=\"inouit-posts-list-categories\">\n\t\t\t\t\t\t\t\t\t\t\t\t\t\t\t\t\t\t<span class=\"inouit-posts-list-category-link\" href=\"https:\/\/www.fld-lille.fr\/category\/international\/\">International<\/span>\n\t\t\t\t\t\t\t\t\t\t\t\t\t\t\t\/\n\t\t\t\t\t\t\t\t\t\t\t\t\t\t\t\t\t\t\t\t\t\t\t\t\t\t\t\t\t\t\t<span class=\"inouit-posts-list-category-link\" href=\"https:\/\/www.fld-lille.fr\/category\/issy\/\">Issy-les-Moulineaux<\/span>\n\t\t\t\t\t\t\t\t\t\t\t\t\t\t\t\/\n\t\t\t\t\t\t\t\t\t\t\t\t\t\t\t\t\t\t\t\t\t\t\t\t\t\t\t\t\t\t\t<span class=\"inouit-posts-list-category-link\" href=\"https:\/\/www.fld-lille.fr\/category\/lille\/\">Lille<\/span>\n\t\t\t\t\t\t\t\t\t\t\t\t\t\t\t\/\n\t\t\t\t\t\t\t\t\t\t\t\t\t\t\t\t\t\t\t\t\t\t\t\t\t\t\t\t\t\t\t\t\t<\/p>\n\t\t\t\t<h3 class=\"inouit-posts-list-title\">\n\t\t\t\t\t<a class=\"inouit-posts-list-title-link\" href=\"https:\/\/www.fld-lille.fr\/en\/the-fld-team-wishes-you-all-a-very-happy-holiday-season-2\/\" title=\"Best wishes for 2023!\">Best wishes for 2023!<\/a>\n\t\t\t\t<\/h3>\n\t\t\t\t<p class=\"inouit-posts-list-excerpt\">The FLD will be closed from December 17, 2022 to January 3, 2023&hellip;<\/p>\n\t\t\t<\/div>\n\t\t<\/div>\n\t\t\t\t\t<div class=\"vc_col-sm-4\">\n\t\t\t<div class=\"inouit-posts-list-post\">\n\t\t\t\t\t\t\t\t\t<a class=\"inouit-posts-list-img-link\" href=\"https:\/\/www.fld-lille.fr\/en\/the-fld-and-edhec-join-forces-for-a-new-great-programme\/\" title=\"The FLD and EDHEC join forces for a new great programme !\"><img decoding=\"async\" src=\"https:\/\/www.fld-lille.fr\/wp-content\/uploads\/2022\/11\/DSC03165-2-375x198-c-1.jpg\" alt=\"\"><\/a>\n\t\t\t\t\t\t\t\t<p class=\"inouit-posts-list-categories\">\n\t\t\t\t\t\t\t\t\t\t\t\t\t\t\t\t\t\t<span class=\"inouit-posts-list-category-link\" href=\"https:\/\/www.fld-lille.fr\/en\/category\/international-en\/\">International<\/span>\n\t\t\t\t\t\t\t\t\t\t\t\t\t\t\t\/\n\t\t\t\t\t\t\t\t\t\t\t\t\t\t\t\t\t\t\t\t\t\t\t\t\t\t\t\t\t\t\t<span class=\"inouit-posts-list-category-link\" href=\"https:\/\/www.fld-lille.fr\/en\/category\/issy-les-moulineaux\/\">Issy-les-Moulineaux<\/span>\n\t\t\t\t\t\t\t\t\t\t\t\t\t\t\t\t\t\t\t\t\t\t<\/p>\n\t\t\t\t<h3 class=\"inouit-posts-list-title\">\n\t\t\t\t\t<a class=\"inouit-posts-list-title-link\" href=\"https:\/\/www.fld-lille.fr\/en\/the-fld-and-edhec-join-forces-for-a-new-great-programme\/\" title=\"The FLD and EDHEC join forces for a new great programme !\">The FLD and EDHEC join forces for a new great programme !<\/a>\n\t\t\t\t<\/h3>\n\t\t\t\t<p class=\"inouit-posts-list-excerpt\">This new programme has been under consideration and creation for several months. It was an&hellip;<\/p>\n\t\t\t<\/div>\n\t\t<\/div>\n\t\t\t\t\t<div class=\"vc_col-sm-4\">\n\t\t\t<div class=\"inouit-posts-list-post\">\n\t\t\t\t\t\t\t\t\t<a class=\"inouit-posts-list-img-link\" href=\"https:\/\/www.fld-lille.fr\/en\/2022-law-career-network-a-day-full-of-meetings\/\" title=\"2022 Law Career &#038; Network: a day full of meetings!\"><img decoding=\"async\" src=\"https:\/\/www.fld-lille.fr\/wp-content\/uploads\/2022\/11\/312412718_8350797781659968_3776297078879198463_n-375x198-c-1.jpg\" alt=\"\"><\/a>\n\t\t\t\t\t\t\t\t<p class=\"inouit-posts-list-categories\">\n\t\t\t\t\t\t\t\t\t\t\t\t\t\t\t\t\t\t<span class=\"inouit-posts-list-category-link\" href=\"https:\/\/www.fld-lille.fr\/en\/category\/international-en\/\">International<\/span>\n\t\t\t\t\t\t\t\t\t\t\t\t\t\t\t\/\n\t\t\t\t\t\t\t\t\t\t\t\t\t\t\t\t\t\t\t\t\t\t\t\t\t\t\t\t\t\t\t<span class=\"inouit-posts-list-category-link\" href=\"https:\/\/www.fld-lille.fr\/en\/category\/lille-en\/\">Lille<\/span>\n\t\t\t\t\t\t\t\t\t\t\t\t\t\t\t\t\t\t\t\t\t\t<\/p>\n\t\t\t\t<h3 class=\"inouit-posts-list-title\">\n\t\t\t\t\t<a class=\"inouit-posts-list-title-link\" href=\"https:\/\/www.fld-lille.fr\/en\/2022-law-career-network-a-day-full-of-meetings\/\" title=\"2022 Law Career &#038; Network: a day full of meetings!\">2022 Law Career &#038; Network: a day full of meetings!<\/a>\n\t\t\t\t<\/h3>\n\t\t\t\t<p class=\"inouit-posts-list-excerpt\">Always more involved in accompanying our students towards the professional world, our Law Career &amp;&hellip;<\/p>\n\t\t\t<\/div>\n\t\t<\/div>\n\t\t\t\t\t\t\t\t<div class=\"vc_clearfix\"><\/div>\n\t\t\t\t\t<div class=\"vc_col-sm-4\">\n\t\t\t<div class=\"inouit-posts-list-post\">\n\t\t\t\t\t\t\t\t\t<a class=\"inouit-posts-list-img-link\" href=\"https:\/\/www.fld-lille.fr\/en\/eiffel-scholarship-program-of-excellence-2023\/\" title=\"EIFFEL SCHOLARSHIP PROGRAM OF EXCELLENCE 2023\"><img decoding=\"async\" src=\"https:\/\/www.fld-lille.fr\/wp-content\/uploads\/2022\/11\/logoEiffel-375x198-c-1.png\" alt=\"\"><\/a>\n\t\t\t\t\t\t\t\t<p class=\"inouit-posts-list-categories\">\n\t\t\t\t\t\t\t\t\t\t\t\t\t\t\t\t\t\t<span class=\"inouit-posts-list-category-link\" href=\"https:\/\/www.fld-lille.fr\/en\/category\/international-en\/\">International<\/span>\n\t\t\t\t\t\t\t\t\t\t\t\t\t\t\t\/\n\t\t\t\t\t\t\t\t\t\t\t\t\t\t\t\t\t\t\t\t\t\t\t\t\t\t\t\t\t\t\t<span class=\"inouit-posts-list-category-link\" href=\"https:\/\/www.fld-lille.fr\/en\/category\/issy-les-moulineaux\/\">Issy-les-Moulineaux<\/span>\n\t\t\t\t\t\t\t\t\t\t\t\t\t\t\t\/\n\t\t\t\t\t\t\t\t\t\t\t\t\t\t\t\t\t\t\t\t\t\t\t\t\t\t\t\t\t\t\t<span class=\"inouit-posts-list-category-link\" href=\"https:\/\/www.fld-lille.fr\/en\/category\/lille-en\/\">Lille<\/span>\n\t\t\t\t\t\t\t\t\t\t\t\t\t\t\t\t\t\t\t\t\t\t<\/p>\n\t\t\t\t<h3 class=\"inouit-posts-list-title\">\n\t\t\t\t\t<a class=\"inouit-posts-list-title-link\" href=\"https:\/\/www.fld-lille.fr\/en\/eiffel-scholarship-program-of-excellence-2023\/\" title=\"EIFFEL SCHOLARSHIP PROGRAM OF EXCELLENCE 2023\">EIFFEL SCHOLARSHIP PROGRAM OF EXCELLENCE 2023<\/a>\n\t\t\t\t<\/h3>\n\t\t\t\t<p class=\"inouit-posts-list-excerpt\">EIFFEL SCHOLARSHIP PROGRAM OF EXCELLENCE 2023 The Eiffel Excellence Scholarship Program was created by the&hellip;<\/p>\n\t\t\t<\/div>\n\t\t<\/div>\n\t\t\t\t\t<div class=\"vc_col-sm-4\">\n\t\t\t<div class=\"inouit-posts-list-post\">\n\t\t\t\t\t\t\t\t\t<a class=\"inouit-posts-list-img-link\" href=\"https:\/\/www.fld-lille.fr\/en\/a-look-back-at-some-of-our-proud-students-speeches\/\" title=\"A look back at some of our proud students&#8217; speeches!\"><img decoding=\"async\" src=\"https:\/\/www.fld-lille.fr\/wp-content\/uploads\/2022\/10\/LLCDLP-3-375x198-c-1.png\" alt=\"\"><\/a>\n\t\t\t\t\t\t\t\t<p class=\"inouit-posts-list-categories\">\n\t\t\t\t\t\t\t\t\t\t\t\t\t\t\t\t\t\t<span class=\"inouit-posts-list-category-link\" href=\"https:\/\/www.fld-lille.fr\/en\/category\/international-en\/\">International<\/span>\n\t\t\t\t\t\t\t\t\t\t\t\t\t\t\t\t\t\t\t\t\t\t<\/p>\n\t\t\t\t<h3 class=\"inouit-posts-list-title\">\n\t\t\t\t\t<a class=\"inouit-posts-list-title-link\" href=\"https:\/\/www.fld-lille.fr\/en\/a-look-back-at-some-of-our-proud-students-speeches\/\" title=\"A look back at some of our proud students&#8217; speeches!\">A look back at some of our proud students&#8217; speeches!<\/a>\n\t\t\t\t<\/h3>\n\t\t\t\t<p class=\"inouit-posts-list-excerpt\">Speech at the Peace Conference and interview with the President of Eurojust&hellip;<\/p>\n\t\t\t<\/div>\n\t\t<\/div>\n\t\t\t\t\t<div class=\"vc_col-sm-4\">\n\t\t\t<div class=\"inouit-posts-list-post\">\n\t\t\t\t\t\t\t\t\t<a class=\"inouit-posts-list-img-link\" href=\"https:\/\/www.fld-lille.fr\/en\/learning-to-learn-can-be-learned\/\" title=\"Learning to learn can be learned!\"><img decoding=\"async\" src=\"https:\/\/www.fld-lille.fr\/wp-content\/uploads\/2022\/10\/France3-2-bis-375x198-c-1.jpg\" alt=\"\"><\/a>\n\t\t\t\t\t\t\t\t<p class=\"inouit-posts-list-categories\">\n\t\t\t\t\t\t\t\t\t\t\t\t\t\t\t\t\t\t<span class=\"inouit-posts-list-category-link\" href=\"https:\/\/www.fld-lille.fr\/en\/category\/issy-les-moulineaux\/\">Issy-les-Moulineaux<\/span>\n\t\t\t\t\t\t\t\t\t\t\t\t\t\t\t\/\n\t\t\t\t\t\t\t\t\t\t\t\t\t\t\t\t\t\t\t\t\t\t\t\t\t\t\t\t\t\t\t<span class=\"inouit-posts-list-category-link\" href=\"https:\/\/www.fld-lille.fr\/en\/category\/lille-en\/\">Lille<\/span>\n\t\t\t\t\t\t\t\t\t\t\t\t\t\t\t\t\t\t\t\t\t\t<\/p>\n\t\t\t\t<h3 class=\"inouit-posts-list-title\">\n\t\t\t\t\t<a class=\"inouit-posts-list-title-link\" href=\"https:\/\/www.fld-lille.fr\/en\/learning-to-learn-can-be-learned\/\" title=\"Learning to learn can be learned!\">Learning to learn can be learned!<\/a>\n\t\t\t\t<\/h3>\n\t\t\t\t<p class=\"inouit-posts-list-excerpt\">Sophie Bernhardt, teacher and Head of the disability mission at the Faculty of Law of&hellip;<\/p>\n\t\t\t<\/div>\n\t\t<\/div>\n\t\t\t\t\t\t\t\t<div class=\"vc_clearfix\"><\/div>\n\t\t\t\t\t<div class=\"vc_col-sm-4\">\n\t\t\t<div class=\"inouit-posts-list-post\">\n\t\t\t\t\t\t\t\t\t<a class=\"inouit-posts-list-img-link\" href=\"https:\/\/www.fld-lille.fr\/en\/fld-open-day\/\" title=\"FLD Open Day 2022\"><img decoding=\"async\" src=\"https:\/\/www.fld-lille.fr\/wp-content\/uploads\/2022\/10\/Post-facebook-JPO-940x788-copie-e1666882570172-375x198-c-1.jpg\" alt=\"\"><\/a>\n\t\t\t\t\t\t\t\t<p class=\"inouit-posts-list-categories\">\n\t\t\t\t\t\t\t\t\t\t\t\t\t\t\t\t\t\t<span class=\"inouit-posts-list-category-link\" href=\"https:\/\/www.fld-lille.fr\/category\/international\/\">International<\/span>\n\t\t\t\t\t\t\t\t\t\t\t\t\t\t\t\/\n\t\t\t\t\t\t\t\t\t\t\t\t\t\t\t\t\t\t\t\t\t\t\t\t\t\t\t\t\t\t\t<span class=\"inouit-posts-list-category-link\" href=\"https:\/\/www.fld-lille.fr\/category\/issy\/\">Issy-les-Moulineaux<\/span>\n\t\t\t\t\t\t\t\t\t\t\t\t\t\t\t\/\n\t\t\t\t\t\t\t\t\t\t\t\t\t\t\t\t\t\t\t\t\t\t\t\t\t\t\t\t\t\t\t<span class=\"inouit-posts-list-category-link\" href=\"https:\/\/www.fld-lille.fr\/category\/lille\/\">Lille<\/span>\n\t\t\t\t\t\t\t\t\t\t\t\t\t\t\t\/\n\t\t\t\t\t\t\t\t\t\t\t\t\t\t\t\t\t\t\t\t\t\t\t\t\t\t\t\t\t\t\t\t\t<\/p>\n\t\t\t\t<h3 class=\"inouit-posts-list-title\">\n\t\t\t\t\t<a class=\"inouit-posts-list-title-link\" href=\"https:\/\/www.fld-lille.fr\/en\/fld-open-day\/\" title=\"FLD Open Day 2022\">FLD Open Day 2022<\/a>\n\t\t\t\t<\/h3>\n\t\t\t\t<p class=\"inouit-posts-list-excerpt\">L&#8217;Universit\u00e9 Catholique de Lille is pleased to welcome you to its Open Day&hellip;<\/p>\n\t\t\t<\/div>\n\t\t<\/div>\n\t\t\t\t\t<div class=\"vc_col-sm-4\">\n\t\t\t<div class=\"inouit-posts-list-post\">\n\t\t\t\t\t\t\t\t\t<a class=\"inouit-posts-list-img-link\" href=\"https:\/\/www.fld-lille.fr\/en\/our-2022-23-events-for-your-career-guidance\/\" title=\"Our 2023\/24 events for your career !\"><img decoding=\"async\" src=\"https:\/\/www.fld-lille.fr\/wp-content\/uploads\/2021\/01\/learn-master-375x198-c-1.jpg\" alt=\"\"><\/a>\n\t\t\t\t\t\t\t\t<p class=\"inouit-posts-list-categories\">\n\t\t\t\t\t\t\t\t\t\t\t\t\t\t\t\t\t\t<span class=\"inouit-posts-list-category-link\" href=\"https:\/\/www.fld-lille.fr\/en\/category\/international-en\/\">International<\/span>\n\t\t\t\t\t\t\t\t\t\t\t\t\t\t\t\/\n\t\t\t\t\t\t\t\t\t\t\t\t\t\t\t\t\t\t\t\t\t\t\t\t\t\t\t\t\t\t\t<span class=\"inouit-posts-list-category-link\" href=\"https:\/\/www.fld-lille.fr\/en\/category\/issy-les-moulineaux\/\">Issy-les-Moulineaux<\/span>\n\t\t\t\t\t\t\t\t\t\t\t\t\t\t\t\/\n\t\t\t\t\t\t\t\t\t\t\t\t\t\t\t\t\t\t\t\t\t\t\t\t\t\t\t\t\t\t\t<span class=\"inouit-posts-list-category-link\" href=\"https:\/\/www.fld-lille.fr\/en\/category\/lille-en\/\">Lille<\/span>\n\t\t\t\t\t\t\t\t\t\t\t\t\t\t\t\/\n\t\t\t\t\t\t\t\t\t\t\t\t\t\t\t\t\t\t\t\t\t\t\t\t\t\t\t\t\t\t\t\t\t<\/p>\n\t\t\t\t<h3 class=\"inouit-posts-list-title\">\n\t\t\t\t\t<a class=\"inouit-posts-list-title-link\" href=\"https:\/\/www.fld-lille.fr\/en\/our-2022-23-events-for-your-career-guidance\/\" title=\"Our 2023\/24 events for your career !\">Our 2023\/24 events for your career !<\/a>\n\t\t\t\t<\/h3>\n\t\t\t\t<p class=\"inouit-posts-list-excerpt\">Find out more about our events regarding your course options for September 2023&hellip;<\/p>\n\t\t\t<\/div>\n\t\t<\/div>\n\t\t\t\t\t<div class=\"vc_col-sm-4\">\n\t\t\t<div class=\"inouit-posts-list-post\">\n\t\t\t\t\t\t\t\t\t<a class=\"inouit-posts-list-img-link\" href=\"https:\/\/www.fld-lille.fr\/en\/a-great-success-for-our-6th-masterclass-reassessing-europes-ambition\/\" title=\"A great success for our 6th Masterclass &#8220;Reassessing Europe&#8217;s Ambition&#8221;\"><img decoding=\"async\" src=\"https:\/\/www.fld-lille.fr\/wp-content\/uploads\/2022\/09\/MASTERCLASS-2022-375x198-c-1.jpg\" alt=\"\"><\/a>\n\t\t\t\t\t\t\t\t<p class=\"inouit-posts-list-categories\">\n\t\t\t\t\t\t\t\t\t\t\t\t\t\t\t\t\t\t<span class=\"inouit-posts-list-category-link\" href=\"https:\/\/www.fld-lille.fr\/en\/category\/international-en\/\">International<\/span>\n\t\t\t\t\t\t\t\t\t\t\t\t\t\t\t\/\n\t\t\t\t\t\t\t\t\t\t\t\t\t\t\t\t\t\t\t\t\t\t\t\t\t\t\t\t\t\t\t<span class=\"inouit-posts-list-category-link\" href=\"https:\/\/www.fld-lille.fr\/en\/category\/research\/\">Research<\/span>\n\t\t\t\t\t\t\t\t\t\t\t\t\t\t\t\t\t\t\t\t\t\t<\/p>\n\t\t\t\t<h3 class=\"inouit-posts-list-title\">\n\t\t\t\t\t<a class=\"inouit-posts-list-title-link\" href=\"https:\/\/www.fld-lille.fr\/en\/a-great-success-for-our-6th-masterclass-reassessing-europes-ambition\/\" title=\"A great success for our 6th Masterclass &#8220;Reassessing Europe&#8217;s Ambition&#8221;\">A great success for our 6th Masterclass &#8220;Reassessing Europe&#8217;s Ambition&#8221;<\/a>\n\t\t\t\t<\/h3>\n\t\t\t\t<p class=\"inouit-posts-list-excerpt\">A 2022 Masterclass dedicated to Europe \u00ab How has Europe thought of itself as a&hellip;<\/p>\n\t\t\t<\/div>\n\t\t<\/div>\n\t\t\t\t\t\t\t\t<div class=\"vc_clearfix\"><\/div>\n\t\t\t\t\t<div class=\"vc_col-sm-4\">\n\t\t\t<div class=\"inouit-posts-list-post\">\n\t\t\t\t\t\t\t\t\t<a class=\"inouit-posts-list-img-link\" href=\"https:\/\/www.fld-lille.fr\/en\/ecoposs-biennial-the-future-of-all-possibilities-is-open-to-you\/\" title=\"ECOPOSS BIENNIAL &#8211; The future of all possibilities is open to you!\"><img decoding=\"async\" src=\"https:\/\/www.fld-lille.fr\/wp-content\/uploads\/2022\/07\/Bandeau-ecoposs-2-375x198-c-1.png\" alt=\"\"><\/a>\n\t\t\t\t\t\t\t\t<p class=\"inouit-posts-list-categories\">\n\t\t\t\t\t\t\t\t\t\t\t\t\t\t\t\t\t\t<span class=\"inouit-posts-list-category-link\" href=\"https:\/\/www.fld-lille.fr\/en\/category\/research\/\">Research<\/span>\n\t\t\t\t\t\t\t\t\t\t\t\t\t\t\t\t\t\t\t\t\t\t<\/p>\n\t\t\t\t<h3 class=\"inouit-posts-list-title\">\n\t\t\t\t\t<a class=\"inouit-posts-list-title-link\" href=\"https:\/\/www.fld-lille.fr\/en\/ecoposs-biennial-the-future-of-all-possibilities-is-open-to-you\/\" title=\"ECOPOSS BIENNIAL &#8211; The future of all possibilities is open to you!\">ECOPOSS BIENNIAL &#8211; The future of all possibilities is open to you!<\/a>\n\t\t\t\t<\/h3>\n\t\t\t\t<p class=\"inouit-posts-list-excerpt\">Free event &#8211; open to all For more than 10 years&hellip;<\/p>\n\t\t\t<\/div>\n\t\t<\/div>\n\t\t\t\t\t<div class=\"vc_col-sm-4\">\n\t\t\t<div class=\"inouit-posts-list-post\">\n\t\t\t\t\t\t\t\t\t<a class=\"inouit-posts-list-img-link\" href=\"https:\/\/www.fld-lille.fr\/en\/the-universite-catholique-de-lille-awarded-the-welcome-to-france-label\/\" title=\"The Universit\u00e9 Catholique de Lille awarded the &#8220;Welcome to France&#8221; label\"><img decoding=\"async\" src=\"https:\/\/www.fld-lille.fr\/wp-content\/uploads\/2022\/06\/Bienvenue-en-France-1-copie-1-375x198-c-1.jpg\" alt=\"\"><\/a>\n\t\t\t\t\t\t\t\t<p class=\"inouit-posts-list-categories\">\n\t\t\t\t\t\t\t\t\t\t\t\t\t\t\t\t\t\t<span class=\"inouit-posts-list-category-link\" href=\"https:\/\/www.fld-lille.fr\/en\/category\/international-en\/\">International<\/span>\n\t\t\t\t\t\t\t\t\t\t\t\t\t\t\t\t\t\t\t\t\t\t<\/p>\n\t\t\t\t<h3 class=\"inouit-posts-list-title\">\n\t\t\t\t\t<a class=\"inouit-posts-list-title-link\" href=\"https:\/\/www.fld-lille.fr\/en\/the-universite-catholique-de-lille-awarded-the-welcome-to-france-label\/\" title=\"The Universit\u00e9 Catholique de Lille awarded the &#8220;Welcome to France&#8221; label\">The Universit\u00e9 Catholique de Lille awarded the &#8220;Welcome to France&#8221; label<\/a>\n\t\t\t\t<\/h3>\n\t\t\t\t<p class=\"inouit-posts-list-excerpt\">France is committed to providing an increasingly high-quality welcome for its international students! A fundamental&hellip;<\/p>\n\t\t\t<\/div>\n\t\t<\/div>\n\t\t\t\t\t<div class=\"vc_col-sm-4\">\n\t\t\t<div class=\"inouit-posts-list-post\">\n\t\t\t\t\t\t\t\t\t<a class=\"inouit-posts-list-img-link\" href=\"https:\/\/www.fld-lille.fr\/en\/securing-citizenship-indias-legal-obligations-towards-precarious-citizens-and-stateless-persons\/\" title=\"Securing Citizenship: India\u2019s legal obligations towards precarious citizens and stateless persons\"><img decoding=\"async\" src=\"https:\/\/www.fld-lille.fr\/wp-content\/uploads\/2022\/06\/citizen-ship-3-375x198-c-1.png\" alt=\"\"><\/a>\n\t\t\t\t\t\t\t\t<p class=\"inouit-posts-list-categories\">\n\t\t\t\t\t\t\t\t\t\t\t\t\t\t\t\t\t\t<span class=\"inouit-posts-list-category-link\" href=\"https:\/\/www.fld-lille.fr\/en\/category\/international-en\/\">International<\/span>\n\t\t\t\t\t\t\t\t\t\t\t\t\t\t\t\/\n\t\t\t\t\t\t\t\t\t\t\t\t\t\t\t\t\t\t\t\t\t\t\t\t\t\t\t\t\t\t\t<span class=\"inouit-posts-list-category-link\" href=\"https:\/\/www.fld-lille.fr\/en\/category\/lille-en\/\">Lille<\/span>\n\t\t\t\t\t\t\t\t\t\t\t\t\t\t\t\t\t\t\t\t\t\t<\/p>\n\t\t\t\t<h3 class=\"inouit-posts-list-title\">\n\t\t\t\t\t<a class=\"inouit-posts-list-title-link\" href=\"https:\/\/www.fld-lille.fr\/en\/securing-citizenship-indias-legal-obligations-towards-precarious-citizens-and-stateless-persons\/\" title=\"Securing Citizenship: India\u2019s legal obligations towards precarious citizens and stateless persons\">Securing Citizenship: India\u2019s legal obligations towards precarious citizens and stateless persons<\/a>\n\t\t\t\t<\/h3>\n\t\t\t\t<p class=\"inouit-posts-list-excerpt\">A look back at a rich partnership and its implementation with the launching of the&hellip;<\/p>\n\t\t\t<\/div>\n\t\t<\/div>\n\t\t\t\t\t\t\t\t<div class=\"vc_clearfix\"><\/div>\n\t\t\t\t\t<div class=\"vc_col-sm-4\">\n\t\t\t<div class=\"inouit-posts-list-post\">\n\t\t\t\t\t\t\t\t\t<a class=\"inouit-posts-list-img-link\" href=\"https:\/\/www.fld-lille.fr\/en\/an-app-to-hear-it-all\/\" title=\"An app to hear it all!\"><img decoding=\"async\" src=\"https:\/\/www.fld-lille.fr\/wp-content\/uploads\/2022\/02\/Audition-375x198-c-1.jpg\" alt=\"\"><\/a>\n\t\t\t\t\t\t\t\t<p class=\"inouit-posts-list-categories\">\n\t\t\t\t\t\t\t\t\t\t\t\t\t\t\t\t\t\t<span class=\"inouit-posts-list-category-link\" href=\"https:\/\/www.fld-lille.fr\/en\/category\/issy-les-moulineaux\/\">Issy-les-Moulineaux<\/span>\n\t\t\t\t\t\t\t\t\t\t\t\t\t\t\t\/\n\t\t\t\t\t\t\t\t\t\t\t\t\t\t\t\t\t\t\t\t\t\t\t\t\t\t\t\t\t\t\t<span class=\"inouit-posts-list-category-link\" href=\"https:\/\/www.fld-lille.fr\/en\/category\/lille-en\/\">Lille<\/span>\n\t\t\t\t\t\t\t\t\t\t\t\t\t\t\t\t\t\t\t\t\t\t<\/p>\n\t\t\t\t<h3 class=\"inouit-posts-list-title\">\n\t\t\t\t\t<a class=\"inouit-posts-list-title-link\" href=\"https:\/\/www.fld-lille.fr\/en\/an-app-to-hear-it-all\/\" title=\"An app to hear it all!\">An app to hear it all!<\/a>\n\t\t\t\t<\/h3>\n\t\t\t\t<p class=\"inouit-posts-list-excerpt\">To make it easier for our students to follow all courses and lectures, the University&hellip;<\/p>\n\t\t\t<\/div>\n\t\t<\/div>\n\t\t\t\t\t<div class=\"vc_col-sm-4\">\n\t\t\t<div class=\"inouit-posts-list-post\">\n\t\t\t\t\t\t\t\t\t<a class=\"inouit-posts-list-img-link\" href=\"https:\/\/www.fld-lille.fr\/en\/violence-harassment-discrimination-unit-by-les-facultes-de-luniversite-catholique-de-lille\/\" title=\"Violence, Harassment, Discrimination Unit by Les Facult\u00e9s de l&#8217;Universit\u00e9 Catholique de Lille\"><img decoding=\"async\" src=\"https:\/\/www.fld-lille.fr\/wp-content\/uploads\/2022\/01\/VHD-2024-1000x10006-1-e1711530573179-375x198-c-1.jpg\" alt=\"\"><\/a>\n\t\t\t\t\t\t\t\t<p class=\"inouit-posts-list-categories\">\n\t\t\t\t\t\t\t\t\t\t\t\t\t\t\t\t\t\t<span class=\"inouit-posts-list-category-link\" href=\"https:\/\/www.fld-lille.fr\/en\/category\/issy-les-moulineaux\/\">Issy-les-Moulineaux<\/span>\n\t\t\t\t\t\t\t\t\t\t\t\t\t\t\t\/\n\t\t\t\t\t\t\t\t\t\t\t\t\t\t\t\t\t\t\t\t\t\t\t\t\t\t\t\t\t\t\t<span class=\"inouit-posts-list-category-link\" href=\"https:\/\/www.fld-lille.fr\/en\/category\/lille-en\/\">Lille<\/span>\n\t\t\t\t\t\t\t\t\t\t\t\t\t\t\t\t\t\t\t\t\t\t<\/p>\n\t\t\t\t<h3 class=\"inouit-posts-list-title\">\n\t\t\t\t\t<a class=\"inouit-posts-list-title-link\" href=\"https:\/\/www.fld-lille.fr\/en\/violence-harassment-discrimination-unit-by-les-facultes-de-luniversite-catholique-de-lille\/\" title=\"Violence, Harassment, Discrimination Unit by Les Facult\u00e9s de l&#8217;Universit\u00e9 Catholique de Lille\">Violence, Harassment, Discrimination Unit by Les Facult\u00e9s de l&#8217;Universit\u00e9 Catholique de Lille<\/a>\n\t\t\t\t<\/h3>\n\t\t\t\t<p class=\"inouit-posts-list-excerpt\">Violence, Harassment, Discrimination Unit Violence of any kind, harassment or discrimination is not&hellip;<\/p>\n\t\t\t<\/div>\n\t\t<\/div>\n\t\t\t\t\t<div class=\"vc_col-sm-4\">\n\t\t\t<div class=\"inouit-posts-list-post\">\n\t\t\t\t\t\t\t\t\t<a class=\"inouit-posts-list-img-link\" href=\"https:\/\/www.fld-lille.fr\/en\/the-fld-team-wishes-you-all-a-very-happy-holiday-season\/\" title=\"The FLD wishes you a very happy holiday season!\"><img decoding=\"async\" src=\"https:\/\/www.fld-lille.fr\/wp-content\/uploads\/2021\/12\/1639749627595-1-375x198-c-1.jpg\" alt=\"\"><\/a>\n\t\t\t\t\t\t\t\t<p class=\"inouit-posts-list-categories\">\n\t\t\t\t\t\t\t\t\t\t\t\t\t\t\t\t\t\t<span class=\"inouit-posts-list-category-link\" href=\"https:\/\/www.fld-lille.fr\/en\/category\/international-en\/\">International<\/span>\n\t\t\t\t\t\t\t\t\t\t\t\t\t\t\t\/\n\t\t\t\t\t\t\t\t\t\t\t\t\t\t\t\t\t\t\t\t\t\t\t\t\t\t\t\t\t\t\t<span class=\"inouit-posts-list-category-link\" href=\"https:\/\/www.fld-lille.fr\/en\/category\/issy-les-moulineaux\/\">Issy-les-Moulineaux<\/span>\n\t\t\t\t\t\t\t\t\t\t\t\t\t\t\t\/\n\t\t\t\t\t\t\t\t\t\t\t\t\t\t\t\t\t\t\t\t\t\t\t\t\t\t\t\t\t\t\t<span class=\"inouit-posts-list-category-link\" href=\"https:\/\/www.fld-lille.fr\/en\/category\/lille-en\/\">Lille<\/span>\n\t\t\t\t\t\t\t\t\t\t\t\t\t\t\t\t\t\t\t\t\t\t<\/p>\n\t\t\t\t<h3 class=\"inouit-posts-list-title\">\n\t\t\t\t\t<a class=\"inouit-posts-list-title-link\" href=\"https:\/\/www.fld-lille.fr\/en\/the-fld-team-wishes-you-all-a-very-happy-holiday-season\/\" title=\"The FLD wishes you a very happy holiday season!\">The FLD wishes you a very happy holiday season!<\/a>\n\t\t\t\t<\/h3>\n\t\t\t\t<p class=\"inouit-posts-list-excerpt\">The FLD will be closed from December 17, 2021 to January 3, 2022&hellip;<\/p>\n\t\t\t<\/div>\n\t\t<\/div>\n\t\t\t\t\t\t\t\t<div class=\"vc_clearfix\"><\/div>\n\t\t\t\t\t<div class=\"vc_col-sm-4\">\n\t\t\t<div class=\"inouit-posts-list-post\">\n\t\t\t\t\t\t\t\t\t<a class=\"inouit-posts-list-img-link\" href=\"https:\/\/www.fld-lille.fr\/en\/2022-eiffel-excellence-scholarships\/\" title=\"2022 Eiffel Excellence Scholarships\"><img decoding=\"async\" src=\"https:\/\/www.fld-lille.fr\/wp-content\/uploads\/2021\/11\/logoEiffel-375x198-c-1.png\" alt=\"\"><\/a>\n\t\t\t\t\t\t\t\t<p class=\"inouit-posts-list-categories\">\n\t\t\t\t\t\t\t\t\t\t\t\t\t\t\t\t\t\t<span class=\"inouit-posts-list-category-link\" href=\"https:\/\/www.fld-lille.fr\/en\/category\/issy-les-moulineaux\/\">Issy-les-Moulineaux<\/span>\n\t\t\t\t\t\t\t\t\t\t\t\t\t\t\t\/\n\t\t\t\t\t\t\t\t\t\t\t\t\t\t\t\t\t\t\t\t\t\t\t\t\t\t\t\t\t\t\t<span class=\"inouit-posts-list-category-link\" href=\"https:\/\/www.fld-lille.fr\/en\/category\/lille-en\/\">Lille<\/span>\n\t\t\t\t\t\t\t\t\t\t\t\t\t\t\t\t\t\t\t\t\t\t<\/p>\n\t\t\t\t<h3 class=\"inouit-posts-list-title\">\n\t\t\t\t\t<a class=\"inouit-posts-list-title-link\" href=\"https:\/\/www.fld-lille.fr\/en\/2022-eiffel-excellence-scholarships\/\" title=\"2022 Eiffel Excellence Scholarships\">2022 Eiffel Excellence Scholarships<\/a>\n\t\t\t\t<\/h3>\n\t\t\t\t<p class=\"inouit-posts-list-excerpt\">The EIFFEL Excellence Scholarships (launched in January 1999 by the French Ministry of Foreign and&hellip;<\/p>\n\t\t\t<\/div>\n\t\t<\/div>\n\t\t\t\t\t<div class=\"vc_col-sm-4\">\n\t\t\t<div class=\"inouit-posts-list-post\">\n\t\t\t\t\t\t\t\t\t<a class=\"inouit-posts-list-img-link\" href=\"https:\/\/www.fld-lille.fr\/en\/fld-open-day-2021\/\" title=\"FLD Open Day 2021\"><img decoding=\"async\" src=\"https:\/\/www.fld-lille.fr\/wp-content\/uploads\/2021\/10\/site-internet-affiche-375x198-c-1.gif\" alt=\"\"><\/a>\n\t\t\t\t\t\t\t\t<p class=\"inouit-posts-list-categories\">\n\t\t\t\t\t\t\t\t\t\t\t\t\t\t\t\t\t\t<span class=\"inouit-posts-list-category-link\" href=\"https:\/\/www.fld-lille.fr\/en\/category\/international-en\/\">International<\/span>\n\t\t\t\t\t\t\t\t\t\t\t\t\t\t\t\/\n\t\t\t\t\t\t\t\t\t\t\t\t\t\t\t\t\t\t\t\t\t\t\t\t\t\t\t\t\t\t\t<span class=\"inouit-posts-list-category-link\" href=\"https:\/\/www.fld-lille.fr\/en\/category\/issy-les-moulineaux\/\">Issy-les-Moulineaux<\/span>\n\t\t\t\t\t\t\t\t\t\t\t\t\t\t\t\/\n\t\t\t\t\t\t\t\t\t\t\t\t\t\t\t\t\t\t\t\t\t\t\t\t\t\t\t\t\t\t\t<span class=\"inouit-posts-list-category-link\" href=\"https:\/\/www.fld-lille.fr\/en\/category\/lille-en\/\">Lille<\/span>\n\t\t\t\t\t\t\t\t\t\t\t\t\t\t\t\t\t\t\t\t\t\t<\/p>\n\t\t\t\t<h3 class=\"inouit-posts-list-title\">\n\t\t\t\t\t<a class=\"inouit-posts-list-title-link\" href=\"https:\/\/www.fld-lille.fr\/en\/fld-open-day-2021\/\" title=\"FLD Open Day 2021\">FLD Open Day 2021<\/a>\n\t\t\t\t<\/h3>\n\t\t\t\t<p class=\"inouit-posts-list-excerpt\">L&#8217;Universit\u00e9 Catholique de Lille is pleased to welcome you to its Open Day&hellip;<\/p>\n\t\t\t<\/div>\n\t\t<\/div>\n\t\t\t\t\t<div class=\"vc_col-sm-4\">\n\t\t\t<div class=\"inouit-posts-list-post\">\n\t\t\t\t\t\t\t\t\t<a class=\"inouit-posts-list-img-link\" href=\"https:\/\/www.fld-lille.fr\/en\/2021-law-career-network\/\" title=\"2021 Law Career &#038; Network\"><img decoding=\"async\" src=\"https:\/\/www.fld-lille.fr\/wp-content\/uploads\/2021\/10\/2021_LAW-CARREER_ACTUS-SITE-FLD-375x198-c-1.png\" alt=\"\"><\/a>\n\t\t\t\t\t\t\t\t<p class=\"inouit-posts-list-categories\">\n\t\t\t\t\t\t\t\t\t\t\t\t\t\t\t\t\t\t<span class=\"inouit-posts-list-category-link\" href=\"https:\/\/www.fld-lille.fr\/en\/category\/international-en\/\">International<\/span>\n\t\t\t\t\t\t\t\t\t\t\t\t\t\t\t\/\n\t\t\t\t\t\t\t\t\t\t\t\t\t\t\t\t\t\t\t\t\t\t\t\t\t\t\t\t\t\t\t<span class=\"inouit-posts-list-category-link\" href=\"https:\/\/www.fld-lille.fr\/en\/category\/lille-en\/\">Lille<\/span>\n\t\t\t\t\t\t\t\t\t\t\t\t\t\t\t\t\t\t\t\t\t\t<\/p>\n\t\t\t\t<h3 class=\"inouit-posts-list-title\">\n\t\t\t\t\t<a class=\"inouit-posts-list-title-link\" href=\"https:\/\/www.fld-lille.fr\/en\/2021-law-career-network\/\" title=\"2021 Law Career &#038; Network\">2021 Law Career &#038; Network<\/a>\n\t\t\t\t<\/h3>\n\t\t\t\t<p class=\"inouit-posts-list-excerpt\">As part of the professionalization of our International Masters Students (class of 2021-2022), the International&hellip;<\/p>\n\t\t\t<\/div>\n\t\t<\/div>\n\t\t\t\t\t\t\t\t<div class=\"vc_clearfix\"><\/div>\n\t\t\t\t\t<div class=\"vc_col-sm-4\">\n\t\t\t<div class=\"inouit-posts-list-post\">\n\t\t\t\t\t\t\t\t\t<a class=\"inouit-posts-list-img-link\" href=\"https:\/\/www.fld-lille.fr\/en\/a-new-approach-to-undergraduate-studies-at-the-fld\/\" title=\"Let&#8217;s focus on your skills !\"><img decoding=\"async\" src=\"https:\/\/www.fld-lille.fr\/wp-content\/uploads\/2021\/07\/Prelude-375x198-c-1.png\" alt=\"\"><\/a>\n\t\t\t\t\t\t\t\t<p class=\"inouit-posts-list-categories\">\n\t\t\t\t\t\t\t\t\t\t\t\t\t\t\t\t\t\t<span class=\"inouit-posts-list-category-link\" href=\"https:\/\/www.fld-lille.fr\/en\/category\/international-en\/\">International<\/span>\n\t\t\t\t\t\t\t\t\t\t\t\t\t\t\t\/\n\t\t\t\t\t\t\t\t\t\t\t\t\t\t\t\t\t\t\t\t\t\t\t\t\t\t\t\t\t\t\t<span class=\"inouit-posts-list-category-link\" href=\"https:\/\/www.fld-lille.fr\/en\/category\/issy-les-moulineaux\/\">Issy-les-Moulineaux<\/span>\n\t\t\t\t\t\t\t\t\t\t\t\t\t\t\t\/\n\t\t\t\t\t\t\t\t\t\t\t\t\t\t\t\t\t\t\t\t\t\t\t\t\t\t\t\t\t\t\t<span class=\"inouit-posts-list-category-link\" href=\"https:\/\/www.fld-lille.fr\/en\/category\/lille-en\/\">Lille<\/span>\n\t\t\t\t\t\t\t\t\t\t\t\t\t\t\t\t\t\t\t\t\t\t<\/p>\n\t\t\t\t<h3 class=\"inouit-posts-list-title\">\n\t\t\t\t\t<a class=\"inouit-posts-list-title-link\" href=\"https:\/\/www.fld-lille.fr\/en\/a-new-approach-to-undergraduate-studies-at-the-fld\/\" title=\"Let&#8217;s focus on your skills !\">Let&#8217;s focus on your skills !<\/a>\n\t\t\t\t<\/h3>\n\t\t\t\t<p class=\"inouit-posts-list-excerpt\">Going further than the bachelor&#8217;s degree decree A new decree impacting&hellip;<\/p>\n\t\t\t<\/div>\n\t\t<\/div>\n\t\t\t\t\t<div class=\"vc_col-sm-4\">\n\t\t\t<div class=\"inouit-posts-list-post\">\n\t\t\t\t\t\t\t\t\t<a class=\"inouit-posts-list-img-link\" href=\"https:\/\/www.fld-lille.fr\/en\/find-your-student-housing\/\" title=\"Find your accommodation !\"><img decoding=\"async\" src=\"https:\/\/www.fld-lille.fr\/wp-content\/uploads\/2021\/06\/Student-housing-375x198-c-1.png\" alt=\"\"><\/a>\n\t\t\t\t\t\t\t\t<p class=\"inouit-posts-list-categories\">\n\t\t\t\t\t\t\t\t\t\t\t\t\t\t\t\t\t\t<span class=\"inouit-posts-list-category-link\" href=\"https:\/\/www.fld-lille.fr\/en\/category\/international-en\/\">International<\/span>\n\t\t\t\t\t\t\t\t\t\t\t\t\t\t\t\/\n\t\t\t\t\t\t\t\t\t\t\t\t\t\t\t\t\t\t\t\t\t\t\t\t\t\t\t\t\t\t\t<span class=\"inouit-posts-list-category-link\" href=\"https:\/\/www.fld-lille.fr\/en\/category\/issy-les-moulineaux\/\">Issy-les-Moulineaux<\/span>\n\t\t\t\t\t\t\t\t\t\t\t\t\t\t\t\/\n\t\t\t\t\t\t\t\t\t\t\t\t\t\t\t\t\t\t\t\t\t\t\t\t\t\t\t\t\t\t\t<span class=\"inouit-posts-list-category-link\" href=\"https:\/\/www.fld-lille.fr\/en\/category\/lille-en\/\">Lille<\/span>\n\t\t\t\t\t\t\t\t\t\t\t\t\t\t\t\t\t\t\t\t\t\t<\/p>\n\t\t\t\t<h3 class=\"inouit-posts-list-title\">\n\t\t\t\t\t<a class=\"inouit-posts-list-title-link\" href=\"https:\/\/www.fld-lille.fr\/en\/find-your-student-housing\/\" title=\"Find your accommodation !\">Find your accommodation !<\/a>\n\t\t\t\t<\/h3>\n\t\t\t\t<p class=\"inouit-posts-list-excerpt\">Looking for an accommodation for next year ? Here are&hellip;<\/p>\n\t\t\t<\/div>\n\t\t<\/div>\n\t\t\t\t\t<div class=\"vc_col-sm-4\">\n\t\t\t<div class=\"inouit-posts-list-post\">\n\t\t\t\t\t\t\t\t\t<a class=\"inouit-posts-list-img-link\" href=\"https:\/\/www.fld-lille.fr\/en\/sylvie-humbert-appointed-knight-in-the-national-order-of-merit\/\" title=\"Sylvie HUMBERT appointed Knight of the french National Order of Merit\"><img decoding=\"async\" src=\"https:\/\/www.fld-lille.fr\/wp-content\/uploads\/2021\/06\/31-375x198-c-1.png\" alt=\"\"><\/a>\n\t\t\t\t\t\t\t\t<p class=\"inouit-posts-list-categories\">\n\t\t\t\t\t\t\t\t\t\t\t\t\t\t\t\t\t\t<span class=\"inouit-posts-list-category-link\" href=\"https:\/\/www.fld-lille.fr\/en\/category\/international-en\/\">International<\/span>\n\t\t\t\t\t\t\t\t\t\t\t\t\t\t\t\/\n\t\t\t\t\t\t\t\t\t\t\t\t\t\t\t\t\t\t\t\t\t\t\t\t\t\t\t\t\t\t\t<span class=\"inouit-posts-list-category-link\" href=\"https:\/\/www.fld-lille.fr\/en\/category\/issy-les-moulineaux\/\">Issy-les-Moulineaux<\/span>\n\t\t\t\t\t\t\t\t\t\t\t\t\t\t\t\/\n\t\t\t\t\t\t\t\t\t\t\t\t\t\t\t\t\t\t\t\t\t\t\t\t\t\t\t\t\t\t\t<span class=\"inouit-posts-list-category-link\" href=\"https:\/\/www.fld-lille.fr\/en\/category\/lille-en\/\">Lille<\/span>\n\t\t\t\t\t\t\t\t\t\t\t\t\t\t\t\t\t\t\t\t\t\t<\/p>\n\t\t\t\t<h3 class=\"inouit-posts-list-title\">\n\t\t\t\t\t<a class=\"inouit-posts-list-title-link\" href=\"https:\/\/www.fld-lille.fr\/en\/sylvie-humbert-appointed-knight-in-the-national-order-of-merit\/\" title=\"Sylvie HUMBERT appointed Knight of the french National Order of Merit\">Sylvie HUMBERT appointed Knight of the french National Order of Merit<\/a>\n\t\t\t\t<\/h3>\n\t\t\t\t<p class=\"inouit-posts-list-excerpt\">On Friday 11th June 2021, the legal historian and recognized professor of the&hellip;<\/p>\n\t\t\t<\/div>\n\t\t<\/div>\n\t\t\t\t\t\t\t\t<div class=\"vc_clearfix\"><\/div>\n\t\t\t\t\t<div class=\"vc_col-sm-4\">\n\t\t\t<div class=\"inouit-posts-list-post\">\n\t\t\t\t\t\t\t\t\t<a class=\"inouit-posts-list-img-link\" href=\"https:\/\/www.fld-lille.fr\/en\/virtual-tour-lille-issy-les-moulineaux-campuses\/\" title=\"Virtual Tour &#8211; Lille &amp; Issy-les-Moulineaux Campuses\"><img decoding=\"async\" src=\"https:\/\/www.fld-lille.fr\/wp-content\/uploads\/2021\/06\/ACTUS-SITE-FLD-1-1-375x198-c-1.png\" alt=\"\"><\/a>\n\t\t\t\t\t\t\t\t<p class=\"inouit-posts-list-categories\">\n\t\t\t\t\t\t\t\t\t\t\t\t\t\t\t\t\t\t<span class=\"inouit-posts-list-category-link\" href=\"https:\/\/www.fld-lille.fr\/en\/category\/issy-les-moulineaux\/\">Issy-les-Moulineaux<\/span>\n\t\t\t\t\t\t\t\t\t\t\t\t\t\t\t\/\n\t\t\t\t\t\t\t\t\t\t\t\t\t\t\t\t\t\t\t\t\t\t\t\t\t\t\t\t\t\t\t<span class=\"inouit-posts-list-category-link\" href=\"https:\/\/www.fld-lille.fr\/en\/category\/lille-en\/\">Lille<\/span>\n\t\t\t\t\t\t\t\t\t\t\t\t\t\t\t\t\t\t\t\t\t\t<\/p>\n\t\t\t\t<h3 class=\"inouit-posts-list-title\">\n\t\t\t\t\t<a class=\"inouit-posts-list-title-link\" href=\"https:\/\/www.fld-lille.fr\/en\/virtual-tour-lille-issy-les-moulineaux-campuses\/\" title=\"Virtual Tour &#8211; Lille &amp; Issy-les-Moulineaux Campuses\">Virtual Tour &#8211; Lille &amp; Issy-les-Moulineaux Campuses<\/a>\n\t\t\t\t<\/h3>\n\t\t\t\t<p class=\"inouit-posts-list-excerpt\">Explore the Issy-les-Moulineaux and Lille campuses as you wish ! Take a virtual tour of&hellip;<\/p>\n\t\t\t<\/div>\n\t\t<\/div>\n\t\t\t\t\t<div class=\"vc_col-sm-4\">\n\t\t\t<div class=\"inouit-posts-list-post\">\n\t\t\t\t\t\t\t\t\t<a class=\"inouit-posts-list-img-link\" href=\"https:\/\/www.fld-lille.fr\/en\/release-of-the-book-lenfant-et-le-sexe-published-by-dalloz-editions\/\" title=\"Release of the book \u00ab L\u2019enfant et le sexe \u00bb published by Dalloz Editions\"><img decoding=\"async\" src=\"https:\/\/www.fld-lille.fr\/wp-content\/uploads\/2021\/01\/LIVRE-375x198-c-1.jpg\" alt=\"\"><\/a>\n\t\t\t\t\t\t\t\t<p class=\"inouit-posts-list-categories\">\n\t\t\t\t\t\t\t\t\t\t\t\t\t\t\t\t\t\t<span class=\"inouit-posts-list-category-link\" href=\"https:\/\/www.fld-lille.fr\/en\/category\/lille-en\/\">Lille<\/span>\n\t\t\t\t\t\t\t\t\t\t\t\t\t\t\t\/\n\t\t\t\t\t\t\t\t\t\t\t\t\t\t\t\t\t\t\t\t\t\t\t\t\t\t\t\t\t\t\t<span class=\"inouit-posts-list-category-link\" href=\"https:\/\/www.fld-lille.fr\/en\/category\/research\/\">Research<\/span>\n\t\t\t\t\t\t\t\t\t\t\t\t\t\t\t\t\t\t\t\t\t\t<\/p>\n\t\t\t\t<h3 class=\"inouit-posts-list-title\">\n\t\t\t\t\t<a class=\"inouit-posts-list-title-link\" href=\"https:\/\/www.fld-lille.fr\/en\/release-of-the-book-lenfant-et-le-sexe-published-by-dalloz-editions\/\" title=\"Release of the book \u00ab L\u2019enfant et le sexe \u00bb published by Dalloz Editions\">Release of the book \u00ab L\u2019enfant et le sexe \u00bb published by Dalloz Editions<\/a>\n\t\t\t\t<\/h3>\n\t\t\t\t<p class=\"inouit-posts-list-excerpt\">&nbsp; Blandine Mallevaey and Alice Fretin, respectively Professor and Lecturer at the FLD, are very&hellip;<\/p>\n\t\t\t<\/div>\n\t\t<\/div>\n\t\t\t\t\t<div class=\"vc_col-sm-4\">\n\t\t\t<div class=\"inouit-posts-list-post\">\n\t\t\t\t\t\t\t\t\t<a class=\"inouit-posts-list-img-link\" href=\"https:\/\/www.fld-lille.fr\/en\/learn-more-about-the-ll-m-in-franco-german-and-european-business-law\/\" title=\"Learn more about the LL.M. in Franco\u2013German and European Business Law\"><img decoding=\"async\" src=\"https:\/\/www.fld-lille.fr\/wp-content\/uploads\/2021\/02\/Copie-de-ACTUS-SITE-FLD-6-375x198-c-1.png\" alt=\"\"><\/a>\n\t\t\t\t\t\t\t\t<p class=\"inouit-posts-list-categories\">\n\t\t\t\t\t\t\t\t\t\t\t\t\t\t\t\t\t\t\t\t<\/p>\n\t\t\t\t<h3 class=\"inouit-posts-list-title\">\n\t\t\t\t\t<a class=\"inouit-posts-list-title-link\" href=\"https:\/\/www.fld-lille.fr\/en\/learn-more-about-the-ll-m-in-franco-german-and-european-business-law\/\" title=\"Learn more about the LL.M. in Franco\u2013German and European Business Law\">Learn more about the LL.M. in Franco\u2013German and European Business Law<\/a>\n\t\t\t\t<\/h3>\n\t\t\t\t<p class=\"inouit-posts-list-excerpt\">You have always wanted to follow a trilingual course in law? Come and discover the&hellip;<\/p>\n\t\t\t<\/div>\n\t\t<\/div>\n\t\t\t\t\t\t\t\t<div class=\"vc_clearfix\"><\/div>\n\t\t\t\t\t<div class=\"vc_col-sm-4\">\n\t\t\t<div class=\"inouit-posts-list-post\">\n\t\t\t\t\t\t\t\t\t<a class=\"inouit-posts-list-img-link\" href=\"https:\/\/www.fld-lille.fr\/en\/fld-virtual-job-dating\/\" title=\"FLD VIRTUAL JOB DATING\"><img decoding=\"async\" src=\"https:\/\/www.fld-lille.fr\/wp-content\/uploads\/2021\/06\/x4.png.pagespeed.ic_.co-3PPKeUh-375x198-c-1.png\" alt=\"\"><\/a>\n\t\t\t\t\t\t\t\t<p class=\"inouit-posts-list-categories\">\n\t\t\t\t\t\t\t\t\t\t\t\t\t\t\t\t\t\t\t\t<\/p>\n\t\t\t\t<h3 class=\"inouit-posts-list-title\">\n\t\t\t\t\t<a class=\"inouit-posts-list-title-link\" href=\"https:\/\/www.fld-lille.fr\/en\/fld-virtual-job-dating\/\" title=\"FLD VIRTUAL JOB DATING\">FLD VIRTUAL JOB DATING<\/a>\n\t\t\t\t<\/h3>\n\t\t\t\t<p class=\"inouit-posts-list-excerpt\">FLD VIRTUAL JOB DATING Meet your future intern, your future&hellip;<\/p>\n\t\t\t<\/div>\n\t\t<\/div>\n\t\t\t\t\t<div class=\"vc_col-sm-4\">\n\t\t\t<div class=\"inouit-posts-list-post\">\n\t\t\t\t\t\t\t\t\t<a class=\"inouit-posts-list-img-link\" href=\"https:\/\/www.fld-lille.fr\/en\/faq-recognition-of-degrees-answers-to-all-your-questions\/\" title=\"FAQ: recognition of degrees, answers to all your questions!\"><img decoding=\"async\" src=\"https:\/\/www.fld-lille.fr\/wp-content\/uploads\/2017\/03\/m_640_400_resize_131009165833_snsi-faq-375x198-c-1.jpg\" alt=\"\"><\/a>\n\t\t\t\t\t\t\t\t<p class=\"inouit-posts-list-categories\">\n\t\t\t\t\t\t\t\t\t\t\t\t\t\t\t\t\t\t<span class=\"inouit-posts-list-category-link\" href=\"https:\/\/www.fld-lille.fr\/en\/category\/issy-les-moulineaux\/\">Issy-les-Moulineaux<\/span>\n\t\t\t\t\t\t\t\t\t\t\t\t\t\t\t\/\n\t\t\t\t\t\t\t\t\t\t\t\t\t\t\t\t\t\t\t\t\t\t\t\t\t\t\t\t\t\t\t<span class=\"inouit-posts-list-category-link\" href=\"https:\/\/www.fld-lille.fr\/en\/category\/lille-en\/\">Lille<\/span>\n\t\t\t\t\t\t\t\t\t\t\t\t\t\t\t\t\t\t\t\t\t\t<\/p>\n\t\t\t\t<h3 class=\"inouit-posts-list-title\">\n\t\t\t\t\t<a class=\"inouit-posts-list-title-link\" href=\"https:\/\/www.fld-lille.fr\/en\/faq-recognition-of-degrees-answers-to-all-your-questions\/\" title=\"FAQ: recognition of degrees, answers to all your questions!\">FAQ: recognition of degrees, answers to all your questions!<\/a>\n\t\t\t\t<\/h3>\n\t\t\t\t<p class=\"inouit-posts-list-excerpt\">The Faculty of Law has an agreement with the University Toulouse Capitole for&hellip;<\/p>\n\t\t\t<\/div>\n\t\t<\/div>\n\t\t\t<\/div>\n[\/vc_column][\/vc_row]<\/p>\n<\/div>","protected":false},"excerpt":{"rendered":"<p>[vc_row][vc_column][vc_column_text] Latest news &amp; Events [\/vc_column_text][\/vc_column][\/vc_row][vc_row][vc_column][\/vc_column][\/vc_row][vc_row][vc_column][\/vc_column][\/vc_row]<\/p>\n","protected":false},"author":38,"featured_media":0,"parent":0,"menu_order":2,"comment_status":"closed","ping_status":"closed","template":"","meta":{"_acf_changed":false,"footnotes":""},"class_list":["post-15289","page","type-page","status-publish","hentry"],"acf":[],"yoast_head":"<!-- This site is optimized with the Yoast SEO plugin v27.4 - https:\/\/yoast.com\/product\/yoast-seo-wordpress\/ -->\n<title>News &amp; Events - Facult\u00e9 de droit<\/title>\n<meta name=\"robots\" content=\"index, follow, max-snippet:-1, max-image-preview:large, max-video-preview:-1\" \/>\n<link rel=\"canonical\" href=\"https:\/\/www.fld-lille.fr\/en\/events\/\" \/>\n<meta property=\"og:locale\" content=\"en_US\" \/>\n<meta property=\"og:type\" content=\"article\" \/>\n<meta property=\"og:title\" content=\"News &amp; Events - Facult\u00e9 de droit\" \/>\n<meta property=\"og:description\" content=\"[vc_row][vc_column][vc_column_text] Latest news &amp; Events [\/vc_column_text][\/vc_column][\/vc_row][vc_row][vc_column][\/vc_column][\/vc_row][vc_row][vc_column][\/vc_column][\/vc_row]\" \/>\n<meta property=\"og:url\" content=\"https:\/\/www.fld-lille.fr\/en\/events\/\" \/>\n<meta property=\"og:site_name\" content=\"Facult\u00e9 de droit\" \/>\n<meta property=\"article:publisher\" content=\"https:\/\/www.facebook.com\/FLDLilleParis\/\" \/>\n<meta property=\"article:modified_time\" content=\"2022-10-04T14:03:27+00:00\" \/>\n<meta name=\"twitter:card\" content=\"summary_large_image\" \/>\n<meta name=\"twitter:label1\" content=\"Est. reading time\" \/>\n\t<meta name=\"twitter:data1\" content=\"1 minute\" \/>\n<script type=\"application\/ld+json\" class=\"yoast-schema-graph\">{\"@context\":\"https:\\\/\\\/schema.org\",\"@graph\":[{\"@type\":\"WebPage\",\"@id\":\"https:\\\/\\\/www.fld-lille.fr\\\/en\\\/events\\\/\",\"url\":\"https:\\\/\\\/www.fld-lille.fr\\\/en\\\/events\\\/\",\"name\":\"News & Events - Facult\u00e9 de droit\",\"isPartOf\":{\"@id\":\"https:\\\/\\\/www.fld-lille.fr\\\/#website\"},\"datePublished\":\"2021-05-06T13:18:25+00:00\",\"dateModified\":\"2022-10-04T14:03:27+00:00\",\"breadcrumb\":{\"@id\":\"https:\\\/\\\/www.fld-lille.fr\\\/en\\\/events\\\/#breadcrumb\"},\"inLanguage\":\"en-US\",\"potentialAction\":[{\"@type\":\"ReadAction\",\"target\":[\"https:\\\/\\\/www.fld-lille.fr\\\/en\\\/events\\\/\"]}]},{\"@type\":\"BreadcrumbList\",\"@id\":\"https:\\\/\\\/www.fld-lille.fr\\\/en\\\/events\\\/#breadcrumb\",\"itemListElement\":[{\"@type\":\"ListItem\",\"position\":1,\"name\":\"Accueil\",\"item\":\"https:\\\/\\\/www.fld-lille.fr\\\/en\\\/\"},{\"@type\":\"ListItem\",\"position\":2,\"name\":\"News &#038; Events\"}]},{\"@type\":\"WebSite\",\"@id\":\"https:\\\/\\\/www.fld-lille.fr\\\/#website\",\"url\":\"https:\\\/\\\/www.fld-lille.fr\\\/\",\"name\":\"Facult\u00e9 de droit\",\"description\":\"Les facult\u00e9s de l&#039;Universit\u00e9 Catholique de Lille\",\"potentialAction\":[{\"@type\":\"SearchAction\",\"target\":{\"@type\":\"EntryPoint\",\"urlTemplate\":\"https:\\\/\\\/www.fld-lille.fr\\\/?s={search_term_string}\"},\"query-input\":{\"@type\":\"PropertyValueSpecification\",\"valueRequired\":true,\"valueName\":\"search_term_string\"}}],\"inLanguage\":\"en-US\"}]}<\/script>\n<!-- \/ Yoast SEO plugin. -->","yoast_head_json":{"title":"News & Events - Facult\u00e9 de droit","robots":{"index":"index","follow":"follow","max-snippet":"max-snippet:-1","max-image-preview":"max-image-preview:large","max-video-preview":"max-video-preview:-1"},"canonical":"https:\/\/www.fld-lille.fr\/en\/events\/","og_locale":"en_US","og_type":"article","og_title":"News & Events - Facult\u00e9 de droit","og_description":"[vc_row][vc_column][vc_column_text] Latest news &amp; Events [\/vc_column_text][\/vc_column][\/vc_row][vc_row][vc_column][\/vc_column][\/vc_row][vc_row][vc_column][\/vc_column][\/vc_row]","og_url":"https:\/\/www.fld-lille.fr\/en\/events\/","og_site_name":"Facult\u00e9 de droit","article_publisher":"https:\/\/www.facebook.com\/FLDLilleParis\/","article_modified_time":"2022-10-04T14:03:27+00:00","twitter_card":"summary_large_image","twitter_misc":{"Est. reading time":"1 minute"},"schema":{"@context":"https:\/\/schema.org","@graph":[{"@type":"WebPage","@id":"https:\/\/www.fld-lille.fr\/en\/events\/","url":"https:\/\/www.fld-lille.fr\/en\/events\/","name":"News & Events - Facult\u00e9 de droit","isPartOf":{"@id":"https:\/\/www.fld-lille.fr\/#website"},"datePublished":"2021-05-06T13:18:25+00:00","dateModified":"2022-10-04T14:03:27+00:00","breadcrumb":{"@id":"https:\/\/www.fld-lille.fr\/en\/events\/#breadcrumb"},"inLanguage":"en-US","potentialAction":[{"@type":"ReadAction","target":["https:\/\/www.fld-lille.fr\/en\/events\/"]}]},{"@type":"BreadcrumbList","@id":"https:\/\/www.fld-lille.fr\/en\/events\/#breadcrumb","itemListElement":[{"@type":"ListItem","position":1,"name":"Accueil","item":"https:\/\/www.fld-lille.fr\/en\/"},{"@type":"ListItem","position":2,"name":"News &#038; Events"}]},{"@type":"WebSite","@id":"https:\/\/www.fld-lille.fr\/#website","url":"https:\/\/www.fld-lille.fr\/","name":"Facult\u00e9 de droit","description":"Les facult\u00e9s de l&#039;Universit\u00e9 Catholique de Lille","potentialAction":[{"@type":"SearchAction","target":{"@type":"EntryPoint","urlTemplate":"https:\/\/www.fld-lille.fr\/?s={search_term_string}"},"query-input":{"@type":"PropertyValueSpecification","valueRequired":true,"valueName":"search_term_string"}}],"inLanguage":"en-US"}]}},"_links":{"self":[{"href":"https:\/\/www.fld-lille.fr\/en\/wp-json\/wp\/v2\/pages\/15289","targetHints":{"allow":["GET"]}}],"collection":[{"href":"https:\/\/www.fld-lille.fr\/en\/wp-json\/wp\/v2\/pages"}],"about":[{"href":"https:\/\/www.fld-lille.fr\/en\/wp-json\/wp\/v2\/types\/page"}],"author":[{"embeddable":true,"href":"https:\/\/www.fld-lille.fr\/en\/wp-json\/wp\/v2\/users\/38"}],"replies":[{"embeddable":true,"href":"https:\/\/www.fld-lille.fr\/en\/wp-json\/wp\/v2\/comments?post=15289"}],"version-history":[{"count":7,"href":"https:\/\/www.fld-lille.fr\/en\/wp-json\/wp\/v2\/pages\/15289\/revisions"}],"predecessor-version":[{"id":21001,"href":"https:\/\/www.fld-lille.fr\/en\/wp-json\/wp\/v2\/pages\/15289\/revisions\/21001"}],"wp:attachment":[{"href":"https:\/\/www.fld-lille.fr\/en\/wp-json\/wp\/v2\/media?parent=15289"}],"curies":[{"name":"wp","href":"https:\/\/api.w.org\/{rel}","templated":true}]}}